{"version":"1.0","provider_name":"Accountable","provider_url":"https:\/\/www.accountable.eu\/fr-be\/","author_name":"Isabel Senden","author_url":"https:\/\/www.accountable.eu\/fr-be\/blog\/author\/isabel\/","title":"Les r\u00e8gles en mati\u00e8re de TVA \u00e0 l\u2019international\u202f: ventes et achats au sein et en dehors de l\u2019UE - Accountable","type":"rich","width":600,"height":338,"html":"<blockquote class=\"wp-embedded-content\" data-secret=\"rJzrTW2XA8\"><a href=\"https:\/\/www.accountable.eu\/fr-be\/blog\/tva-a-linternational\/\">Les r\u00e8gles en mati\u00e8re de TVA \u00e0 l\u2019international\u202f: ventes et achats au sein et en dehors de l\u2019UE<\/a><\/blockquote><iframe sandbox=\"allow-scripts\" security=\"restricted\" src=\"https:\/\/www.accountable.eu\/fr-be\/blog\/tva-a-linternational\/embed\/#?secret=rJzrTW2XA8\" width=\"600\" height=\"338\" title=\"\u00ab\u00a0Les r\u00e8gles en mati\u00e8re de TVA \u00e0 l\u2019international\u202f: ventes et achats au sein et en dehors de l\u2019UE\u00a0\u00bb &#8212; Accountable\" data-secret=\"rJzrTW2XA8\" frameborder=\"0\" marginwidth=\"0\" marginheight=\"0\" scrolling=\"no\" class=\"wp-embedded-content\"><\/iframe><script type=\"text\/javascript\">\n\/* <![CDATA[ *\/\n\/*! This file is auto-generated *\/\n!function(d,l){\"use strict\";l.querySelector&&d.addEventListener&&\"undefined\"!=typeof URL&&(d.wp=d.wp||{},d.wp.receiveEmbedMessage||(d.wp.receiveEmbedMessage=function(e){var t=e.data;if((t||t.secret||t.message||t.value)&&!\/[^a-zA-Z0-9]\/.test(t.secret)){for(var s,r,n,a=l.querySelectorAll('iframe[data-secret=\"'+t.secret+'\"]'),o=l.querySelectorAll('blockquote[data-secret=\"'+t.secret+'\"]'),c=new RegExp(\"^https?:$\",\"i\"),i=0;i<o.length;i++)o[i].style.display=\"none\";for(i=0;i<a.length;i++)s=a[i],e.source===s.contentWindow&&(s.removeAttribute(\"style\"),\"height\"===t.message?(1e3<(r=parseInt(t.value,10))?r=1e3:~~r<200&&(r=200),s.height=r):\"link\"===t.message&&(r=new URL(s.getAttribute(\"src\")),n=new URL(t.value),c.test(n.protocol))&&n.host===r.host&&l.activeElement===s&&(d.top.location.href=t.value))}},d.addEventListener(\"message\",d.wp.receiveEmbedMessage,!1),l.addEventListener(\"DOMContentLoaded\",function(){for(var e,t,s=l.querySelectorAll(\"iframe.wp-embedded-content\"),r=0;r<s.length;r++)(t=(e=s[r]).getAttribute(\"data-secret\"))||(t=Math.random().toString(36).substring(2,12),e.src+=\"#?secret=\"+t,e.setAttribute(\"data-secret\",t)),e.contentWindow.postMessage({message:\"ready\",secret:t},\"*\")},!1)))}(window,document);\n\/\/# sourceURL=https:\/\/www.accountable.eu\/wp-includes\/js\/wp-embed.min.js\n\/* ]]> *\/\n<\/script>\n","thumbnail_url":"https:\/\/www.accountable.eu\/wp-content\/uploads\/2022\/02\/Export-me-pleeeeaaase_2.png","thumbnail_width":1029,"thumbnail_height":600,"description":"Quelles sont les r\u00e8gles en mati\u00e8re de TVA en cas de ventes ou d\u2019achats au sein ou en dehors de l\u2019UE\u2009? Tout savoir sur la r\u00e9glementation TVA pour les ventes et les achats \u00e0 l\u2019\u00e9tranger."}