{"id":29725,"date":"2026-08-18T12:18:26","date_gmt":"2026-08-18T10:18:26","guid":{"rendered":"https:\/\/www.accountable.eu\/help-center\/%f0%9f%87%a7%f0%9f%87%aa-comment-utiliser-le-journal-des-recettes-dans-accountable\/"},"modified":"2026-08-24T17:26:41","modified_gmt":"2026-08-24T15:26:41","slug":"%f0%9f%87%a7%f0%9f%87%aa-comment-utiliser-le-journal-des-recettes-dans-accountable","status":"publish","type":"help_center","link":"https:\/\/www.accountable.eu\/fr-be\/help-center\/%f0%9f%87%a7%f0%9f%87%aa-comment-utiliser-le-journal-des-recettes-dans-accountable\/","title":{"rendered":"\ud83c\udde7\ud83c\uddea Comment utiliser le journal des recettes dans Accountable?"},"content":{"rendered":"<p class=\"no-margin font-inter\">Le <b>journal des recettes<\/b> est obligatoire pour tous les ind\u00e9pendants qui n&rsquo;\u00e9mettent pas de facture officielle pour chaque prestation ou vente. Les professions typiquement concern\u00e9es sont les coiffeurs, esth\u00e9ticiennes, psychologues, proth\u00e9sistes ongulaires, boulangers, etc.<\/p>\n<p class=\"no-margin font-inter\">\n<div class=\"intercom-interblocks-callout\" style=\"background-color: #fed9db80; border-color: #fd3a5733;\">\n<p class=\"intercom-align-center no-margin font-inter\">\u2757 Le journal des recettes concerne uniquement les <b>ventes au comptoir \/ B2C<\/b> en Belgique, pour lesquelles aucune facture n&rsquo;est \u00e9mise.<\/p>\n<p class=\"intercom-align-center no-margin font-inter\">Pour tout autre type de vente, vous devez \u00e9tablir une facture de vente en bonne et due forme, notamment pour :<\/p>\n<ul>\n<li class=\"font-inter\">\n<p class=\"no-margin font-inter\"><b>les ventes B2B en Belgique<\/b>, qui doivent appara\u00eetre dans votre listing clients.<\/p>\n<\/li>\n<li class=\"font-inter\">\n<p class=\"no-margin font-inter\"><b>les ventes B2B au sein de l&rsquo;UE<\/b>, qui doivent appara\u00eetre dans votre relev\u00e9 intracommunautaire.<\/p>\n<\/li>\n<\/ul>\n<\/div>\n<p class=\"no-margin font-inter\">Vous trouverez toutes les explications sur <a href=\"https:\/\/www.accountable.eu\/en-be\/blog\/cash-book-receipt-book-belgium\/\" target=\"_blank\" class=\"intercom-content-link font-inter\">notre article de blog<\/a>.<\/p>\n<p class=\"no-margin font-inter\">\n<p class=\"no-margin font-inter\"><b><i>Remarque :<\/i><\/b><i> le journal des recettes est actuellement disponible sur le web. L&rsquo;application mobile suivra plus tard.<\/i><\/p>\n<hr>\n<h1 class=\"font-degular\" id=\"h_26ce0836e9\">\ud83c\udfaf Qui peut voir le journal des recettes ?<\/h1>\n<p class=\"no-margin font-inter\">\n<p class=\"no-margin font-inter\">Par d\u00e9faut, l&rsquo;onglet \u00ab Journal des recettes \u00bb est visible pour les utilisateurs belges exer\u00e7ant une <b>profession en vente directe ou B2C<\/b> (par exemple : coiffeurs, esth\u00e9ticiennes, coachs, g\u00e9rants de magasin ou d&rsquo;e-shop, professionnels du soin animalier, restauration, h\u00f4tellerie, m\u00e9caniciens&#8230;).<\/p>\n<p class=\"no-margin font-inter\">\n<p class=\"no-margin font-inter\">Pour toute autre profession, cet onglet reste masqu\u00e9 par d\u00e9faut &#8211; vous pouvez l&rsquo;activer manuellement via <b>Param\u00e8tres \u2192Journal des recettes \u2192 Activer le journal des recettes<\/b><\/p>\n<div class=\"intercom-interblocks-callout\" style=\"background-color: #e3e7fa80; border-color: #334bfa33;\">\n<p class=\"no-margin font-inter\">\n<div class=\"intercom-container\"><img loading=\"lazy\" decoding=\"async\" src=\"https:\/\/downloads.intercomcdn.com\/i\/o\/c9wnmh12\/2608451752\/1ba7356a79f8c1cef080db09fddd\/Capture+d%E2%80%99e%CC%81cran+2026-08-14+a%CC%80+09_37_24.png?expires=1787702400&amp;signature=1f3917fa631e5a72a9aa3c0f8ab22d2a6da0b436b2060a04453abc7c7956cad7&amp;req=diYnHs17nIZaW%2FMW3nq%2Bgbgsk40UgiIWmE5BOZcrOnW5RengBzxs1wX5xVNH%0A9JaErwjt97TW%2B7my%2FRTBZhzn4jY%3D%0A\" width=\"2164\" height=\"928\" style=\"height: auto;\"><\/div>\n<\/div>\n<p class=\"no-margin font-inter\">\n<div class=\"intercom-interblocks-callout\" style=\"background-color: #fed9db80; border-color: #fd3a5733;\">\n<p class=\"no-margin font-inter\">\ud83d\udcac <b>Bon \u00e0 savoir :<\/b> le journal des recettes d\u00e9marre le jour o\u00f9 vous l&rsquo;activez dans l&rsquo;application. Il n&rsquo;est pas possible d&rsquo;encoder r\u00e9troactivement des ventes ant\u00e9rieures \u00e0 cette date.<\/p>\n<p class=\"no-margin font-inter\">Si vous teniez d\u00e9j\u00e0 un livre papier, garde-le pr\u00e9cieusement pour la p\u00e9riode avant l&rsquo;activation : il reste votre r\u00e9f\u00e9rence l\u00e9gale pour cette p\u00e9riode.<\/p>\n<\/div>\n<p class=\"no-margin font-inter\">\n<div class=\"intercom-interblocks-callout\" style=\"background-color: #feedaf80; border-color: #fbc91633;\">\n<p class=\"intercom-align-center no-margin font-inter\">\u2139\ufe0f Si vous n&rsquo;avez pas besoin d&rsquo;un journal des recettes, vous pouvez le d\u00e9sactiver dans vos param\u00e8tres.<\/p>\n<div class=\"intercom-container intercom-align-center\"><img loading=\"lazy\" decoding=\"async\" src=\"https:\/\/downloads.intercomcdn.com\/i\/o\/c9wnmh12\/2608450786\/4346969b320f8813b4cec3265da9\/Capture+d%E2%80%99e%CC%81cran+2026-08-14+a%CC%80+09_36_52.png?expires=1787702400&amp;signature=00df4cb0e580b6863f805f47da1c6ae4ef964dd08c5d9363a5a2cadd9a46b770&amp;req=diYnHs17nYZXX%2FMW3nq%2BgbPQ10RlqrNcg85X9OKVwv1yDCsosDdMAvxjEUpA%0AiGyZroS8zm%2FJiZbxiBi4IvrED9Y%3D%0A\" width=\"2152\" height=\"940\" style=\"height: auto;\"><\/div>\n<p class=\"no-margin font-inter\">\n<\/div>\n<hr>\n<h1 class=\"font-degular\" id=\"h_1441e00520\">\ud83d\udcb3 Quels abonnements l&rsquo;incluent ?<\/h1>\n<p class=\"no-margin font-inter\">\n<p class=\"no-margin font-inter\">Le journal des recettes est inclus dans les abonnements <b>Bookkeeping<\/b>, <b>Taxes<\/b> et <b>Max<\/b> (ainsi que pendant une <b>p\u00e9riode d&rsquo;essai<\/b>), et dans les anciens abonnements <b>Grow<\/b>, <b>Pro<\/b>, <b>Grow Max<\/b> et <b>Pro Max<\/b>.<\/p>\n<p class=\"no-margin font-inter\">\n<p class=\"no-margin font-inter\">Il n&rsquo;est <b>pas inclus<\/b> dans les abonnements Free, Basic (ancien) ou Invoicing Plus.<\/p>\n<p class=\"no-margin font-inter\">\n<div class=\"intercom-interblocks-callout\" style=\"background-color: #feedaf80; border-color: #fbc91633;\">\n<p class=\"intercom-align-center no-margin font-inter\"><b>\u2139\ufe0f Que se passe-t-il si vous changez d&rsquo;abonnement vers une offre inf\u00e9rieure ?<\/b><\/p>\n<p class=\"intercom-align-center no-margin font-inter\">Si vous avez commenc\u00e9 \u00e0 utiliser le journal des recettes pendant votre p\u00e9riode d&rsquo;essai et que vous passez ensuite \u00e0 un abonnement qui ne l&rsquo;inclut pas, vous pouvez toujours consulter vos entr\u00e9es existantes. En revanche, cr\u00e9er de nouvelles entr\u00e9es, corriger des jours d\u00e9j\u00e0 valid\u00e9s, utiliser la saisie multiple ou exporter reste bloqu\u00e9 jusqu&rsquo;\u00e0 ce que vous passiez \u00e0 un abonnement sup\u00e9rieur.<\/p>\n<\/div>\n<p class=\"no-margin font-inter\">\n<p class=\"no-margin font-inter\"><b><i>\u00c0 noter :<\/i><\/b> les revenus sans facture cr\u00e9\u00e9s ou li\u00e9s via le journal des recettes sont verrouill\u00e9s une fois le jour valid\u00e9. Si vous devez modifier quelque chose plus tard, vous devez cr\u00e9er une correction dans le journal des recettes. Apr\u00e8s un passage \u00e0 un abonnement qui ne l&rsquo;inclut pas, les corrections ne sont \u00e0 nouveau disponibles qu&rsquo;apr\u00e8s avoir repris un abonnement sup\u00e9rieur.<\/p>\n<p class=\"no-margin font-inter\">\n<hr>\n<h1 class=\"font-degular\" id=\"h_d565d334d7\">\u2699\ufe0f O\u00f9 trouver le journal des recettes ?<\/h1>\n<p class=\"no-margin font-inter\">Depuis <b>Revenus<\/b>, cliquez sur l&rsquo;onglet <b>\u00ab Journal des recettes \u00bb<\/b>, situ\u00e9 \u00e0 c\u00f4t\u00e9 de Revenus \/ Devis \/ Clients.<\/p>\n<div class=\"intercom-interblocks-callout\" style=\"background-color: #e3e7fa80; border-color: #334bfa33;\">\n<p class=\"no-margin font-inter\">\n<div class=\"intercom-container\"><img loading=\"lazy\" decoding=\"async\" src=\"https:\/\/downloads.intercomcdn.com\/i\/o\/c9wnmh12\/2601428670\/37e71a2bd35528b50a6b80c5d8b2\/Capture+d%E2%80%99%C3%A9cran+2026-08-11+%C3%A0+14_56_52.png?expires=1787702400&amp;signature=976cb523c3b07f049584acc78eec778e6f8ed2a07f83e82c56b69f78b410d89c&amp;req=diYnF818lYdYWfMW3nq%2Bgd7duLY3QNWP5W6A6Y9HTwynvGtL5rOdiaN9U71s%0A0%2BPEW3sASDEn11C%2FEoXo7R3VcKU%3D%0A\" width=\"2194\" height=\"998\" style=\"height: auto;\"><\/div>\n<p class=\"no-margin font-inter\">\n<\/div>\n<hr>\n<h1 class=\"font-degular\" id=\"h_1e72b94752\">\ud83d\udcc6 L&rsquo;ordre des jours compte<\/h1>\n<ul>\n<li class=\"font-inter\">\n<p class=\"no-margin font-inter\">Vous ne pouvez d\u00e9marrer votre journal des recettes qu&rsquo;\u00e0 partir du jour o\u00f9 vous l&rsquo;activez, il n&rsquo;est pas possible de le faire d\u00e9buter \u00e0 une date ant\u00e9rieure. Cela garantit que votre journal refl\u00e8te la date r\u00e9elle \u00e0 laquelle vous avez commenc\u00e9 \u00e0 tenir vos registres, conform\u00e9ment aux obligations l\u00e9gales.<\/p>\n<\/li>\n<li class=\"font-inter\">\n<p class=\"no-margin font-inter\">Les jours doivent \u00eatre remplis dans l&rsquo;ordre, du plus ancien au plus r\u00e9cent, vous ne pouvez pas en sauter un.<\/p>\n<\/li>\n<li class=\"font-inter\">\n<p class=\"no-margin font-inter\">Vous ne pouvez jamais remplir une date future, que ce soit jour par jour ou via la saisie multiple, uniquement aujourd&rsquo;hui ou une date ant\u00e9rieure.<\/p>\n<\/li>\n<\/ul>\n<div class=\"intercom-interblocks-table-container\">\n<table role=\"presentation\" style=\"border: 1px solid #c6c9c0; border-radius: 6px; border-collapse: separate; border-spacing: 0;\">\n<tbody>\n<tr>\n<td style=\"background-color: #feedaf80; padding: 8px;\">\n<p class=\"intercom-align-center no-margin font-inter\">\ud83d\udea8 Si un jour manque, une banni\u00e8re s&rsquo;affiche : <i>\u00ab Ce jour ne suit pas les autres recettes journali\u00e8res \u00bb<\/i>, avec un lien direct vers <i>\u00ab Aller au premier jour sans recette journali\u00e8re \u00bb<\/i>.<\/p>\n<div class=\"intercom-container intercom-align-center\"><img loading=\"lazy\" decoding=\"async\" src=\"https:\/\/downloads.intercomcdn.com\/i\/o\/c9wnmh12\/2604137735\/ea25a0f6a427177e0168fd43d43d\/Capture+d%E2%80%99e%CC%81cran+2026-08-12+a%CC%80+16_01_30.png?expires=1787702400&amp;signature=829a997142c9218dadbdb4d0bdb9314d38d001c0a679e19b0aba8cd468331f14&amp;req=diYnEsh9moZcXPMW3nq%2BgfRfOeUa9JHeskiuw%2F%2FauCk728%2B%2FXIU0gghl%2FmRJ%0A9fLCpRztwm%2FxvjCwRq5jIhE3y%2B4%3D%0A\" width=\"1659\" height=\"972\" style=\"height: auto;\"><\/div>\n<p class=\"no-margin font-inter\">\n<\/td>\n<\/tr>\n<\/tbody>\n<\/table>\n<\/div>\n<hr>\n<h1 class=\"font-degular\" id=\"h_c3ed91317c\">\ud83d\udc49 Comment remplir une journ\u00e9e ?<\/h1>\n<p class=\"no-margin font-inter\">Voici le d\u00e9roul\u00e9 complet, \u00e9tape par \u00e9tape :<\/p>\n<p class=\"no-margin font-inter\">\n<ol>\n<li class=\"font-inter\">\n<p class=\"no-margin font-inter\"><b>Ouvrez le jour : <\/b>Cliquez directement sur un jour dans le calendrier.<\/p>\n<\/li>\n<li class=\"font-inter\">\n<p class=\"no-margin font-inter\"><b>Choisissez un type : <\/b>S\u00e9lectionnez une des trois options dans le menu d\u00e9roulant :<\/p>\n<p class=\"no-margin font-inter\">\n<ul>\n<li class=\"font-inter\">\n<p class=\"no-margin font-inter\"><b>Recettes journali\u00e8res (vert) :<\/b> Ajoutez une ou plusieurs lignes avec <i>Montant<\/i>, <i>TVA incluse<\/i> (interrupteur), <i>Taux de TVA<\/i> (0\/6\/12\/21 %), et <i>Description<\/i>. Utilisez <b>\u00ab Ajouter un article \u00bb<\/b> pour ajouter d&rsquo;autres lignes. <i>(Si le champ reste vide, la description devient par d\u00e9faut \u00ab Recettes journali\u00e8res diverses \u00bb)<\/i>.<\/p>\n<\/li>\n<li class=\"font-inter\">\n<p class=\"no-margin font-inter\"><b>Aucune vente (bleu) :<\/b> Le commerce \u00e9tait ouvert, mais rien n&rsquo;a \u00e9t\u00e9 vendu ce jour-l\u00e0.<\/p>\n<\/li>\n<li class=\"font-inter\">\n<p class=\"no-margin font-inter\"><b>Magasin ferm\u00e9 (rose) :<\/b> Un jour de fermeture (cong\u00e9, maladie, jour f\u00e9ri\u00e9, etc.).<\/p>\n<div class=\"intercom-interblocks-callout\" style=\"background-color: #e3e7fa80; border-color: #334bfa33;\">\n<p class=\"no-margin font-inter\">\n<div class=\"intercom-container\"><img loading=\"lazy\" decoding=\"async\" src=\"https:\/\/downloads.intercomcdn.com\/i\/o\/c9wnmh12\/2608504736\/78f696018e8788126ca8caa6e37c\/Capture-2Bd-E2-80-99e-CC-81cran-2B2026-08-11-2Ba-CC-80-2B15_00_26.png?expires=1787702400&amp;signature=8202843eb1e082b8c01d0dfff429fdfb9d41076c26400ff51af166c83188614f&amp;req=diYnHsx%2BmYZcX%2FMW3nq%2BgTZnbazM3xf0GQO8bZOetXScq%2B4nCOMwDMUoL3ic%0AAiH426AY7ibu%2FwlclTp5Jp7ER8E%3D%0A\" width=\"2154\" height=\"1176\" style=\"height: auto;\"><\/div>\n<\/div>\n<p class=\"no-margin font-inter\">\n<div class=\"intercom-interblocks-callout\" style=\"background-color: #d7efdc80; border-color: #1bb15733;\">\n<p class=\"no-margin font-inter\">\ud83d\udca1 Vous devez enregistrer au moins une entr\u00e9e chaque jour, m\u00eame pendant les cong\u00e9s, la maladie ou une fermeture &#8211; utilisez simplement \u00ab Aucune vente \u00bb ou \u00ab Magasin ferm\u00e9 \u00bb.<\/p>\n<\/div>\n<p class=\"no-margin font-inter\">\n<p class=\"no-margin font-inter\">3.<b>Cliquez sur \u00ab Enregistrer \u00bb : <\/b>Le jour se verrouille et devient un r\u00e9sum\u00e9 en lecture seule (Type \/ TVA \/ Montant TVA comprise), avec un bouton <b>\u00ab Modifier \u00bb<\/b> pour d&rsquo;\u00e9ventuelles corrections futures.<\/p>\n<\/li>\n<\/ul>\n<\/li>\n<\/ol>\n<p class=\"no-margin font-inter\">\n<div class=\"intercom-interblocks-callout\" style=\"background-color: #e3e7fa80; border-color: #334bfa33;\">\n<p class=\"no-margin font-inter\">\n<div class=\"intercom-container\"><img loading=\"lazy\" decoding=\"async\" src=\"https:\/\/downloads.intercomcdn.com\/i\/o\/c9wnmh12\/2608505731\/941995535a42db972f89ce5a6ab3\/Capture%2Bd-E2-80-99-C3-A9cran%2B2026-08-11%2B-C3-A0%2B15_08_14.png?expires=1787702400&amp;signature=de2df9765e88fd2bdc6aabc33433ee584c3d9dbcef6be4125e9284837c972ee9&amp;req=diYnHsx%2BmIZcWPMW3nq%2BgZuUXPoBbw2a%2FUx6Jwb8xLe6tT7dHtF7gqV91iXy%0ARWFikrWZ4W2CDAuIiAEg6mMtQsA%3D%0A\" width=\"748\" height=\"1138\" style=\"height: auto;\"><\/div>\n<div class=\"intercom-container\"><img loading=\"lazy\" decoding=\"async\" src=\"https:\/\/downloads.intercomcdn.com\/i\/o\/c9wnmh12\/2608506054\/63528c3ffcc78336273e278fc9ee\/Capture%2Bd-E2-80-99-C3-A9cran%2B2026-08-11%2B-C3-A0%2B15_13_33.png?expires=1787702400&amp;signature=d95dce06040af7b48f498caf8a1f03824dc82d66b355ef0f76d66ce1476eb2cf&amp;req=diYnHsx%2Bm4FaXfMW3nq%2BgRa8r9NPuBgDH7VrnIxpc0aB8uInxWGCYG8IUUEL%0ABhT4gl65sPb05ipWsz6au5NyZdc%3D%0A\" width=\"2184\" height=\"1168\" style=\"height: auto;\"><\/div>\n<\/div>\n<hr>\n<h2 class=\"font-degular\" id=\"h_ac1445cf33\"><b>Avez-vous  r\u00e9alis\u00e9 une ou plusieurs ventes de biens \u00e0 des particuliers (B2C) dont la valeur du bien d\u00e9passe 500 \u20ac (TVA comprise) sans facture ?<\/b><\/h2>\n<p class=\"no-margin font-inter\">Si oui, voici comment les enregistrer dans Accountable :<\/p>\n<ol>\n<li class=\"font-inter\">\n<p class=\"no-margin font-inter\"><b>Cr\u00e9ez d&rsquo;abord une entr\u00e9e unique dans Revenus pour chaque bien \u00e0 plus de 500 \u20ac TVAC.<\/b><br \/>\u2192 Allez dans Revenus \u2192 Ajouter un revenu sans facture, et pr\u00e9cisez la nature du bien vendu (pas seulement le montant). Cette \u00e9tape est imp\u00e9rative pour que ce revenu apparaisse bien sur une ligne distincte dans votre journal des recettes, comme l&rsquo;exige la l\u00e9gislation.<\/p>\n<div class=\"intercom-interblocks-callout\" style=\"background-color: #e3e7fa80; border-color: #334bfa33;\">\n<div class=\"intercom-container intercom-align-center\"><img loading=\"lazy\" decoding=\"async\" src=\"https:\/\/downloads.intercomcdn.com\/i\/o\/c9wnmh12\/2606892977\/35676e079d1cc129e7d49f24b12a\/Capture+d%E2%80%99e%CC%81cran+2026-08-13+a%CC%80+18_01_16.png?expires=1787702400&amp;signature=61fb60283a893c209cd429222eec8b3bbdaa2b8938fc01eec0551c68780eb0c7&amp;req=diYnEMF3n4hYXvMW3nq%2BgfTMw1L6qs9Bsb5rJ5XhPN9Ko882xHTwVRR6glJV%0AHEU84s9lyKRsbjjfKuStiNh1vlU%3D%0A\" width=\"722\" height=\"1004\" style=\"height: auto;\"><\/div>\n<p class=\"no-margin font-inter\">\n<\/div>\n<p class=\"no-margin font-inter\">\n<\/li>\n<li class=\"font-inter\">\n<p class=\"no-margin font-inter\"><b>Compl\u00e9tez ensuite votre journal des recettes pour cette journ\u00e9e.<\/b><br \/>\u2192 L&rsquo;entr\u00e9e que vous venez de cr\u00e9er appara\u00eetra comme une ligne distincte. Ajoutez une deuxi\u00e8me ligne pour le reste des ventes de la journ\u00e9e, afin que le total corresponde \u00e0 votre chiffre d&rsquo;affaires r\u00e9el.<\/p>\n<\/li>\n<\/ol>\n<p class=\"no-margin font-inter\">Les ventes de 500 \u20ac ou moins peuvent \u00eatre ajout\u00e9es directement depuis le journal des recettes, le jour concern\u00e9, tant que chaque bien vendu ne d\u00e9passe pas 500 \u20ac TVAC pris individuellement.<\/p>\n<div class=\"intercom-interblocks-callout\" style=\"background-color: #e3e7fa80; border-color: #334bfa33;\">\n<div class=\"intercom-container intercom-align-center\"><img loading=\"lazy\" decoding=\"async\" src=\"https:\/\/downloads.intercomcdn.com\/i\/o\/c9wnmh12\/2606895931\/86da0ec8493c3b5d5e987e7e973d\/Capture+d%E2%80%99e%CC%81cran+2026-08-13+a%CC%80+17_54_36.png?expires=1787702400&amp;signature=883f4a24947947ffeb6ca83be342c55b209a7e13351032ff486f2fa48029b768&amp;req=diYnEMF3mIhcWPMW3nq%2BgdjlrSZMLLJ5KdTT47M6%2BL7UJOvyE%2F1n%2BSU2l0CE%0AEAwP8nNcZKKyf9okjDvxGe%2FCCgw%3D%0A\" width=\"754\" height=\"596\" style=\"height: auto;\"><\/div>\n<p class=\"no-margin font-inter\">\n<\/div>\n<p class=\"no-margin font-inter\">\n<div class=\"intercom-interblocks-callout\" style=\"background-color: #e8e8e880; border-color: #73737633;\">\n<p class=\"intercom-align-center no-margin font-inter\">\u26a0\ufe0f Cette r\u00e8gle ne s&rsquo;applique pas si vous utilisez d\u00e9j\u00e0 une caisse enregistreuse certifi\u00e9e (GKS\/SCE), puisque celle-ci enregistre d\u00e9j\u00e0 chaque produit individuellement.<\/p>\n<\/div>\n<hr>\n<h1 class=\"font-degular\" id=\"h_146965e986\">\ud83d\udcc5 Remplir plusieurs jours \u00e0 la fois \/ Saisie multiple<\/h1>\n<p class=\"no-margin font-inter\">\n<p class=\"no-margin font-inter\">Le bouton <b>Saisie multiple<\/b> vous permet de s\u00e9lectionner plusieurs jours dans le calendrier (ou d&rsquo;utiliser <i>\u00ab Tout s\u00e9lectionner \u00bb<\/i> pour tout le mois) afin d&rsquo;appliquer <b>Aucune vente<\/b> ou <b>Magasin ferm\u00e9<\/b> \u00e0 tous ces jours en une seule fois.<\/p>\n<p class=\"no-margin font-inter\">\n<div class=\"intercom-interblocks-callout\" style=\"background-color: #e8e8e880; border-color: #73737633;\">\n<p class=\"intercom-align-center no-margin font-inter\">\u2139\ufe0f La saisie multiple ne couvre que \u00ab Aucune vente \u00bb et \u00ab Magasin ferm\u00e9\u00bb. Les montants de vente doivent toujours \u00eatre saisis jour par jour, puisqu&rsquo;ils varient.<\/p>\n<p class=\"no-margin font-inter\">\n<p class=\"intercom-align-center no-margin font-inter\">\ud83d\udd12 <b>Un jour appara\u00eet gris\u00e9 et ne peut pas \u00eatre s\u00e9lectionn\u00e9 pour la saisi multiple s&rsquo;il contient d\u00e9j\u00e0 un revenu sans facture (ticket) qui y est li\u00e9.<\/b><br \/>Vous verrez une petite ic\u00f4ne sur ce jour, et en la survolant, le message suivant s&rsquo;affiche : \u00ab Revenus sans facture existants. La saisie multiple n&rsquo;est possible que pour les jours cl\u00f4tur\u00e9s ou sans ventes.\u00bb<\/p>\n<div class=\"intercom-container intercom-align-center\"><img loading=\"lazy\" decoding=\"async\" src=\"https:\/\/downloads.intercomcdn.com\/i\/o\/c9wnmh12\/2608956963\/bf6f6c04e46b4a60b26f2ff9fe68\/Capture+d%E2%80%99e%CC%81cran+2026-08-14+a%CC%80+14_30_09.png?expires=1787702400&amp;signature=f17906d5c0ee77b1e558f5762ef1c83d9aeba84cb39fc2d1d612342d4ae6487d&amp;req=diYnHsB7m4hZWvMW3nq%2Bga7LXspJGA1lK4ZZG2nNaFFeyrMRdnQV4Q%2Bg8Y9N%0AvFr%2BIxmdvdDSZzl4SWe3ZA1HOMk%3D%0A\" width=\"2168\" height=\"1150\" style=\"height: auto;\"><\/div>\n<p class=\"no-margin font-inter\">\n<\/div>\n<p class=\"no-margin font-inter\">\n<p class=\"no-margin font-inter\"><b>1) Cliquez sur \u00ab Saisie multiple \u00bb, puis s\u00e9lectionnez les jours souhait\u00e9s<\/b>. Une barre en bas de l&rsquo;\u00e9cran indique le nombre de jours s\u00e9lectionn\u00e9s.<\/p>\n<div class=\"intercom-interblocks-callout\" style=\"background-color: #e3e7fa80; border-color: #334bfa33;\">\n<div class=\"intercom-container\"><img loading=\"lazy\" decoding=\"async\" src=\"https:\/\/downloads.intercomcdn.com\/i\/o\/c9wnmh12\/2608535775\/a3a2d34099fd1ff32436746345f8\/Capture+d%E2%80%99e%CC%81cran+2026-08-14+a%CC%80+10_35_31.png?expires=1787702400&amp;signature=9fb2b87a0bf304e0e23101912df2f940df024ba3347ccd2914bae4820cdff7cf&amp;req=diYnHsx9mIZYXPMW3nq%2BgeVlW9euwrIo1jqf%2BnW81t7rhfdIXiZXra5fmrXv%0AAxMoeYr1Zj5OUe7PMgvzccafhts%3D%0A\" width=\"2178\" height=\"1506\" style=\"height: auto;\"><\/div>\n<p class=\"no-margin font-inter\">\n<\/div>\n<p class=\"no-margin font-inter\">\n<p class=\"no-margin font-inter\"><b>2) Choisissez \u00ab Aucune vente \u00bb ou \u00ab Magasin ferm\u00e9 \u00bb<\/b><\/p>\n<div class=\"intercom-interblocks-callout\" style=\"background-color: #e3e7fa80; border-color: #334bfa33;\">\n<div class=\"intercom-container intercom-align-center\"><img loading=\"lazy\" decoding=\"async\" src=\"https:\/\/downloads.intercomcdn.com\/i\/o\/c9wnmh12\/2604021600\/b37de020f59966783b5cc46ec8e8\/Capture+d%E2%80%99e%CC%81cran+2026-08-12+a%CC%80+15_18_53.png?expires=1787702400&amp;signature=f0ca75367775d25489fb6f4b574d2b39d841cf7eb240f9140bc14349b72bc936&amp;req=diYnEsl8nIdfWfMW3nq%2BgV0b9LuFRMPXW8qRQfPiZ8T2repNKo3VraMRuPW9%0AcV4Nd4lc74W3wlUS3%2BR0rIETjsQ%3D%0A\" width=\"560\" height=\"89\" style=\"height: auto;\"><\/div>\n<p class=\"no-margin font-inter\">\n<\/div>\n<p class=\"no-margin font-inter\">\n<p class=\"no-margin font-inter\"><b>3) Cliquez sur \u00ab Enregistrer \u00bb pour confirmer.<\/b><\/p>\n<p class=\"no-margin font-inter\">\u2192 Tous les jours s\u00e9lectionn\u00e9s sont mis \u00e0 jour en une seule fois avec le statut choisi.<\/p>\n<div class=\"intercom-interblocks-callout\" style=\"background-color: #e3e7fa80; border-color: #334bfa33;\">\n<p class=\"no-margin font-inter\">\n<div class=\"intercom-container intercom-align-center\"><img loading=\"lazy\" decoding=\"async\" src=\"https:\/\/downloads.intercomcdn.com\/i\/o\/c9wnmh12\/2604034801\/496ac56a2f8f762aa62693ae7cd4\/Capture+d%E2%80%99e%CC%81cran+2026-08-12+a%CC%80+15_23_55.png?expires=1787702400&amp;signature=f6738fb4e77ed89607537db201cfe4d81bdb04d5e30c1c08527966fb66cb16a9&amp;req=diYnEsl9mYlfWPMW3nq%2BgUIF1iv0eITrFDJjRPw12QwD205IedlyXulb3%2FfG%0ATwmwnmv6gG1lbzE14OIv5UtSqlM%3D%0A\" width=\"551\" height=\"112\" style=\"height: auto;\"><\/div>\n<\/div>\n<p class=\"no-margin font-inter\">\n<hr>\n<h1 class=\"font-degular\" id=\"h_4bd26f3cfc\">\ud83d\udd04 Liaison automatique avec les revenus sans facture (tickets)<\/h1>\n<p class=\"no-margin font-inter\">Si des revenus sans facture existe d\u00e9j\u00e0 pour un jour donn\u00e9 (par exemple, des tickets de caisse), ils apparaissent sous <b>\u00ab Revenus sans facture pour aujourd&rsquo;hui\u00bb<\/b> avec un statut <b>\u00ab Li\u00e9 \u00bb<\/b>.<\/p>\n<ul>\n<li class=\"font-inter\">\n<p class=\"no-margin font-inter\">Le total journalier ne peut jamais \u00eatre inf\u00e9rieur \u00e0 la somme de ces tickets li\u00e9s.<\/p>\n<\/li>\n<li class=\"font-inter\">\n<p class=\"no-margin font-inter\">Si le total journalier saisi est sup\u00e9rieur \u00e0 la somme des tickets existants, un revenu sans facture suppl\u00e9mentaire est automatiquement cr\u00e9\u00e9 pour combler la diff\u00e9rence.<\/p>\n<\/li>\n<li class=\"font-inter\">\n<p class=\"no-margin font-inter\"><b>Corrections :<\/b> Si vous modifiez un jour valid\u00e9 plus tard, un <b>nouveau<\/b> revenu sans facture sera cr\u00e9\u00e9 pour correspondre au nouveau total, et les anciens revenus li\u00e9s seront remplac\u00e9s\/supprim\u00e9s.<\/p>\n<\/li>\n<\/ul>\n<div class=\"intercom-interblocks-callout\" style=\"background-color: #e3e7fa80; border-color: #334bfa33;\">\n<p class=\"no-margin font-inter\"><i>Exemple : <\/i><\/p>\n<p class=\"no-margin font-inter\"><i>Le 01\/08\/2026, un revenu sans facture existe d\u00e9j\u00e0 (60\u20ac) et est marqu\u00e9 comme \u00ab\u00a0Li\u00e9\u00a0\u00bb. Le total des ventes du jour (2 coupes) est aussi de 60\u20ac : \u00e7a correspond exactement, rien d&rsquo;autre ne se passe. <\/i><\/p>\n<div class=\"intercom-container intercom-align-center\"><img loading=\"lazy\" decoding=\"async\" src=\"https:\/\/downloads.intercomcdn.com\/i\/o\/c9wnmh12\/2604041520\/a9dd0d9e99510f8b321e98d91dee\/Capture+d%E2%80%99e%CC%81cran+2026-08-12+a%CC%80+15_26_30.png?expires=1787702400&amp;signature=6e25c96fbf81b3006c4638e332abd30b50cdac2437ffc5d85686125a984f1147&amp;req=diYnEsl6nIRdWfMW3nq%2BgWYh41UAayb%2Fq5K%2BOBZ0g1LoUGLO%2BjZLsbbmvAec%0AoXKlpFwdC77BZfbZYGn0H1ECmho%3D%0A\" width=\"484\" height=\"1004\" style=\"height: auto;\"><\/div>\n<p class=\"no-margin font-inter\">\n<p class=\"no-margin font-inter\">Le 09\/08\/2026, <i>vous aviez d\u00e9j\u00e0 encod\u00e9 dans \u00ab\u00a0Revenus\u00a0\u00bb, un revenu sans facture (ticket) de 60\u20ac. Au moment d&rsquo;enregistrer vos ventes journali\u00e8res, vous vous rendez compte que vous aviez en fait gagn\u00e9 70\u20ac ce jour-l\u00e0. <\/i><\/p>\n<p class=\"no-margin font-inter\">\n<p class=\"no-margin font-inter\">Vous pouvez mettre comme montant d&rsquo;entr\u00e9e journali\u00e8re 70\u20ac (NB: Le montant de la vente journali\u00e8re ne peut pas \u00eatre inf\u00e9rieur au montant d&rsquo;un ou plusieurs revenus sans factures encod\u00e9s pour ce jour-l\u00e0) .<\/p>\n<p class=\"no-margin font-inter\">\n<p class=\"no-margin font-inter\">L&rsquo;app va cr\u00e9er automatiquement un ticket suppl\u00e9mentaire de 10\u20ac pour que la somme des tickets (60 + 10) corresponde \u00e0 la somme de l&rsquo;entr\u00e9e journali\u00e8re (70). <\/p>\n<div class=\"intercom-container intercom-align-center\"><img loading=\"lazy\" decoding=\"async\" src=\"https:\/\/downloads.intercomcdn.com\/i\/o\/c9wnmh12\/2604062960\/6076ca5a34154d613f7a29bf801f\/Capture+d%E2%80%99e%CC%81cran+2026-08-12+a%CC%80+15_33_28.png?expires=1787702400&amp;signature=c9d028f80c408e38ecfe35076f01df32c8b078d1c317bd1a1d5340bf7d3dc433&amp;req=diYnEsl4n4hZWfMW3nq%2BgXVBRcFOKfpF8TbO%2B43KzE%2FzwSdMa8s4xQlYj58o%0AwSkv0dBRwQZj19b5cL6mZpntoVo%3D%0A\" width=\"497\" height=\"746\" style=\"height: auto;\"><\/div>\n<p class=\"no-margin font-inter\">\n<p class=\"no-margin font-inter\">\n<div class=\"intercom-container intercom-align-center\"><img loading=\"lazy\" decoding=\"async\" src=\"https:\/\/downloads.intercomcdn.com\/i\/o\/c9wnmh12\/2604101888\/923901da9bdb3bd6c25ecf893b6c\/Capture+d%E2%80%99e%CC%81cran+2026-08-12+a%CC%80+15_49_16.png?expires=1787702400&amp;signature=ab4596f9fe20e9c151698f71920afed4477c8bffcae8f666b57202e5adf60c19&amp;req=diYnEsh%2BnIlXUfMW3nq%2BgbhL%2FanLnY3kYoyX%2Byyjde%2F4E1ZNN9WdgfVM%2Ba7b%0ANdMauaElyK%2FSukgrbT94gXT9OGk%3D%0A\" width=\"502\" height=\"355\" style=\"height: auto;\"><\/div>\n<\/div>\n<hr>\n<h1 class=\"font-degular\" id=\"h_ebbbcf9d2f\">\u26a0\ufe0f Corriger un jour d\u00e9j\u00e0 enregistr\u00e9<\/h1>\n<p class=\"no-margin font-inter\">\n<p class=\"no-margin font-inter\">Une fois un jour enregistr\u00e9, il ne peut pas \u00eatre effac\u00e9 ni supprim\u00e9.<\/p>\n<p class=\"no-margin font-inter\">Pour effectuer une modification :<\/p>\n<ol>\n<li class=\"font-inter\">\n<p class=\"no-margin font-inter\">Cliquez sur <b>Modifier<\/b> sur le jour enregistr\u00e9.<\/p>\n<\/li>\n<li class=\"font-inter\">\n<p class=\"no-margin font-inter\">Indiquez le <b>motif de la correction<\/b> (obligatoire).<\/p>\n<\/li>\n<li class=\"font-inter\">\n<p class=\"no-margin font-inter\">Saisissez les montants corrig\u00e9s et enregistrez.<\/p>\n<\/li>\n<\/ol>\n<p class=\"no-margin font-inter\">L&rsquo;entr\u00e9e d&rsquo;origine reste visible (barr\u00e9e), et une nouvelle entr\u00e9e corrig\u00e9e est cr\u00e9\u00e9e.<\/p>\n<div class=\"intercom-interblocks-callout\" style=\"background-color: #e3e7fa80; border-color: #334bfa33;\">\n<div class=\"intercom-container\"><img loading=\"lazy\" decoding=\"async\" src=\"https:\/\/downloads.intercomcdn.com\/i\/o\/c9wnmh12\/2601450048\/d4f979a4739497ad12e8dbcf8384\/Capture+d%E2%80%99%C3%A9cran+2026-08-11+%C3%A0+15_14_01.png?expires=1787702400&amp;signature=e4403b26b661ddcdbd7b0643b3ecc34c9bf6a26214f5669eb7db95cad4e6e362&amp;req=diYnF817nYFbUfMW3nq%2BgclZByx1E32jhl131aNSqzUfh3DzHDtALZLmzwoG%0ApxOA%2FjhuvW2kD9cJYOUYqOUfxhM%3D%0A\" width=\"2172\" height=\"1156\" style=\"height: auto;\"><\/div>\n<p class=\"no-margin font-inter\">\n<div class=\"intercom-container\"><img loading=\"lazy\" decoding=\"async\" src=\"https:\/\/downloads.intercomcdn.com\/i\/o\/c9wnmh12\/2601450463\/17d63e50cc3e7d6896be56eb1581\/Capture+d%E2%80%99%C3%A9cran+2026-08-11+%C3%A0+15_20_35.png?expires=1787702400&amp;signature=2c917b1925aaea27515c66aaa434ed0b12cd87a655b55bb6405fd7ee122b5cac&amp;req=diYnF817nYVZWvMW3nq%2Bgaxi2RdzkKaMHEU7dFkmRTB%2BbGbEwkB7umM52ckg%0AJMWlUjTwpmsfgzRaG2mXXTxjVaM%3D%0A\" width=\"762\" height=\"1136\" style=\"height: auto;\"><\/div>\n<p class=\"no-margin font-inter\">\n<\/div>\n<hr>\n<h1 class=\"font-degular\" id=\"h_e69c7d806b\">\ud83d\udce4 Exporter votre journal des recettes (PDF)<\/h1>\n<p class=\"no-margin font-inter\"><i>Remarque : l&rsquo;export PDF est pr\u00e9vu et sera ajout\u00e9 plus tard.<\/i><\/p>\n<p class=\"no-margin font-inter\">\n<p class=\"no-margin font-inter\">Une fois disponible :<\/p>\n<ul>\n<li class=\"font-inter\">\n<p class=\"no-margin font-inter\">Vous pourrez cliquer sur <b>Exporter<\/b> directement depuis la vue du journal des recettes.<\/p>\n<\/li>\n<li class=\"font-inter\">\n<p class=\"no-margin font-inter\">Un calendrier interactif s&rsquo;ouvrira pour vous permettre de s\u00e9lectionner la p\u00e9riode souhait\u00e9e (par exemple, <i>Le mois dernier<\/i>, <i>Le trimestre dernier<\/i>, <i>L&rsquo;ann\u00e9e derni\u00e8re<\/i>).<\/p>\n<\/li>\n<li class=\"font-inter\">\n<p class=\"no-margin font-inter\">Le PDF g\u00e9n\u00e9r\u00e9 comprendra vos informations d&rsquo;entreprise, un d\u00e9tail journalier dans l&rsquo;ordre chronologique, la r\u00e9partition par taux de TVA, et les totaux mensuels.<\/p>\n<\/li>\n<\/ul>\n<div class=\"intercom-interblocks-callout\" style=\"background-color: #feedaf80; border-color: #fbc91633;\">\n<p class=\"intercom-align-center no-margin font-inter\">\u2139\ufe0f Si vous \u00eates exon\u00e9r\u00e9 de TVA ou sous le r\u00e9gime de la franchise (petites entreprises), l&rsquo;export ne r\u00e9partit pas les montants par taux de TVA &#8211; vous verrez les totaux journaliers et mensuels dans une seule colonne de montant.<\/p>\n<\/div>\n<p class=\"no-margin font-inter\">Le journal des recettes doit \u00eatre conserv\u00e9 pendant 7 ans, m\u00eame apr\u00e8s la r\u00e9siliation de votre compte Accountable.<\/p>\n<hr>\n<h1 class=\"font-degular\" id=\"h_f224b3e23d\">\u2753 Questions fr\u00e9quentes (FAQ)<\/h1>\n<p class=\"no-margin font-inter\"><b>Q : Puis-je sauter des jours ?<\/b><\/p>\n<p class=\"no-margin font-inter\"><b>Non.<\/b> Les jours doivent \u00eatre remplis dans l&rsquo;ordre chronologique, du plus ancien au plus r\u00e9cent. Si vous n&rsquo;avez rien vendu, s\u00e9lectionnez <b>\u00ab Aucune vente \u00bb<\/b>. Si votre commerce \u00e9tait ferm\u00e9, s\u00e9lectionnez <b>\u00ab Magasin ferm\u00e9 \u00bb<\/b>.<\/p>\n<p class=\"no-margin font-inter\">\n<p class=\"no-margin font-inter\"><b>Q : Puis-je supprimer un jour enregistr\u00e9 ?<\/b><\/p>\n<p class=\"no-margin font-inter\"><b>Non.<\/b> Une fois un jour enregistr\u00e9, il ne peut pas \u00eatre effac\u00e9. Si quelque chose est incorrect, vous devez cr\u00e9er une correction. L&rsquo;entr\u00e9e d&rsquo;origine reste visible.<\/p>\n<p class=\"no-margin font-inter\">\n<p class=\"no-margin font-inter\"><b>Q : Puis-je encore modifier des revenus sans facture ?<\/b><\/p>\n<p class=\"no-margin font-inter\"><b>Oui.<\/b> Les revenus sans facture, non li\u00e9s \u00e0 un jour valid\u00e9 du journal des recettes, peuvent toujours \u00eatre modifi\u00e9s normalement. En revanche, une fois qu&rsquo;un revenu sans facture est li\u00e9 \u00e0 un jour valid\u00e9 du journal des recettes, il est verrouill\u00e9 et toute modification doit passer par le processus de correction du journal des recettes. <\/p>\n<p class=\"no-margin font-inter\">\n<p class=\"no-margin font-inter\">\n","protected":false},"excerpt":{"rendered":"<p>Ce guide explique comment activer, remplir, verrouiller et corriger votre journal des recettes dans Accountable.<\/p>\n","protected":false},"featured_media":0,"template":"","help_label":[515,449],"class_list":["post-29725","help_center","type-help_center","status-publish","hentry"],"acf":[],"yoast_head":"<!-- This site is optimized with the Yoast SEO plugin v27.4 - https:\/\/yoast.com\/product\/yoast-seo-wordpress\/ -->\n<title>\ud83c\udde7\ud83c\uddea Comment utiliser le journal des recettes dans Accountable? - Accountable<\/title>\n<meta name=\"robots\" content=\"index, follow, max-snippet:-1, max-image-preview:large, max-video-preview:-1\" \/>\n<link rel=\"canonical\" href=\"https:\/\/www.accountable.eu\/fr-be\/help-center\/%f0%9f%87%a7%f0%9f%87%aa-comment-utiliser-le-journal-des-recettes-dans-accountable\/\" \/>\n<meta property=\"og:locale\" content=\"fr_FR\" \/>\n<meta property=\"og:type\" content=\"article\" \/>\n<meta property=\"og:title\" content=\"\ud83c\udde7\ud83c\uddea Comment utiliser le journal des recettes dans Accountable? - Accountable\" \/>\n<meta property=\"og:description\" content=\"Ce guide explique comment activer, remplir, verrouiller et corriger votre journal des recettes dans Accountable.\" \/>\n<meta property=\"og:url\" content=\"https:\/\/www.accountable.eu\/fr-be\/help-center\/%f0%9f%87%a7%f0%9f%87%aa-comment-utiliser-le-journal-des-recettes-dans-accountable\/\" \/>\n<meta property=\"og:site_name\" content=\"Accountable\" \/>\n<meta property=\"article:modified_time\" content=\"2026-08-24T15:26:41+00:00\" \/>\n<meta property=\"og:image\" content=\"https:\/\/downloads.intercomcdn.com\/i\/o\/c9wnmh12\/2608451752\/1ba7356a79f8c1cef080db09fddd\/Capture+d%E2%80%99e%CC%81cran+2026-08-14+a%CC%80+09_37_24.png?expires=1787702400&amp;signature=1f3917fa631e5a72a9aa3c0f8ab22d2a6da0b436b2060a04453abc7c7956cad7&amp;req=diYnHs17nIZaW%2FMW3nq%2Bgbgsk40UgiIWmE5BOZcrOnW5RengBzxs1wX5xVNH9JaErwjt97TW%2B7my%2FRTBZhzn4jY%3D\" \/>\n<meta name=\"twitter:card\" content=\"summary_large_image\" \/>\n<meta name=\"twitter:label1\" content=\"Dur\u00e9e de lecture est.\" \/>\n\t<meta name=\"twitter:data1\" content=\"9 minutes\" \/>\n<script type=\"application\/ld+json\" class=\"yoast-schema-graph\">{\"@context\":\"https:\\\/\\\/schema.org\",\"@graph\":[{\"@type\":\"WebPage\",\"@id\":\"https:\\\/\\\/www.accountable.eu\\\/fr-be\\\/help-center\\\/%f0%9f%87%a7%f0%9f%87%aa-comment-utiliser-le-journal-des-recettes-dans-accountable\\\/\",\"url\":\"https:\\\/\\\/www.accountable.eu\\\/fr-be\\\/help-center\\\/%f0%9f%87%a7%f0%9f%87%aa-comment-utiliser-le-journal-des-recettes-dans-accountable\\\/\",\"name\":\"\ud83c\udde7\ud83c\uddea Comment utiliser le journal des recettes dans Accountable? - Accountable\",\"isPartOf\":{\"@id\":\"https:\\\/\\\/www.accountable.eu\\\/fr-be\\\/#website\"},\"primaryImageOfPage\":{\"@id\":\"https:\\\/\\\/www.accountable.eu\\\/fr-be\\\/help-center\\\/%f0%9f%87%a7%f0%9f%87%aa-comment-utiliser-le-journal-des-recettes-dans-accountable\\\/#primaryimage\"},\"image\":{\"@id\":\"https:\\\/\\\/www.accountable.eu\\\/fr-be\\\/help-center\\\/%f0%9f%87%a7%f0%9f%87%aa-comment-utiliser-le-journal-des-recettes-dans-accountable\\\/#primaryimage\"},\"thumbnailUrl\":\"https:\\\/\\\/downloads.intercomcdn.com\\\/i\\\/o\\\/c9wnmh12\\\/2608451752\\\/1ba7356a79f8c1cef080db09fddd\\\/Capture+d%E2%80%99e%CC%81cran+2026-08-14+a%CC%80+09_37_24.png?expires=1787702400&amp;signature=1f3917fa631e5a72a9aa3c0f8ab22d2a6da0b436b2060a04453abc7c7956cad7&amp;req=diYnHs17nIZaW%2FMW3nq%2Bgbgsk40UgiIWmE5BOZcrOnW5RengBzxs1wX5xVNH%0A9JaErwjt97TW%2B7my%2FRTBZhzn4jY%3D%0A\",\"datePublished\":\"2026-08-18T10:18:26+00:00\",\"dateModified\":\"2026-08-24T15:26:41+00:00\",\"breadcrumb\":{\"@id\":\"https:\\\/\\\/www.accountable.eu\\\/fr-be\\\/help-center\\\/%f0%9f%87%a7%f0%9f%87%aa-comment-utiliser-le-journal-des-recettes-dans-accountable\\\/#breadcrumb\"},\"inLanguage\":\"fr-BE\",\"potentialAction\":[{\"@type\":\"ReadAction\",\"target\":[\"https:\\\/\\\/www.accountable.eu\\\/fr-be\\\/help-center\\\/%f0%9f%87%a7%f0%9f%87%aa-comment-utiliser-le-journal-des-recettes-dans-accountable\\\/\"]}]},{\"@type\":\"ImageObject\",\"inLanguage\":\"fr-BE\",\"@id\":\"https:\\\/\\\/www.accountable.eu\\\/fr-be\\\/help-center\\\/%f0%9f%87%a7%f0%9f%87%aa-comment-utiliser-le-journal-des-recettes-dans-accountable\\\/#primaryimage\",\"url\":\"https:\\\/\\\/downloads.intercomcdn.com\\\/i\\\/o\\\/c9wnmh12\\\/2608451752\\\/1ba7356a79f8c1cef080db09fddd\\\/Capture+d%E2%80%99e%CC%81cran+2026-08-14+a%CC%80+09_37_24.png?expires=1787702400&amp;signature=1f3917fa631e5a72a9aa3c0f8ab22d2a6da0b436b2060a04453abc7c7956cad7&amp;req=diYnHs17nIZaW%2FMW3nq%2Bgbgsk40UgiIWmE5BOZcrOnW5RengBzxs1wX5xVNH%0A9JaErwjt97TW%2B7my%2FRTBZhzn4jY%3D%0A\",\"contentUrl\":\"https:\\\/\\\/downloads.intercomcdn.com\\\/i\\\/o\\\/c9wnmh12\\\/2608451752\\\/1ba7356a79f8c1cef080db09fddd\\\/Capture+d%E2%80%99e%CC%81cran+2026-08-14+a%CC%80+09_37_24.png?expires=1787702400&amp;signature=1f3917fa631e5a72a9aa3c0f8ab22d2a6da0b436b2060a04453abc7c7956cad7&amp;req=diYnHs17nIZaW%2FMW3nq%2Bgbgsk40UgiIWmE5BOZcrOnW5RengBzxs1wX5xVNH%0A9JaErwjt97TW%2B7my%2FRTBZhzn4jY%3D%0A\"},{\"@type\":\"BreadcrumbList\",\"@id\":\"https:\\\/\\\/www.accountable.eu\\\/fr-be\\\/help-center\\\/%f0%9f%87%a7%f0%9f%87%aa-comment-utiliser-le-journal-des-recettes-dans-accountable\\\/#breadcrumb\",\"itemListElement\":[{\"@type\":\"ListItem\",\"position\":1,\"name\":\"Home\",\"item\":\"https:\\\/\\\/www.accountable.eu\\\/fr-be\\\/\"},{\"@type\":\"ListItem\",\"position\":2,\"name\":\"Help Center\",\"item\":\"https:\\\/\\\/www.accountable.eu\\\/fr-be\\\/help-center\\\/\"},{\"@type\":\"ListItem\",\"position\":3,\"name\":\"\ud83c\udde7\ud83c\uddea Comment utiliser le journal des recettes dans Accountable?\"}]},{\"@type\":\"WebSite\",\"@id\":\"https:\\\/\\\/www.accountable.eu\\\/fr-be\\\/#website\",\"url\":\"https:\\\/\\\/www.accountable.eu\\\/fr-be\\\/\",\"name\":\"Accountable\",\"description\":\"Your accountant and tax advisor on your smartphone\",\"publisher\":{\"@id\":\"https:\\\/\\\/www.accountable.eu\\\/fr-be\\\/#organization\"},\"potentialAction\":[{\"@type\":\"SearchAction\",\"target\":{\"@type\":\"EntryPoint\",\"urlTemplate\":\"https:\\\/\\\/www.accountable.eu\\\/fr-be\\\/?s={search_term_string}\"},\"query-input\":{\"@type\":\"PropertyValueSpecification\",\"valueRequired\":true,\"valueName\":\"search_term_string\"}}],\"inLanguage\":\"fr-BE\"},{\"@type\":\"Organization\",\"@id\":\"https:\\\/\\\/www.accountable.eu\\\/fr-be\\\/#organization\",\"name\":\"Accountable\",\"url\":\"https:\\\/\\\/www.accountable.eu\\\/fr-be\\\/\",\"logo\":{\"@type\":\"ImageObject\",\"inLanguage\":\"fr-BE\",\"@id\":\"https:\\\/\\\/www.accountable.eu\\\/fr-be\\\/#\\\/schema\\\/logo\\\/image\\\/\",\"url\":\"https:\\\/\\\/www.accountable.eu\\\/wp-content\\\/uploads\\\/2026\\\/04\\\/logo-512.png\",\"contentUrl\":\"https:\\\/\\\/www.accountable.eu\\\/wp-content\\\/uploads\\\/2026\\\/04\\\/logo-512.png\",\"width\":512,\"height\":512,\"caption\":\"Accountable\"},\"image\":{\"@id\":\"https:\\\/\\\/www.accountable.eu\\\/fr-be\\\/#\\\/schema\\\/logo\\\/image\\\/\"}}]}<\/script>\n<!-- \/ Yoast SEO plugin. -->","yoast_head_json":{"title":"\ud83c\udde7\ud83c\uddea Comment utiliser le journal des recettes dans Accountable? - Accountable","robots":{"index":"index","follow":"follow","max-snippet":"max-snippet:-1","max-image-preview":"max-image-preview:large","max-video-preview":"max-video-preview:-1"},"canonical":"https:\/\/www.accountable.eu\/fr-be\/help-center\/%f0%9f%87%a7%f0%9f%87%aa-comment-utiliser-le-journal-des-recettes-dans-accountable\/","og_locale":"fr_FR","og_type":"article","og_title":"\ud83c\udde7\ud83c\uddea Comment utiliser le journal des recettes dans Accountable? - Accountable","og_description":"Ce guide explique comment activer, remplir, verrouiller et corriger votre journal des recettes dans Accountable.","og_url":"https:\/\/www.accountable.eu\/fr-be\/help-center\/%f0%9f%87%a7%f0%9f%87%aa-comment-utiliser-le-journal-des-recettes-dans-accountable\/","og_site_name":"Accountable","article_modified_time":"2026-08-24T15:26:41+00:00","og_image":[{"url":"https:\/\/downloads.intercomcdn.com\/i\/o\/c9wnmh12\/2608451752\/1ba7356a79f8c1cef080db09fddd\/Capture+d%E2%80%99e%CC%81cran+2026-08-14+a%CC%80+09_37_24.png?expires=1787702400&amp;signature=1f3917fa631e5a72a9aa3c0f8ab22d2a6da0b436b2060a04453abc7c7956cad7&amp;req=diYnHs17nIZaW%2FMW3nq%2Bgbgsk40UgiIWmE5BOZcrOnW5RengBzxs1wX5xVNH%0A9JaErwjt97TW%2B7my%2FRTBZhzn4jY%3D%0A","type":"","width":"","height":""}],"twitter_card":"summary_large_image","twitter_misc":{"Dur\u00e9e de lecture est.":"9 minutes"},"schema":{"@context":"https:\/\/schema.org","@graph":[{"@type":"WebPage","@id":"https:\/\/www.accountable.eu\/fr-be\/help-center\/%f0%9f%87%a7%f0%9f%87%aa-comment-utiliser-le-journal-des-recettes-dans-accountable\/","url":"https:\/\/www.accountable.eu\/fr-be\/help-center\/%f0%9f%87%a7%f0%9f%87%aa-comment-utiliser-le-journal-des-recettes-dans-accountable\/","name":"\ud83c\udde7\ud83c\uddea Comment utiliser le journal des recettes dans Accountable? - Accountable","isPartOf":{"@id":"https:\/\/www.accountable.eu\/fr-be\/#website"},"primaryImageOfPage":{"@id":"https:\/\/www.accountable.eu\/fr-be\/help-center\/%f0%9f%87%a7%f0%9f%87%aa-comment-utiliser-le-journal-des-recettes-dans-accountable\/#primaryimage"},"image":{"@id":"https:\/\/www.accountable.eu\/fr-be\/help-center\/%f0%9f%87%a7%f0%9f%87%aa-comment-utiliser-le-journal-des-recettes-dans-accountable\/#primaryimage"},"thumbnailUrl":"https:\/\/downloads.intercomcdn.com\/i\/o\/c9wnmh12\/2608451752\/1ba7356a79f8c1cef080db09fddd\/Capture+d%E2%80%99e%CC%81cran+2026-08-14+a%CC%80+09_37_24.png?expires=1787702400&amp;signature=1f3917fa631e5a72a9aa3c0f8ab22d2a6da0b436b2060a04453abc7c7956cad7&amp;req=diYnHs17nIZaW%2FMW3nq%2Bgbgsk40UgiIWmE5BOZcrOnW5RengBzxs1wX5xVNH%0A9JaErwjt97TW%2B7my%2FRTBZhzn4jY%3D%0A","datePublished":"2026-08-18T10:18:26+00:00","dateModified":"2026-08-24T15:26:41+00:00","breadcrumb":{"@id":"https:\/\/www.accountable.eu\/fr-be\/help-center\/%f0%9f%87%a7%f0%9f%87%aa-comment-utiliser-le-journal-des-recettes-dans-accountable\/#breadcrumb"},"inLanguage":"fr-BE","potentialAction":[{"@type":"ReadAction","target":["https:\/\/www.accountable.eu\/fr-be\/help-center\/%f0%9f%87%a7%f0%9f%87%aa-comment-utiliser-le-journal-des-recettes-dans-accountable\/"]}]},{"@type":"ImageObject","inLanguage":"fr-BE","@id":"https:\/\/www.accountable.eu\/fr-be\/help-center\/%f0%9f%87%a7%f0%9f%87%aa-comment-utiliser-le-journal-des-recettes-dans-accountable\/#primaryimage","url":"https:\/\/downloads.intercomcdn.com\/i\/o\/c9wnmh12\/2608451752\/1ba7356a79f8c1cef080db09fddd\/Capture+d%E2%80%99e%CC%81cran+2026-08-14+a%CC%80+09_37_24.png?expires=1787702400&amp;signature=1f3917fa631e5a72a9aa3c0f8ab22d2a6da0b436b2060a04453abc7c7956cad7&amp;req=diYnHs17nIZaW%2FMW3nq%2Bgbgsk40UgiIWmE5BOZcrOnW5RengBzxs1wX5xVNH%0A9JaErwjt97TW%2B7my%2FRTBZhzn4jY%3D%0A","contentUrl":"https:\/\/downloads.intercomcdn.com\/i\/o\/c9wnmh12\/2608451752\/1ba7356a79f8c1cef080db09fddd\/Capture+d%E2%80%99e%CC%81cran+2026-08-14+a%CC%80+09_37_24.png?expires=1787702400&amp;signature=1f3917fa631e5a72a9aa3c0f8ab22d2a6da0b436b2060a04453abc7c7956cad7&amp;req=diYnHs17nIZaW%2FMW3nq%2Bgbgsk40UgiIWmE5BOZcrOnW5RengBzxs1wX5xVNH%0A9JaErwjt97TW%2B7my%2FRTBZhzn4jY%3D%0A"},{"@type":"BreadcrumbList","@id":"https:\/\/www.accountable.eu\/fr-be\/help-center\/%f0%9f%87%a7%f0%9f%87%aa-comment-utiliser-le-journal-des-recettes-dans-accountable\/#breadcrumb","itemListElement":[{"@type":"ListItem","position":1,"name":"Home","item":"https:\/\/www.accountable.eu\/fr-be\/"},{"@type":"ListItem","position":2,"name":"Help Center","item":"https:\/\/www.accountable.eu\/fr-be\/help-center\/"},{"@type":"ListItem","position":3,"name":"\ud83c\udde7\ud83c\uddea Comment utiliser le journal des recettes dans Accountable?"}]},{"@type":"WebSite","@id":"https:\/\/www.accountable.eu\/fr-be\/#website","url":"https:\/\/www.accountable.eu\/fr-be\/","name":"Accountable","description":"Your accountant and tax advisor on your smartphone","publisher":{"@id":"https:\/\/www.accountable.eu\/fr-be\/#organization"},"potentialAction":[{"@type":"SearchAction","target":{"@type":"EntryPoint","urlTemplate":"https:\/\/www.accountable.eu\/fr-be\/?s={search_term_string}"},"query-input":{"@type":"PropertyValueSpecification","valueRequired":true,"valueName":"search_term_string"}}],"inLanguage":"fr-BE"},{"@type":"Organization","@id":"https:\/\/www.accountable.eu\/fr-be\/#organization","name":"Accountable","url":"https:\/\/www.accountable.eu\/fr-be\/","logo":{"@type":"ImageObject","inLanguage":"fr-BE","@id":"https:\/\/www.accountable.eu\/fr-be\/#\/schema\/logo\/image\/","url":"https:\/\/www.accountable.eu\/wp-content\/uploads\/2026\/04\/logo-512.png","contentUrl":"https:\/\/www.accountable.eu\/wp-content\/uploads\/2026\/04\/logo-512.png","width":512,"height":512,"caption":"Accountable"},"image":{"@id":"https:\/\/www.accountable.eu\/fr-be\/#\/schema\/logo\/image\/"}}]}},"_links":{"self":[{"href":"https:\/\/www.accountable.eu\/fr-be\/wp-json\/wp\/v2\/help_center\/29725","targetHints":{"allow":["GET"]}}],"collection":[{"href":"https:\/\/www.accountable.eu\/fr-be\/wp-json\/wp\/v2\/help_center"}],"about":[{"href":"https:\/\/www.accountable.eu\/fr-be\/wp-json\/wp\/v2\/types\/help_center"}],"version-history":[{"count":4,"href":"https:\/\/www.accountable.eu\/fr-be\/wp-json\/wp\/v2\/help_center\/29725\/revisions"}],"predecessor-version":[{"id":32543,"href":"https:\/\/www.accountable.eu\/fr-be\/wp-json\/wp\/v2\/help_center\/29725\/revisions\/32543"}],"wp:attachment":[{"href":"https:\/\/www.accountable.eu\/fr-be\/wp-json\/wp\/v2\/media?parent=29725"}],"wp:term":[{"taxonomy":"help_label","embeddable":true,"href":"https:\/\/www.accountable.eu\/fr-be\/wp-json\/wp\/v2\/help_label?post=29725"}],"curies":[{"name":"wp","href":"https:\/\/api.w.org\/{rel}","templated":true}]}}