{"id":32365,"date":"2026-08-24T09:22:49","date_gmt":"2026-08-24T07:22:49","guid":{"rendered":"https:\/\/www.accountable.eu\/help-center\/mise-en-place-des-espaces-de-travail-et-invitation-des-collegues\/"},"modified":"2026-08-31T13:30:40","modified_gmt":"2026-08-31T11:30:40","slug":"mise-en-place-des-espaces-de-travail-et-invitation-des-collegues","status":"publish","type":"help_center","link":"https:\/\/www.accountable.eu\/fr-be\/help-center\/mise-en-place-des-espaces-de-travail-et-invitation-des-collegues\/","title":{"rendered":"Mise en place des espaces de travail et invitation des coll\u00e8gues"},"content":{"rendered":"<h2 class=\"font-degular\" id=\"h_8edccd0f86\"><b>1. Comment ajouter des espaces de travail ?<\/b><\/h2>\n<h2 class=\"font-degular\" id=\"h_add58511a0\"><b>2. Comment inviter des coll\u00e8gues \u00e0 acc\u00e9der au compte de votre client \ud83d\udc65<\/b><\/h2>\n<p class=\"no-margin font-inter\">Pour permettre \u00e0 vos coll\u00e8gues d\u2019acc\u00e9der aux comptes de vos clients, suivez ces \u00e9tapes :<br \/>\u200b<\/p>\n<p class=\"no-margin font-inter\"><b>\u00c9tape 1 :<\/b> Allez dans <b>Param\u00e8tres<\/b>.<br \/>\u200b<br \/>\u200b<\/p>\n<div class=\"intercom-container\"><img decoding=\"async\" src=\"https:\/\/downloads.intercomcdn.com\/i\/o\/c9wnmh12\/2627423372\/22e121f1c73de1deeb79a5a13b98\/Screenshot%2B2025-06-19%2Bat%2B17_13_37.png?expires=1787702400&amp;signature=686033acb68bd08e5b2cb1e3b4e83cff71b54dc969e789c9cfec61e10bfdfacf&amp;req=diYlEc18noJYW%2FMW3nq%2BgbY%2F0IHerGFiU7qdOuADio1BIR7LN2A48httB1dM%0AA2r%2BGiJXXhr9BiSHwwcxTNC8uH8%3D%0A\"><\/div>\n<p class=\"no-margin font-inter\">\u200b<br \/>\u200b<\/p>\n<div class=\"intercom-container\"><img decoding=\"async\" src=\"https:\/\/downloads.intercomcdn.com\/i\/o\/c9wnmh12\/2627423373\/50b3f76709132146a7d9e7ecd1ba\/Screenshot%2B2025-06-19%2Bat%2B17_14_48.png?expires=1787702400&amp;signature=aec7ce674dbd687120398a33e965a9346d1e0d59d6493b0dd2b54ded17630aca&amp;req=diYlEc18noJYWvMW3nq%2BgcQsZShUov0VYYxpSJgDoFpGoiG0PKbQcUNHzVns%0ANNZMPLnl7M5%2BGjcQcLiZJJU55PM%3D%0A\"><\/div>\n","protected":false},"excerpt":{"rendered":"<p>1. Comment ajouter des espaces de travail ? 2. Comment inviter des coll\u00e8gues \u00e0 acc\u00e9der au compte de votre client \ud83d\udc65 Pour permettre \u00e0 vos coll\u00e8gues d\u2019acc\u00e9der aux comptes de vos clients, suivez ces \u00e9tapes :\u200b \u00c9tape 1 : Allez dans Param\u00e8tres.\u200b\u200b \u200b\u200b<\/p>\n","protected":false},"featured_media":0,"template":"","help_label":[554,722],"class_list":["post-32365","help_center","type-help_center","status-publish","hentry"],"acf":[],"yoast_head":"<!-- This site is optimized with the Yoast SEO plugin v27.4 - https:\/\/yoast.com\/product\/yoast-seo-wordpress\/ -->\n<title>Mise en place des espaces de travail et invitation des coll\u00e8gues - Accountable<\/title>\n<meta name=\"robots\" content=\"index, follow, max-snippet:-1, max-image-preview:large, max-video-preview:-1\" \/>\n<link rel=\"canonical\" href=\"https:\/\/www.accountable.eu\/fr-be\/help-center\/mise-en-place-des-espaces-de-travail-et-invitation-des-collegues\/\" \/>\n<meta property=\"og:locale\" content=\"fr_FR\" \/>\n<meta property=\"og:type\" content=\"article\" \/>\n<meta property=\"og:title\" content=\"Mise en place des espaces de travail et invitation des coll\u00e8gues - Accountable\" \/>\n<meta property=\"og:description\" content=\"1. Comment ajouter des espaces de travail ? 2. Comment inviter des coll\u00e8gues \u00e0 acc\u00e9der au compte de votre client \ud83d\udc65 Pour permettre \u00e0 vos coll\u00e8gues d\u2019acc\u00e9der aux comptes de vos clients, suivez ces \u00e9tapes :\u200b \u00c9tape 1 : Allez dans Param\u00e8tres.\u200b\u200b \u200b\u200b\" \/>\n<meta property=\"og:url\" content=\"https:\/\/www.accountable.eu\/fr-be\/help-center\/mise-en-place-des-espaces-de-travail-et-invitation-des-collegues\/\" \/>\n<meta property=\"og:site_name\" content=\"Accountable\" \/>\n<meta property=\"article:modified_time\" content=\"2026-08-31T11:30:40+00:00\" \/>\n<meta property=\"og:image\" content=\"https:\/\/downloads.intercomcdn.com\/i\/o\/c9wnmh12\/2627423372\/22e121f1c73de1deeb79a5a13b98\/Screenshot%2B2025-06-19%2Bat%2B17_13_37.png?expires=1787702400&amp;signature=686033acb68bd08e5b2cb1e3b4e83cff71b54dc969e789c9cfec61e10bfdfacf&amp;req=diYlEc18noJYW%2FMW3nq%2BgbY%2F0IHerGFiU7qdOuADio1BIR7LN2A48httB1dMA2r%2BGiJXXhr9BiSHwwcxTNC8uH8%3D\" \/>\n<meta name=\"twitter:card\" content=\"summary_large_image\" \/>\n<meta name=\"twitter:label1\" content=\"Dur\u00e9e de lecture est.\" \/>\n\t<meta name=\"twitter:data1\" content=\"1 minute\" \/>\n<script type=\"application\/ld+json\" class=\"yoast-schema-graph\">{\"@context\":\"https:\\\/\\\/schema.org\",\"@graph\":[{\"@type\":\"WebPage\",\"@id\":\"https:\\\/\\\/www.accountable.eu\\\/fr-be\\\/help-center\\\/mise-en-place-des-espaces-de-travail-et-invitation-des-collegues\\\/\",\"url\":\"https:\\\/\\\/www.accountable.eu\\\/fr-be\\\/help-center\\\/mise-en-place-des-espaces-de-travail-et-invitation-des-collegues\\\/\",\"name\":\"Mise en place des espaces de travail et invitation des coll\u00e8gues - Accountable\",\"isPartOf\":{\"@id\":\"https:\\\/\\\/www.accountable.eu\\\/fr-be\\\/#website\"},\"primaryImageOfPage\":{\"@id\":\"https:\\\/\\\/www.accountable.eu\\\/fr-be\\\/help-center\\\/mise-en-place-des-espaces-de-travail-et-invitation-des-collegues\\\/#primaryimage\"},\"image\":{\"@id\":\"https:\\\/\\\/www.accountable.eu\\\/fr-be\\\/help-center\\\/mise-en-place-des-espaces-de-travail-et-invitation-des-collegues\\\/#primaryimage\"},\"thumbnailUrl\":\"https:\\\/\\\/downloads.intercomcdn.com\\\/i\\\/o\\\/c9wnmh12\\\/2627423372\\\/22e121f1c73de1deeb79a5a13b98\\\/Screenshot%2B2025-06-19%2Bat%2B17_13_37.png?expires=1787702400&amp;signature=686033acb68bd08e5b2cb1e3b4e83cff71b54dc969e789c9cfec61e10bfdfacf&amp;req=diYlEc18noJYW%2FMW3nq%2BgbY%2F0IHerGFiU7qdOuADio1BIR7LN2A48httB1dM%0AA2r%2BGiJXXhr9BiSHwwcxTNC8uH8%3D%0A\",\"datePublished\":\"2026-08-24T07:22:49+00:00\",\"dateModified\":\"2026-08-31T11:30:40+00:00\",\"breadcrumb\":{\"@id\":\"https:\\\/\\\/www.accountable.eu\\\/fr-be\\\/help-center\\\/mise-en-place-des-espaces-de-travail-et-invitation-des-collegues\\\/#breadcrumb\"},\"inLanguage\":\"fr-BE\",\"potentialAction\":[{\"@type\":\"ReadAction\",\"target\":[\"https:\\\/\\\/www.accountable.eu\\\/fr-be\\\/help-center\\\/mise-en-place-des-espaces-de-travail-et-invitation-des-collegues\\\/\"]}]},{\"@type\":\"ImageObject\",\"inLanguage\":\"fr-BE\",\"@id\":\"https:\\\/\\\/www.accountable.eu\\\/fr-be\\\/help-center\\\/mise-en-place-des-espaces-de-travail-et-invitation-des-collegues\\\/#primaryimage\",\"url\":\"https:\\\/\\\/downloads.intercomcdn.com\\\/i\\\/o\\\/c9wnmh12\\\/2627423372\\\/22e121f1c73de1deeb79a5a13b98\\\/Screenshot%2B2025-06-19%2Bat%2B17_13_37.png?expires=1787702400&amp;signature=686033acb68bd08e5b2cb1e3b4e83cff71b54dc969e789c9cfec61e10bfdfacf&amp;req=diYlEc18noJYW%2FMW3nq%2BgbY%2F0IHerGFiU7qdOuADio1BIR7LN2A48httB1dM%0AA2r%2BGiJXXhr9BiSHwwcxTNC8uH8%3D%0A\",\"contentUrl\":\"https:\\\/\\\/downloads.intercomcdn.com\\\/i\\\/o\\\/c9wnmh12\\\/2627423372\\\/22e121f1c73de1deeb79a5a13b98\\\/Screenshot%2B2025-06-19%2Bat%2B17_13_37.png?expires=1787702400&amp;signature=686033acb68bd08e5b2cb1e3b4e83cff71b54dc969e789c9cfec61e10bfdfacf&amp;req=diYlEc18noJYW%2FMW3nq%2BgbY%2F0IHerGFiU7qdOuADio1BIR7LN2A48httB1dM%0AA2r%2BGiJXXhr9BiSHwwcxTNC8uH8%3D%0A\"},{\"@type\":\"BreadcrumbList\",\"@id\":\"https:\\\/\\\/www.accountable.eu\\\/fr-be\\\/help-center\\\/mise-en-place-des-espaces-de-travail-et-invitation-des-collegues\\\/#breadcrumb\",\"itemListElement\":[{\"@type\":\"ListItem\",\"position\":1,\"name\":\"Home\",\"item\":\"https:\\\/\\\/www.accountable.eu\\\/fr-be\\\/\"},{\"@type\":\"ListItem\",\"position\":2,\"name\":\"Help Center\",\"item\":\"https:\\\/\\\/www.accountable.eu\\\/fr-be\\\/help-center\\\/\"},{\"@type\":\"ListItem\",\"position\":3,\"name\":\"Mise en place des espaces de travail et invitation des coll\u00e8gues\"}]},{\"@type\":\"WebSite\",\"@id\":\"https:\\\/\\\/www.accountable.eu\\\/fr-be\\\/#website\",\"url\":\"https:\\\/\\\/www.accountable.eu\\\/fr-be\\\/\",\"name\":\"Accountable\",\"description\":\"Your accountant and tax advisor on your smartphone\",\"publisher\":{\"@id\":\"https:\\\/\\\/www.accountable.eu\\\/fr-be\\\/#organization\"},\"potentialAction\":[{\"@type\":\"SearchAction\",\"target\":{\"@type\":\"EntryPoint\",\"urlTemplate\":\"https:\\\/\\\/www.accountable.eu\\\/fr-be\\\/?s={search_term_string}\"},\"query-input\":{\"@type\":\"PropertyValueSpecification\",\"valueRequired\":true,\"valueName\":\"search_term_string\"}}],\"inLanguage\":\"fr-BE\"},{\"@type\":\"Organization\",\"@id\":\"https:\\\/\\\/www.accountable.eu\\\/fr-be\\\/#organization\",\"name\":\"Accountable\",\"url\":\"https:\\\/\\\/www.accountable.eu\\\/fr-be\\\/\",\"logo\":{\"@type\":\"ImageObject\",\"inLanguage\":\"fr-BE\",\"@id\":\"https:\\\/\\\/www.accountable.eu\\\/fr-be\\\/#\\\/schema\\\/logo\\\/image\\\/\",\"url\":\"https:\\\/\\\/www.accountable.eu\\\/wp-content\\\/uploads\\\/2026\\\/04\\\/logo-512.png\",\"contentUrl\":\"https:\\\/\\\/www.accountable.eu\\\/wp-content\\\/uploads\\\/2026\\\/04\\\/logo-512.png\",\"width\":512,\"height\":512,\"caption\":\"Accountable\"},\"image\":{\"@id\":\"https:\\\/\\\/www.accountable.eu\\\/fr-be\\\/#\\\/schema\\\/logo\\\/image\\\/\"}}]}<\/script>\n<!-- \/ Yoast SEO plugin. -->","yoast_head_json":{"title":"Mise en place des espaces de travail et invitation des coll\u00e8gues - Accountable","robots":{"index":"index","follow":"follow","max-snippet":"max-snippet:-1","max-image-preview":"max-image-preview:large","max-video-preview":"max-video-preview:-1"},"canonical":"https:\/\/www.accountable.eu\/fr-be\/help-center\/mise-en-place-des-espaces-de-travail-et-invitation-des-collegues\/","og_locale":"fr_FR","og_type":"article","og_title":"Mise en place des espaces de travail et invitation des coll\u00e8gues - Accountable","og_description":"1. Comment ajouter des espaces de travail ? 2. Comment inviter des coll\u00e8gues \u00e0 acc\u00e9der au compte de votre client \ud83d\udc65 Pour permettre \u00e0 vos coll\u00e8gues d\u2019acc\u00e9der aux comptes de vos clients, suivez ces \u00e9tapes :\u200b \u00c9tape 1 : Allez dans Param\u00e8tres.\u200b\u200b \u200b\u200b","og_url":"https:\/\/www.accountable.eu\/fr-be\/help-center\/mise-en-place-des-espaces-de-travail-et-invitation-des-collegues\/","og_site_name":"Accountable","article_modified_time":"2026-08-31T11:30:40+00:00","og_image":[{"url":"https:\/\/downloads.intercomcdn.com\/i\/o\/c9wnmh12\/2627423372\/22e121f1c73de1deeb79a5a13b98\/Screenshot%2B2025-06-19%2Bat%2B17_13_37.png?expires=1787702400&amp;signature=686033acb68bd08e5b2cb1e3b4e83cff71b54dc969e789c9cfec61e10bfdfacf&amp;req=diYlEc18noJYW%2FMW3nq%2BgbY%2F0IHerGFiU7qdOuADio1BIR7LN2A48httB1dM%0AA2r%2BGiJXXhr9BiSHwwcxTNC8uH8%3D%0A","type":"","width":"","height":""}],"twitter_card":"summary_large_image","twitter_misc":{"Dur\u00e9e de lecture est.":"1 minute"},"schema":{"@context":"https:\/\/schema.org","@graph":[{"@type":"WebPage","@id":"https:\/\/www.accountable.eu\/fr-be\/help-center\/mise-en-place-des-espaces-de-travail-et-invitation-des-collegues\/","url":"https:\/\/www.accountable.eu\/fr-be\/help-center\/mise-en-place-des-espaces-de-travail-et-invitation-des-collegues\/","name":"Mise en place des espaces de travail et invitation des coll\u00e8gues - Accountable","isPartOf":{"@id":"https:\/\/www.accountable.eu\/fr-be\/#website"},"primaryImageOfPage":{"@id":"https:\/\/www.accountable.eu\/fr-be\/help-center\/mise-en-place-des-espaces-de-travail-et-invitation-des-collegues\/#primaryimage"},"image":{"@id":"https:\/\/www.accountable.eu\/fr-be\/help-center\/mise-en-place-des-espaces-de-travail-et-invitation-des-collegues\/#primaryimage"},"thumbnailUrl":"https:\/\/downloads.intercomcdn.com\/i\/o\/c9wnmh12\/2627423372\/22e121f1c73de1deeb79a5a13b98\/Screenshot%2B2025-06-19%2Bat%2B17_13_37.png?expires=1787702400&amp;signature=686033acb68bd08e5b2cb1e3b4e83cff71b54dc969e789c9cfec61e10bfdfacf&amp;req=diYlEc18noJYW%2FMW3nq%2BgbY%2F0IHerGFiU7qdOuADio1BIR7LN2A48httB1dM%0AA2r%2BGiJXXhr9BiSHwwcxTNC8uH8%3D%0A","datePublished":"2026-08-24T07:22:49+00:00","dateModified":"2026-08-31T11:30:40+00:00","breadcrumb":{"@id":"https:\/\/www.accountable.eu\/fr-be\/help-center\/mise-en-place-des-espaces-de-travail-et-invitation-des-collegues\/#breadcrumb"},"inLanguage":"fr-BE","potentialAction":[{"@type":"ReadAction","target":["https:\/\/www.accountable.eu\/fr-be\/help-center\/mise-en-place-des-espaces-de-travail-et-invitation-des-collegues\/"]}]},{"@type":"ImageObject","inLanguage":"fr-BE","@id":"https:\/\/www.accountable.eu\/fr-be\/help-center\/mise-en-place-des-espaces-de-travail-et-invitation-des-collegues\/#primaryimage","url":"https:\/\/downloads.intercomcdn.com\/i\/o\/c9wnmh12\/2627423372\/22e121f1c73de1deeb79a5a13b98\/Screenshot%2B2025-06-19%2Bat%2B17_13_37.png?expires=1787702400&amp;signature=686033acb68bd08e5b2cb1e3b4e83cff71b54dc969e789c9cfec61e10bfdfacf&amp;req=diYlEc18noJYW%2FMW3nq%2BgbY%2F0IHerGFiU7qdOuADio1BIR7LN2A48httB1dM%0AA2r%2BGiJXXhr9BiSHwwcxTNC8uH8%3D%0A","contentUrl":"https:\/\/downloads.intercomcdn.com\/i\/o\/c9wnmh12\/2627423372\/22e121f1c73de1deeb79a5a13b98\/Screenshot%2B2025-06-19%2Bat%2B17_13_37.png?expires=1787702400&amp;signature=686033acb68bd08e5b2cb1e3b4e83cff71b54dc969e789c9cfec61e10bfdfacf&amp;req=diYlEc18noJYW%2FMW3nq%2BgbY%2F0IHerGFiU7qdOuADio1BIR7LN2A48httB1dM%0AA2r%2BGiJXXhr9BiSHwwcxTNC8uH8%3D%0A"},{"@type":"BreadcrumbList","@id":"https:\/\/www.accountable.eu\/fr-be\/help-center\/mise-en-place-des-espaces-de-travail-et-invitation-des-collegues\/#breadcrumb","itemListElement":[{"@type":"ListItem","position":1,"name":"Home","item":"https:\/\/www.accountable.eu\/fr-be\/"},{"@type":"ListItem","position":2,"name":"Help Center","item":"https:\/\/www.accountable.eu\/fr-be\/help-center\/"},{"@type":"ListItem","position":3,"name":"Mise en place des espaces de travail et invitation des coll\u00e8gues"}]},{"@type":"WebSite","@id":"https:\/\/www.accountable.eu\/fr-be\/#website","url":"https:\/\/www.accountable.eu\/fr-be\/","name":"Accountable","description":"Your accountant and tax advisor on your smartphone","publisher":{"@id":"https:\/\/www.accountable.eu\/fr-be\/#organization"},"potentialAction":[{"@type":"SearchAction","target":{"@type":"EntryPoint","urlTemplate":"https:\/\/www.accountable.eu\/fr-be\/?s={search_term_string}"},"query-input":{"@type":"PropertyValueSpecification","valueRequired":true,"valueName":"search_term_string"}}],"inLanguage":"fr-BE"},{"@type":"Organization","@id":"https:\/\/www.accountable.eu\/fr-be\/#organization","name":"Accountable","url":"https:\/\/www.accountable.eu\/fr-be\/","logo":{"@type":"ImageObject","inLanguage":"fr-BE","@id":"https:\/\/www.accountable.eu\/fr-be\/#\/schema\/logo\/image\/","url":"https:\/\/www.accountable.eu\/wp-content\/uploads\/2026\/04\/logo-512.png","contentUrl":"https:\/\/www.accountable.eu\/wp-content\/uploads\/2026\/04\/logo-512.png","width":512,"height":512,"caption":"Accountable"},"image":{"@id":"https:\/\/www.accountable.eu\/fr-be\/#\/schema\/logo\/image\/"}}]}},"_links":{"self":[{"href":"https:\/\/www.accountable.eu\/fr-be\/wp-json\/wp\/v2\/help_center\/32365","targetHints":{"allow":["GET"]}}],"collection":[{"href":"https:\/\/www.accountable.eu\/fr-be\/wp-json\/wp\/v2\/help_center"}],"about":[{"href":"https:\/\/www.accountable.eu\/fr-be\/wp-json\/wp\/v2\/types\/help_center"}],"version-history":[{"count":2,"href":"https:\/\/www.accountable.eu\/fr-be\/wp-json\/wp\/v2\/help_center\/32365\/revisions"}],"predecessor-version":[{"id":33292,"href":"https:\/\/www.accountable.eu\/fr-be\/wp-json\/wp\/v2\/help_center\/32365\/revisions\/33292"}],"wp:attachment":[{"href":"https:\/\/www.accountable.eu\/fr-be\/wp-json\/wp\/v2\/media?parent=32365"}],"wp:term":[{"taxonomy":"help_label","embeddable":true,"href":"https:\/\/www.accountable.eu\/fr-be\/wp-json\/wp\/v2\/help_label?post=32365"}],"curies":[{"name":"wp","href":"https:\/\/api.w.org\/{rel}","templated":true}]}}