{"id":32445,"date":"2026-08-24T17:26:28","date_gmt":"2026-08-24T15:26:28","guid":{"rendered":"https:\/\/www.accountable.eu\/help-center\/quel-statut-dindependant-vous-correspond-en-belgique\/"},"modified":"2026-08-24T17:26:28","modified_gmt":"2026-08-24T15:26:28","slug":"quel-statut-dindependant-vous-correspond-en-belgique","status":"publish","type":"help_center","link":"https:\/\/www.accountable.eu\/fr-be\/help-center\/quel-statut-dindependant-vous-correspond-en-belgique\/","title":{"rendered":"Quel statut d&rsquo;ind\u00e9pendant vous correspond en Belgique ?"},"content":{"rendered":"<div class=\"intercom-interblocks-callout\" style=\"background-color: #feedaf80; border-color: #fbc91633;\">\n<p class=\"no-margin font-inter\">\ud83d\udca1 En bref : votre statut d&rsquo;ind\u00e9pendant se r\u00e9sume \u00e0 <b>trois choix distincts \u00e0 faire<\/b>, pas juste un seul. Vous ne savez pas quoi faire par rapport \u00e0 l&rsquo;un d&rsquo;eux ? Lisez directement l&rsquo;article correspondant pour trouver votre r\u00e9ponse. <\/p>\n<\/div>\n<hr>\n<p class=\"no-margin font-inter\">\n<h2 class=\"font-degular\" id=\"h_274665ff8b\">Avant de commencer<\/h2>\n<p class=\"no-margin font-inter\">Beaucoup de personnes doivent \u00ab\u00a0choisir son statut d&rsquo;ind\u00e9pendant\u00a0\u00bb comme une seule case \u00e0 cocher sur un formulaire d&rsquo;inscription. Or, ce n&rsquo;est pas le cas : il y a en r\u00e9alit\u00e9 trois d\u00e9cisions ind\u00e9pendantes \u00e0 prendre, et les confondre est l&rsquo;erreur la plus fr\u00e9quente que l&rsquo;on observe \u00e0 l&rsquo;inscription. Cet article est un plan, pas un manuel : identifiez la d\u00e9cision qui vous bloque, et parcourez l&rsquo;article qui la d\u00e9taille vraiment. <\/p>\n<p class=\"no-margin font-inter\">\n<hr>\n<p class=\"no-margin font-inter\">\n<h2 class=\"font-degular\" id=\"h_19886c59c6\">\ud83d\udc49 D\u00e9cision 1 : ind\u00e9pendant en personne physique ou en soci\u00e9t\u00e9 ?<\/h2>\n<p class=\"no-margin font-inter\">\n<p class=\"no-margin font-inter\">Vous inscrivez-vous en tant qu&rsquo;ind\u00e9pendant en personne physique ou en soci\u00e9t\u00e9 (personne morale) ? Car ces deux statuts diff\u00e8rent quant \u00e0 la responsabilit\u00e9, les formalit\u00e9s administratives et comptables, et les obligations fiscales. <\/p>\n<p class=\"no-margin font-inter\">\n<p class=\"no-margin font-inter\">En bref : une <b>entreprise individuelle (personne physique) <\/b>signifie que vous et votre entreprise ne faites qu&rsquo;un aux yeux de la loi, c&rsquo;est plus simple \u00e0 mettre en place, et il n&rsquo;y a pas de s\u00e9paration entre votre patrimoine personnel et professionnel. Une <b>soci\u00e9t\u00e9 (BV\/SRL)<\/b>, quant \u00e0 elle, est une entit\u00e9 juridique \u00e0 part enti\u00e8re, avec sa propre responsabilit\u00e9 et sa propre fiscalit\u00e9.<\/p>\n<p class=\"no-margin font-inter\">\n<p class=\"no-margin font-inter\">\ud83d\udcc2 Le d\u00e9tail complet : <a href=\"https:\/\/help.accountable.eu\/fr\/articles\/6995962-entreprise-individuelle-ou-societe-que-choisir-et-quelles-sont-les-differentes-implications\" target=\"_blank\" class=\"intercom-content-link font-inter\">Entreprise individuelle ou soci\u00e9t\u00e9 ? Que choisir et quelles sont les diff\u00e9rentes implications ?<\/a><\/p>\n<p class=\"no-margin font-inter\">\n<hr>\n<p class=\"no-margin font-inter\">\n<h2 class=\"font-degular\" id=\"h_f30b3b19e7\">\ud83d\udc49 D\u00e9cision 2 : activit\u00e9 principale, compl\u00e9mentaire, ou \u00e9tudiant-ind\u00e9pendant ?<\/h2>\n<p class=\"no-margin font-inter\">\n<p class=\"no-margin font-inter\">Cela d\u00e9pend du fait que votre activit\u00e9 ind\u00e9pendante soit votre unique occupation, un compl\u00e9ment \u00e0 un emploi, ou qu&rsquo;elle soit li\u00e9e \u00e0 vos \u00e9tudes. Cela change vos cotisations sociales et votre protection sociale.  <\/p>\n<p class=\"no-margin font-inter\">\n<p class=\"no-margin font-inter\">En bref : <b>\u00ab\u00a0activit\u00e9 principale\u00a0\u00bb<\/b> signifie que votre activit\u00e9 ind\u00e9pendante est votre seule ou principale occupation. <b>\u00ab\u00a0Activit\u00e9 compl\u00e9mentaire\u00a0\u00bb<\/b> signifie que vous \u00eates \u00e9galement salari\u00e9\u00b7e ou fonctionnaire sur le c\u00f4t\u00e9 au moins \u00e0 hauteur d&rsquo;un mi-temps. \u00ab\u00a0<b>\u00c9tudiant-ind\u00e9pendant\u00a0\u00bb<\/b> s&rsquo;applique si vous avez moins de 25 ans et que vous \u00eates encore aux \u00e9tudes.<\/p>\n<p class=\"no-margin font-inter\">\n<p class=\"no-margin font-inter\">\ud83d\udcc2 Activit\u00e9 principale vs compl\u00e9mentaire, comment passer de l&rsquo;un \u00e0 l&rsquo;autre : <a href=\"https:\/\/help.accountable.eu\/fr\/articles\/15480922-passer-d-une-activite-complementaire-a-une-activite-principale-ou-inversement-ce-qui-change-et-ce-qu-il-faut-faire\" target=\"_blank\" class=\"intercom-content-link font-inter\">Passer d&rsquo;une activit\u00e9 compl\u00e9mentaire \u00e0 une activit\u00e9 principale (ou inversement) : ce qui change et ce qu&rsquo;il faut faire<\/a> <\/p>\n<p class=\"no-margin font-inter\">\n<p class=\"no-margin font-inter\">\ud83d\udcc2 Vous \u00eates \u00e9tudiant ET ind\u00e9pendant ? <a href=\"https:\/\/help.accountable.eu\/fr\/articles\/2625638-est-ce-qu-accountable-fonctionne-pour-les-etudiants-independants\" target=\"_blank\" class=\"intercom-content-link font-inter\">Est-ce qu\u2019Accountable fonctionne pour les \u00e9tudiants ind\u00e9pendants ?<\/a><\/p>\n<p class=\"no-margin font-inter\">\n<hr>\n<p class=\"no-margin font-inter\">\n<h2 class=\"font-degular\" id=\"h_0509d0ef96\">\ud83d\udc49 D\u00e9cision 3 : assujetti \u00e0 la TVA ou franchis\u00e9 ?<\/h2>\n<p class=\"no-margin font-inter\">\n<p class=\"no-margin font-inter\">Le choix de votre r\u00e9gime TVA entre assujetti ou franchis\u00e9 se base sur votre chiffre d&rsquo;affaires pr\u00e9vu, pas sur votre type d&rsquo;activit\u00e9.<\/p>\n<p class=\"no-margin font-inter\">\n<p class=\"no-margin font-inter\">En bref : en <b>r\u00e9gime de franchise de TVA<\/b>, vous ne facturez ni ne r\u00e9cup\u00e9rez la TVA, il est possible d&rsquo;avoir ce statut sous un certain seuil de chiffre d&rsquo;affaires annuel. <b>Assujetti \u00e0 la TVA<\/b> signifie que vous facturez la TVA sur vos factures et pouvez la r\u00e9cup\u00e9rer sur vos d\u00e9penses.<\/p>\n<p class=\"no-margin font-inter\">\n<p class=\"no-margin font-inter\">\ud83d\udcc2 Le d\u00e9tail complet : <a href=\"https:\/\/help.accountable.eu\/fr\/articles\/9070825-suis-je-assujetti-a-la-tva-ou-en-regime-de-franchise\" target=\"_blank\" class=\"intercom-content-link font-inter\">Suis-je assujetti \u00e0 la TVA ou en r\u00e9gime de franchise ?<\/a><\/p>\n<p class=\"no-margin font-inter\">\n<hr>\n<p class=\"no-margin font-inter\">\n<h2 class=\"font-degular\" id=\"h_29ff8a96da\">\u26a0\ufe0f L&rsquo;erreur la plus fr\u00e9quente<\/h2>\n<p class=\"no-margin font-inter\">\n<p class=\"no-margin font-inter\">Ne choisissez rien \u00ab\u00a0au feeling\u00a0\u00bb juste pour finir votre inscription plus vite. Un mauvais choix peut entrainer des probl\u00e8mes de d\u00e9clarations de TVA et de cotisations sociales qu&rsquo;il faudra ensuite corriger. Vous \u00eates d\u00e9j\u00e0 dans cette situation ? Ces articles peuvent alors vous aider :<\/p>\n<ul>\n<li class=\"font-inter\">\n<p class=\"no-margin font-inter\"><a href=\"https:\/\/help.accountable.eu\/fr\/articles\/11197640-vous-avez-selectionne-le-mauvais-type-de-societe-voici-comment-faire-pour-corriger-cela\" target=\"_blank\" class=\"intercom-content-link font-inter\">Vous avez s\u00e9lectionn\u00e9 le mauvais type de soci\u00e9t\u00e9 ? Voici comment corriger \u00e7a<\/a><\/p>\n<\/li>\n<li class=\"font-inter\">\n<p class=\"no-margin font-inter\"><a href=\"https:\/\/help.accountable.eu\/fr\/articles\/11106177-je-suis-franchise-mais-j-ai-selectionne-assujetti-a-la-tva-dans-accountable-que-dois-je-faire-maintenant\" target=\"_blank\" class=\"intercom-content-link font-inter\">Je suis franchis\u00e9, mais j&rsquo;ai s\u00e9lectionn\u00e9 \u00ab\u00a0assujetti \u00e0 la TVA\u00a0\u00bb dans Accountable \u2013 que dois-je faire maintenant ?<\/a><\/p>\n<p class=\"no-margin font-inter\">\n<\/li>\n<\/ul>\n<hr>\n<p class=\"no-margin font-inter\">\n<h2 class=\"font-degular\" id=\"h_1154eefed0\">\ud83d\udda5\ufe0f Et la version web ?<\/h2>\n<p class=\"no-margin font-inter\">Tous nos plans payants vous donnent acc\u00e8s \u00e0 l&rsquo;<b>application web<\/b> (<a href=\"https:\/\/web.accountable.eu\/\" target=\"_blank\" class=\"intercom-content-link font-inter\">web.accountable.eu<\/a>), non incluse dans le plan gratuit (uniquement version mobile). Tout ce qui pr\u00e9c\u00e8de fonctionne de la m\u00eame fa\u00e7on sur le web. Consultez notre <a href=\"https:\/\/help.accountable.eu\/fr\/articles\/11798929-guide-pour-les-utilisateurs-d-accountable\" target=\"_blank\" class=\"intercom-content-link font-inter\">Guide pour les utilisateurs d&rsquo;Accountable<\/a> pour avoir une vision compl\u00e8te des deux versions. <\/p>\n<p class=\"no-margin font-inter\">\n<hr>\n<p class=\"no-margin font-inter\">\ud83c\udfa5 Envie d&rsquo;en savoir plus ? Participez \u00e0 <b>notre prochain webinaire \u00ab\u00a0D\u00e9marrer avec Accountable : la route vers la r\u00e9ussite\u00a0\u00bb<\/b> anim\u00e9 par un(e) de nos coach fiscal pour r\u00e9pondre \u00e0 vos questions en direct !<\/p>\n<p class=\"no-margin font-inter\">\n<div class=\"intercom-container intercom-align-center\"><a class=\"intercom-h2b-button font-inter\" target=\"_blank\" href=\"https:\/\/app.livestorm.co\/accountable\/demarrer-avec-accountable-la-route-vers-la-reussite?push_in_helpcenterarticle\">S&rsquo;inscrire au webinaire<\/a><\/div>\n<p class=\"no-margin font-inter\">\n<p class=\"no-margin font-inter\">Vous ne savez pas quel plan choisir ? Notre <a href=\"https:\/\/help.accountable.eu\/fr\/articles\/8953211-je-ne-sais-pas-quel-plan-choisir-quelle-est-la-difference\" target=\"_blank\" class=\"intercom-content-link font-inter\">article de comparaison des plans<\/a> d\u00e9taille les tarifs. Vous pouvez aussi explorer directement notre page <a href=\"https:\/\/www.accountable.eu\/fr-be\/prix-tout-compris\/\" target=\"_blank\" class=\"intercom-content-link font-inter\">plans et tarifs<\/a>.<\/p>\n<p class=\"no-margin font-inter\">\n<p class=\"no-margin font-inter\">Des questions ? On est l\u00e0 dans le chat ou par mail \u00e0 <a href=\"mailto:support@accountable.eu\" target=\"_blank\" class=\"intercom-content-link font-inter\">support@accountable.eu<\/a> \ud83d\ude0a<\/p>\n","protected":false},"excerpt":{"rendered":"<p>Vous ne savez pas par o\u00f9 commencer ? Vous avez 3 choix importants \u00e0 prendre, explorons-les ensemble dans cet article !<\/p>\n","protected":false},"featured_media":0,"template":"","help_label":[440],"class_list":["post-32445","help_center","type-help_center","status-publish","hentry"],"acf":[],"yoast_head":"<!-- This site is optimized with the Yoast SEO plugin v27.4 - https:\/\/yoast.com\/product\/yoast-seo-wordpress\/ -->\n<title>Quel statut d&#039;ind\u00e9pendant vous correspond en Belgique ? - Accountable<\/title>\n<meta name=\"robots\" content=\"index, follow, max-snippet:-1, max-image-preview:large, max-video-preview:-1\" \/>\n<link rel=\"canonical\" href=\"https:\/\/www.accountable.eu\/fr-be\/help-center\/quel-statut-dindependant-vous-correspond-en-belgique\/\" \/>\n<meta property=\"og:locale\" content=\"fr_FR\" \/>\n<meta property=\"og:type\" content=\"article\" \/>\n<meta property=\"og:title\" content=\"Quel statut d&#039;ind\u00e9pendant vous correspond en Belgique ? - Accountable\" \/>\n<meta property=\"og:description\" content=\"Vous ne savez pas par o\u00f9 commencer ? Vous avez 3 choix importants \u00e0 prendre, explorons-les ensemble dans cet article !\" \/>\n<meta property=\"og:url\" content=\"https:\/\/www.accountable.eu\/fr-be\/help-center\/quel-statut-dindependant-vous-correspond-en-belgique\/\" \/>\n<meta property=\"og:site_name\" content=\"Accountable\" \/>\n<meta name=\"twitter:card\" content=\"summary_large_image\" \/>\n<meta name=\"twitter:label1\" content=\"Dur\u00e9e de lecture est.\" \/>\n\t<meta name=\"twitter:data1\" content=\"3 minutes\" \/>\n<script type=\"application\/ld+json\" class=\"yoast-schema-graph\">{\"@context\":\"https:\\\/\\\/schema.org\",\"@graph\":[{\"@type\":\"WebPage\",\"@id\":\"https:\\\/\\\/www.accountable.eu\\\/fr-be\\\/help-center\\\/quel-statut-dindependant-vous-correspond-en-belgique\\\/\",\"url\":\"https:\\\/\\\/www.accountable.eu\\\/fr-be\\\/help-center\\\/quel-statut-dindependant-vous-correspond-en-belgique\\\/\",\"name\":\"Quel statut d'ind\u00e9pendant vous correspond en Belgique ? - Accountable\",\"isPartOf\":{\"@id\":\"https:\\\/\\\/www.accountable.eu\\\/fr-be\\\/#website\"},\"datePublished\":\"2026-08-24T15:26:28+00:00\",\"breadcrumb\":{\"@id\":\"https:\\\/\\\/www.accountable.eu\\\/fr-be\\\/help-center\\\/quel-statut-dindependant-vous-correspond-en-belgique\\\/#breadcrumb\"},\"inLanguage\":\"fr-BE\",\"potentialAction\":[{\"@type\":\"ReadAction\",\"target\":[\"https:\\\/\\\/www.accountable.eu\\\/fr-be\\\/help-center\\\/quel-statut-dindependant-vous-correspond-en-belgique\\\/\"]}]},{\"@type\":\"BreadcrumbList\",\"@id\":\"https:\\\/\\\/www.accountable.eu\\\/fr-be\\\/help-center\\\/quel-statut-dindependant-vous-correspond-en-belgique\\\/#breadcrumb\",\"itemListElement\":[{\"@type\":\"ListItem\",\"position\":1,\"name\":\"Home\",\"item\":\"https:\\\/\\\/www.accountable.eu\\\/fr-be\\\/\"},{\"@type\":\"ListItem\",\"position\":2,\"name\":\"Help Center\",\"item\":\"https:\\\/\\\/www.accountable.eu\\\/fr-be\\\/help-center\\\/\"},{\"@type\":\"ListItem\",\"position\":3,\"name\":\"Quel statut d&#8217;ind\u00e9pendant vous correspond en Belgique ?\"}]},{\"@type\":\"WebSite\",\"@id\":\"https:\\\/\\\/www.accountable.eu\\\/fr-be\\\/#website\",\"url\":\"https:\\\/\\\/www.accountable.eu\\\/fr-be\\\/\",\"name\":\"Accountable\",\"description\":\"Your accountant and tax advisor on your smartphone\",\"publisher\":{\"@id\":\"https:\\\/\\\/www.accountable.eu\\\/fr-be\\\/#organization\"},\"potentialAction\":[{\"@type\":\"SearchAction\",\"target\":{\"@type\":\"EntryPoint\",\"urlTemplate\":\"https:\\\/\\\/www.accountable.eu\\\/fr-be\\\/?s={search_term_string}\"},\"query-input\":{\"@type\":\"PropertyValueSpecification\",\"valueRequired\":true,\"valueName\":\"search_term_string\"}}],\"inLanguage\":\"fr-BE\"},{\"@type\":\"Organization\",\"@id\":\"https:\\\/\\\/www.accountable.eu\\\/fr-be\\\/#organization\",\"name\":\"Accountable\",\"url\":\"https:\\\/\\\/www.accountable.eu\\\/fr-be\\\/\",\"logo\":{\"@type\":\"ImageObject\",\"inLanguage\":\"fr-BE\",\"@id\":\"https:\\\/\\\/www.accountable.eu\\\/fr-be\\\/#\\\/schema\\\/logo\\\/image\\\/\",\"url\":\"https:\\\/\\\/www.accountable.eu\\\/wp-content\\\/uploads\\\/2026\\\/04\\\/logo-512.png\",\"contentUrl\":\"https:\\\/\\\/www.accountable.eu\\\/wp-content\\\/uploads\\\/2026\\\/04\\\/logo-512.png\",\"width\":512,\"height\":512,\"caption\":\"Accountable\"},\"image\":{\"@id\":\"https:\\\/\\\/www.accountable.eu\\\/fr-be\\\/#\\\/schema\\\/logo\\\/image\\\/\"}}]}<\/script>\n<!-- \/ Yoast SEO plugin. -->","yoast_head_json":{"title":"Quel statut d'ind\u00e9pendant vous correspond en Belgique ? - Accountable","robots":{"index":"index","follow":"follow","max-snippet":"max-snippet:-1","max-image-preview":"max-image-preview:large","max-video-preview":"max-video-preview:-1"},"canonical":"https:\/\/www.accountable.eu\/fr-be\/help-center\/quel-statut-dindependant-vous-correspond-en-belgique\/","og_locale":"fr_FR","og_type":"article","og_title":"Quel statut d'ind\u00e9pendant vous correspond en Belgique ? - Accountable","og_description":"Vous ne savez pas par o\u00f9 commencer ? Vous avez 3 choix importants \u00e0 prendre, explorons-les ensemble dans cet article !","og_url":"https:\/\/www.accountable.eu\/fr-be\/help-center\/quel-statut-dindependant-vous-correspond-en-belgique\/","og_site_name":"Accountable","twitter_card":"summary_large_image","twitter_misc":{"Dur\u00e9e de lecture est.":"3 minutes"},"schema":{"@context":"https:\/\/schema.org","@graph":[{"@type":"WebPage","@id":"https:\/\/www.accountable.eu\/fr-be\/help-center\/quel-statut-dindependant-vous-correspond-en-belgique\/","url":"https:\/\/www.accountable.eu\/fr-be\/help-center\/quel-statut-dindependant-vous-correspond-en-belgique\/","name":"Quel statut d'ind\u00e9pendant vous correspond en Belgique ? - Accountable","isPartOf":{"@id":"https:\/\/www.accountable.eu\/fr-be\/#website"},"datePublished":"2026-08-24T15:26:28+00:00","breadcrumb":{"@id":"https:\/\/www.accountable.eu\/fr-be\/help-center\/quel-statut-dindependant-vous-correspond-en-belgique\/#breadcrumb"},"inLanguage":"fr-BE","potentialAction":[{"@type":"ReadAction","target":["https:\/\/www.accountable.eu\/fr-be\/help-center\/quel-statut-dindependant-vous-correspond-en-belgique\/"]}]},{"@type":"BreadcrumbList","@id":"https:\/\/www.accountable.eu\/fr-be\/help-center\/quel-statut-dindependant-vous-correspond-en-belgique\/#breadcrumb","itemListElement":[{"@type":"ListItem","position":1,"name":"Home","item":"https:\/\/www.accountable.eu\/fr-be\/"},{"@type":"ListItem","position":2,"name":"Help Center","item":"https:\/\/www.accountable.eu\/fr-be\/help-center\/"},{"@type":"ListItem","position":3,"name":"Quel statut d&#8217;ind\u00e9pendant vous correspond en Belgique ?"}]},{"@type":"WebSite","@id":"https:\/\/www.accountable.eu\/fr-be\/#website","url":"https:\/\/www.accountable.eu\/fr-be\/","name":"Accountable","description":"Your accountant and tax advisor on your smartphone","publisher":{"@id":"https:\/\/www.accountable.eu\/fr-be\/#organization"},"potentialAction":[{"@type":"SearchAction","target":{"@type":"EntryPoint","urlTemplate":"https:\/\/www.accountable.eu\/fr-be\/?s={search_term_string}"},"query-input":{"@type":"PropertyValueSpecification","valueRequired":true,"valueName":"search_term_string"}}],"inLanguage":"fr-BE"},{"@type":"Organization","@id":"https:\/\/www.accountable.eu\/fr-be\/#organization","name":"Accountable","url":"https:\/\/www.accountable.eu\/fr-be\/","logo":{"@type":"ImageObject","inLanguage":"fr-BE","@id":"https:\/\/www.accountable.eu\/fr-be\/#\/schema\/logo\/image\/","url":"https:\/\/www.accountable.eu\/wp-content\/uploads\/2026\/04\/logo-512.png","contentUrl":"https:\/\/www.accountable.eu\/wp-content\/uploads\/2026\/04\/logo-512.png","width":512,"height":512,"caption":"Accountable"},"image":{"@id":"https:\/\/www.accountable.eu\/fr-be\/#\/schema\/logo\/image\/"}}]}},"_links":{"self":[{"href":"https:\/\/www.accountable.eu\/fr-be\/wp-json\/wp\/v2\/help_center\/32445","targetHints":{"allow":["GET"]}}],"collection":[{"href":"https:\/\/www.accountable.eu\/fr-be\/wp-json\/wp\/v2\/help_center"}],"about":[{"href":"https:\/\/www.accountable.eu\/fr-be\/wp-json\/wp\/v2\/types\/help_center"}],"version-history":[{"count":0,"href":"https:\/\/www.accountable.eu\/fr-be\/wp-json\/wp\/v2\/help_center\/32445\/revisions"}],"wp:attachment":[{"href":"https:\/\/www.accountable.eu\/fr-be\/wp-json\/wp\/v2\/media?parent=32445"}],"wp:term":[{"taxonomy":"help_label","embeddable":true,"href":"https:\/\/www.accountable.eu\/fr-be\/wp-json\/wp\/v2\/help_label?post=32445"}],"curies":[{"name":"wp","href":"https:\/\/api.w.org\/{rel}","templated":true}]}}