{"id":32448,"date":"2026-08-24T17:26:28","date_gmt":"2026-08-24T15:26:28","guid":{"rendered":"https:\/\/www.accountable.eu\/help-center\/5-apercu-de-la-page-taxes\/"},"modified":"2026-08-31T13:32:26","modified_gmt":"2026-08-31T11:32:26","slug":"5-apercu-de-la-page-taxes","status":"publish","type":"help_center","link":"https:\/\/www.accountable.eu\/fr-be\/help-center\/5-apercu-de-la-page-taxes\/","title":{"rendered":"5. Aper\u00e7u de la page Taxes"},"content":{"rendered":"<p class=\"no-margin font-inter\"><b>La page <i>Taxes<\/i> vous donne une vue d\u2019ensemble compl\u00e8te de toutes les obligations fiscales pour l\u2019ann\u00e9e s\u00e9lectionn\u00e9e.<\/b><br \/>\u200b<\/p>\n<h2 class=\"font-degular\" id=\"h_2acc90dd05\"><b>5.1. Navigation entre les ann\u00e9es \ud83d\udcc5<\/b><\/h2>\n<p class=\"no-margin font-inter\">\u2022 En haut de la page, vous pouvez s\u00e9lectionner l\u2019ann\u00e9e que vous souhaitez consulter.<br \/>\u2022 Une fois un trimestre cl\u00f4tur\u00e9 et soumis, il se peut qu\u2019il ne soit plus affich\u00e9 par d\u00e9faut.<\/p>\n<p class=\"no-margin font-inter\">\n<div class=\"intercom-container\"><img decoding=\"async\" src=\"https:\/\/downloads.intercomcdn.com\/i\/o\/c9wnmh12\/2627547229\/8d7186f15c3b527e609208818653\/Screenshot-2B2025-06-24-2Bat-2B14_45_38.png?expires=1787702400&amp;signature=5c5b1c57abc8439144b986f3b5d4071df872a4b2a21c95ebc271ebe4d9f61197&amp;req=diYlEcx6moNdUPMW3nq%2BgZ5k227k0F21oUNyUVpCeU3yA9cPBf90m1DHPje8%0Aw5%2BgCeSN%2FzF74QomcHJNGLanL9s%3D%0A\"><\/div>\n<p class=\"no-margin font-inter\">\n<p class=\"no-margin font-inter\">\u2022 Pour afficher tous les trimestres pr\u00e9c\u00e9dents, cliquez sur <i>\u00ab Afficher toute l\u2019ann\u00e9e 20xx \u00bb<\/i> en haut \u00e0 droite.<br \/>\u2022 Cela rendra tous les trimestres pass\u00e9s visibles \u00e0 nouveau.<\/p>\n<p class=\"no-margin font-inter\">\n<p class=\"no-margin font-inter\">\n<div class=\"intercom-container\"><img decoding=\"async\" src=\"https:\/\/downloads.intercomcdn.com\/i\/o\/c9wnmh12\/2627547224\/c1de1c117970882f9a53ca8db387\/Screenshot-2B2025-06-24-2Bat-2B14_42_15.png?expires=1787702400&amp;signature=ed9f4663c22810586b1fb407050645dfee24c75a85eaae9e0d6443ecf389bb2c&amp;req=diYlEcx6moNdXfMW3nq%2BgRkAMm29BQbYW2VCbUU19iaLuFc1DBXJysWVAlE9%0AyUlgnFjTBTO8%2FTpK9TItMTscEY8%3D%0A\"><\/div>\n<h2 class=\"font-degular\" id=\"h_a5fbdf865e\"><b>5.2. \u00c9ch\u00e9ances \ud83d\udd52<\/b><\/h2>\n<p class=\"no-margin font-inter\">Chaque obligation fiscale affiche une date d\u2019\u00e9ch\u00e9ance indiquant la date limite de soumission.<\/p>\n<p class=\"no-margin font-inter\">\n<div class=\"intercom-container\"><img decoding=\"async\" src=\"https:\/\/downloads.intercomcdn.com\/i\/o\/c9wnmh12\/2627547222\/a5ef19530326817165db63565b35\/Screenshot%2B2025-06-24%2Bat%2B14_50_05.png?expires=1787702400&amp;signature=5fc4f682860d9f3013c217406ba5b648eda2b301b1139ecb17a546624036fbc7&amp;req=diYlEcx6moNdW%2FMW3nq%2Bga3NuhI40t4AZ8gMfFrCsxrxEOxvCBXkSrGFTjwZ%0ABwnINg%2BNQ9y5PjvNuNrps%2BVhDBk%3D%0A\"><\/div>\n<p class=\"no-margin font-inter\">\n<p class=\"no-margin font-inter\">\n<h2 class=\"font-degular\" id=\"h_52e3fc3224\"><b>5.3. T\u00e9l\u00e9charger le fichier XML \ud83d\udcbb<\/b><\/h2>\n<p class=\"no-margin font-inter\">\u2022 Si vous souhaitez t\u00e9l\u00e9charger le fichier XML, suivez le guide \u00e9tape par \u00e9tape disponible dans l\u2019article <a href=\"https:\/\/help.accountable.eu\/fr\/articles\/5166654-comment-soumettre-ma-declaration-tva-avec-accountable\" target=\"_blank\" class=\"intercom-content-link font-inter\">li\u00e9<\/a>.<\/p>\n<p class=\"no-margin font-inter\">\n<div class=\"intercom-container\"><img decoding=\"async\" src=\"https:\/\/downloads.intercomcdn.com\/i\/o\/c9wnmh12\/2627547231\/74f9e417bd7ea72bd432a24ea76b\/Screenshot%2B2025-06-24%2Bat%2B16_42_06.png?expires=1787702400&amp;signature=2294b62404afea32a0f354afc8fa044a2b77a88c61d21eb0cb10ba6981952d0e&amp;req=diYlEcx6moNcWPMW3nq%2BgXJPvFgov3huwjUIf1KsTxWP8%2B2OIibdikWDtVhr%0AgSBeg7JNiQHvz5O1oBJrKiVVhIs%3D%0A\"><\/div>\n<p class=\"no-margin font-inter\">\n<h2 class=\"font-degular\" id=\"h_03a1a015bc\"><b>5.4. G\u00e9rer les cotisations sociales \ud83d\udc5b<\/b><\/h2>\n<p class=\"no-margin font-inter\">\u2022 Vous pouvez g\u00e9rer les cotisations sociales directement depuis cette page.<br \/>\u2022 Lorsque le montant trimestriel doit \u00eatre ajust\u00e9, vous pouvez le mettre \u00e0 jour ici.<\/p>\n<p class=\"no-margin font-inter\">\n<p class=\"no-margin font-inter\">\n<div class=\"intercom-container\"><img decoding=\"async\" src=\"https:\/\/downloads.intercomcdn.com\/i\/o\/c9wnmh12\/2627547233\/4939d809c2692c20d643b908807d\/Screenshot%2B2025-06-24%2Bat%2B16_45_37.png?expires=1787702400&amp;signature=65cce211e456029e3818271c81c14f4017cf65c6dcdebcb4aded581e02b75dfd&amp;req=diYlEcx6moNcWvMW3nq%2BgYuypm12FBCbUsFMyJ163C4kYltMziiJxnvr11X2%0AhHtidTxfYDvRPS3%2B2McIlt3wfnk%3D%0A\"><\/div>\n<p class=\"no-margin font-inter\">\n<div class=\"intercom-container\"><img decoding=\"async\" src=\"https:\/\/downloads.intercomcdn.com\/i\/o\/c9wnmh12\/2627547237\/f319c55ae3ebc8a49ffa49620794\/Screenshot%2B2025-06-24%2Bat%2B16_46_23.png?expires=1787702400&amp;signature=734b03d716f070a7eafe17e7109ae237153e97dac30ff4998e673347679058ae&amp;req=diYlEcx6moNcXvMW3nq%2BgYAfFQ%2BPgsb3Il7j%2FueQmybTalwgeQT68EfeOJOO%0As1aM%2B5ZVSB0DpfdGR9Lp84u9bqg%3D%0A\"><\/div>\n<p class=\"no-margin font-inter\">\n<div class=\"intercom-container\"><img decoding=\"async\" src=\"https:\/\/downloads.intercomcdn.com\/i\/o\/c9wnmh12\/2627547244\/fc6d3900c33b05d3a97277066b27\/Screenshot%2B2025-06-24%2Bat%2B16_47_41.png?expires=1787702400&amp;signature=b79ecd46fde03cc45f45acd01d50f5626bf3c4ab90af0a3e4ad7e62f0c03e850&amp;req=diYlEcx6moNbXfMW3nq%2BgRqH5QeLTxms9f4j0vVSLlOPq7%2BM5Brc3cYhgwFd%0AQArRd333BxYxQAEWftF%2F7NKT%2FSM%3D%0A\"><\/div>\n<p class=\"no-margin font-inter\">\n<h2 class=\"font-degular\" id=\"h_b026e1df38\"><b>5.5. G\u00e9rer les versements anticip\u00e9s d\u2019imp\u00f4t des personnes physiques \ud83d\udcb3<\/b><\/h2>\n<p class=\"no-margin font-inter\">\u2022Si le montant estim\u00e9 n\u2019est pas exact, vous pouvez le modifier \u00e0 tout moment en cliquant sur <i>\u00ab Modifier \u00bb<\/i>.<\/p>\n<p class=\"no-margin font-inter\">\n<p class=\"no-margin font-inter\">\n<div class=\"intercom-container\"><img decoding=\"async\" src=\"https:\/\/downloads.intercomcdn.com\/i\/o\/c9wnmh12\/2627547230\/a530176e0dbee8519c2bbfa4a64b\/Screenshot%2B2025-06-24%2Bat%2B16_52_39.png?expires=1787702400&amp;signature=5eb938f0d90d51076e6232a728254fe2fc78368674f9ca5d33cc382d14e435f2&amp;req=diYlEcx6moNcWfMW3nq%2BgWHQr3amOOJqLobdLKKDEdUmhdjLJsIrzDGayc70%0AQxKmKzjm0NQBPI0%2F1p0hvtNiXn0%3D%0A\"><\/div>\n<p class=\"no-margin font-inter\">\n<div class=\"intercom-container\"><img decoding=\"async\" src=\"https:\/\/downloads.intercomcdn.com\/i\/o\/c9wnmh12\/2627547235\/4f4316c7a4925b3d07c5e893f4cb\/Screenshot%2B2025-06-24%2Bat%2B16_58_47.png?expires=1787702400&amp;signature=92faeaba15a1e1507ec7a5be0fd5866c081fe065ab3e941b7f9ccaceb8c5e32e&amp;req=diYlEcx6moNcXPMW3nq%2BgVhzBtRV6kun0wkxJ2QA3RI1RnnTmt1wFMbxx8zt%0ACXCyOgHJOeOjOqdeuygOW8Mxxq4%3D%0A\"><\/div>\n<p class=\"no-margin font-inter\">\n<p class=\"no-margin font-inter\">\n<h2 class=\"font-degular\" id=\"h_aa1837c471\"><b>5.6. G\u00e9rer le listing clients \u2699\ufe0f<\/b><\/h2>\n<p class=\"no-margin font-inter\">\u2022 Vous pouvez retrouver le listing clients pour tous vos clients qui sont tenus d\u2019en soumettre un, dans l\u2019onglet <i>Taxes<\/i> de l\u2019ann\u00e9e concern\u00e9e.<br \/>\u200b<\/p>\n<div class=\"intercom-container\"><img decoding=\"async\" src=\"https:\/\/downloads.intercomcdn.com\/i\/o\/c9wnmh12\/2627547227\/3db317eb9ab7b4185c5fd650fc6c\/Screenshot%2B2025-06-24%2Bat%2B17_01_13.png?expires=1787702400&amp;signature=a7380c39da97afd753c760b3e05f454ec6bd3edd5696efe7850ba298e6e60a3f&amp;req=diYlEcx6moNdXvMW3nq%2BgfraMi8hqUMGyA7BiR3eK7kv3sZvlPKr%2B0rY9ZiX%0AHfiDSIW3Zut0NdFhFUT%2FVTc2nL0%3D%0A\"><\/div>\n<p class=\"no-margin font-inter\">\n<div class=\"intercom-interblocks-table-container\">\n<table role=\"presentation\" style=\"border: 1px solid #c6c9c0; border-radius: 6px; border-collapse: separate; border-spacing: 0;\">\n<tbody>\n<tr>\n<td style=\"background-color: #feedaf80; padding: 8px;\">\n<p class=\"intercom-align-center no-margin font-inter\"><b>\u26a0\ufe0f Pour les clients en franchise de TVA ou exon\u00e9r\u00e9s, le listing clients n\u2019appara\u00eetra que s\u2019ils ont des clients enregistr\u00e9s.<br \/>\u200b<br \/>S\u2019il n\u2019y en a pas, le listing ne sera pas affich\u00e9.<br \/>\u200b<\/b><\/p>\n<p class=\"intercom-align-center no-margin font-inter\"><b>Contrairement aux clients assujettis \u00e0 la TVA, m\u00eame si aucun client n\u2019est pr\u00e9sent dans le listing, le nombre \u201c0 client\u201d s\u2019affichera tout de m\u00eame.<br \/>\u200b<br \/>Cela est li\u00e9 \u00e0 l\u2019obligation de soumettre un listing client n\u00e9ant pour les assujettis TVA.<\/b><\/p>\n<\/td>\n<\/tr>\n<\/tbody>\n<\/table>\n<\/div>\n<p class=\"no-margin font-inter\">\n<h2 class=\"font-degular\" id=\"h_5372909cef\"><b>5.7. G\u00e9rer le listing intracommunautaire \u2699\ufe0f<\/b><\/h2>\n<p class=\"no-margin font-inter\">\u2022 Vous pouvez retrouver le listing intracommunautaire pour tous vos clients qui sont tenus d\u2019en soumettre un, dans l\u2019onglet <i>Taxes<\/i> du trimestre concern\u00e9.<\/p>\n<p class=\"no-margin font-inter\">\n<div class=\"intercom-container\"><img decoding=\"async\" src=\"https:\/\/downloads.intercomcdn.com\/i\/o\/c9wnmh12\/2627547225\/750a8f8bf979c0d701af1eb0fa57\/Screenshot%2B2025-06-24%2Bat%2B17_17_34.png?expires=1787702400&amp;signature=9b043353bea657d0540484d526459a3a431317fd3c9beca7dd4849f42111a57e&amp;req=diYlEcx6moNdXPMW3nq%2Bgfn0IMgPKYgjikxan4KnJSD5%2BfChB4B4cIoUe3xb%0AqaGEFy1KijRySdiKxoKZ27vJYXs%3D%0A\"><\/div>\n<p class=\"no-margin font-inter\">\n<p class=\"no-margin font-inter\">\n<h2 class=\"font-degular\" id=\"h_b59878d021\">5.8. G\u00e9rer la d\u00e9claration sp\u00e9ciale de TVA \u2699\ufe0f<\/h2>\n<p class=\"no-margin font-inter\">\u2022 Pour les clients en franchise de TVA ou exon\u00e9r\u00e9s, vous pouvez retrouver leur d\u00e9claration sp\u00e9ciale de TVA dans l\u2019onglet <i>Taxes<\/i> du trimestre concern\u00e9.<\/p>\n<p class=\"no-margin font-inter\">\n<div class=\"intercom-container\"><img decoding=\"async\" src=\"https:\/\/downloads.intercomcdn.com\/i\/o\/c9wnmh12\/2627547239\/508d627d51e2b61fe154bfe1411e\/Screenshot%2B2025-06-24%2Bat%2B17_17_44.png?expires=1787702400&amp;signature=df027dec0b00b3bccda4b9a1954f08a670f5861f9fc2a863c7d3d8ffd071f154&amp;req=diYlEcx6moNcUPMW3nq%2BgfPKQBKK3HlcJZRgb4M37Cwtrvx7%2FCp41he%2Btrf%2B%0AkYkS%2B6r7cuwICKHsgB8raGHbB8Y%3D%0A\"><\/div>\n<p class=\"no-margin font-inter\">\n<p class=\"no-margin font-inter\">\n<h2 class=\"font-degular\" id=\"h_e957e91a63\">5.9. Acc\u00e9der aux param\u00e8tres fiscaux \u2699\ufe0f<\/h2>\n<p class=\"no-margin font-inter\">\u2022 Cliquez sur l\u2019ic\u00f4ne <i>param\u00e8tres<\/i> pour ouvrir la page des param\u00e8tres fiscaux.<\/p>\n<p class=\"no-margin font-inter\">\n<div class=\"intercom-container\"><img decoding=\"async\" src=\"https:\/\/downloads.intercomcdn.com\/i\/o\/c9wnmh12\/2627547238\/9ffe948dffe83d1f62a4c114aff3\/Screenshot%2B2025-06-24%2Bat%2B17_18_42.png?expires=1787702400&amp;signature=8fd114b640b189ab72fc03d7e550d42d02f43a92edfa49f95561ab07b3222dc7&amp;req=diYlEcx6moNcUfMW3nq%2BgU0we6MUS28vDIjzcD2RGjrXualXNwtVpxDG0jwZ%0AGxDoroGlk4krCo4cwbhgkDHRaXY%3D%0A\"><\/div>\n<p class=\"no-margin font-inter\">\n<p class=\"no-margin font-inter\">\u00c0 partir de l\u00e0, vous pouvez ajuster :<\/p>\n<p class=\"no-margin font-inter\">\u2022 L\u2019estimation du b\u00e9n\u00e9fice<br \/>\u2022 Le montant que vous souhaitez voir appara\u00eetre sur la liste fiscale<br \/>\u2022 L\u2019ann\u00e9e \u00e0 partir de laquelle commencer le calcul des taxes<br \/>\u2022 Votre r\u00e9gime TVA<br \/>\u2022 Les param\u00e8tres de versements anticip\u00e9s d\u2019imp\u00f4t<\/p>\n<p class=\"no-margin font-inter\">\n<p class=\"no-margin font-inter\">\n<div class=\"intercom-container\"><img decoding=\"async\" src=\"https:\/\/downloads.intercomcdn.com\/i\/o\/c9wnmh12\/2627547243\/0c7d883aa7ca019f2b4e71e693a7\/Screenshot%2B2025-06-24%2Bat%2B17_20_31.png?expires=1787702400&amp;signature=66099b54fda02a4dd2f04c2d9b567de06cd5c1ba3cdb85aa44137d0f6b534511&amp;req=diYlEcx6moNbWvMW3nq%2BgTls8O0sYv97StFfMUYkon1RzlxUU1Z6dKZOoXZg%0Ao57izhsLyO94DttkVuhrVakOtk4%3D%0A\"><\/div>\n<p class=\"no-margin font-inter\">\n<h2 class=\"font-degular\" id=\"h_bd3f05e3f9\">5.10. Impact de l\u2019estimation du b\u00e9n\u00e9fice \ud83d\udcca<\/h2>\n<p class=\"no-margin font-inter\">\u2022 Le choix de l\u2019estimation du b\u00e9n\u00e9fice pour votre client est important, car il existe diff\u00e9rentes m\u00e9thodes pour l\u2019estimer.<br \/>\u200b<br \/>\u2022 Chaque option aura un impact diff\u00e9rent sur les cotisations sociales et les versements anticip\u00e9s d\u2019imp\u00f4ts dans Accountable \u2014 \u00e0 la hausse ou \u00e0 la baisse selon l\u2019option s\u00e9lectionn\u00e9e.<br \/>\u200b<\/p>\n<div class=\"intercom-container\"><img decoding=\"async\" src=\"https:\/\/downloads.intercomcdn.com\/i\/o\/c9wnmh12\/2627547242\/eb59f270a7994c3e133105413dac\/Screenshot%2B2025-06-24%2Bat%2B17_30_53.png?expires=1787702400&amp;signature=67e0b98c3f47471f4a92a759b26ab9a64bec890a2490bd88199c3943fd832eba&amp;req=diYlEcx6moNbW%2FMW3nq%2BgdP4WkPBAloWkIOgceX11gEu67JyVe7YP0DNT2gW%0AMd9MnO5C%2BpwALlD5Q7zL8aeTkk0%3D%0A\"><\/div>\n<p class=\"no-margin font-inter\">\n<p class=\"no-margin font-inter\">Cela a \u00e9galement un impact sur la banni\u00e8re fiscale visible sur la page <i>Taxes<\/i>, qui affiche :<\/p>\n<p class=\"no-margin font-inter\">\u2022 Le b\u00e9n\u00e9fice imposable pour l\u2019ann\u00e9e en cours<\/p>\n<p class=\"no-margin font-inter\">\u2022 Le montant total de l\u2019imp\u00f4t des personnes physiques estim\u00e9 sur l\u2019ann\u00e9e compl\u00e8te, en fonction du b\u00e9n\u00e9fice que vous avez encod\u00e9.<\/p>\n<p class=\"no-margin font-inter\">\n<div class=\"intercom-container\"><img decoding=\"async\" src=\"https:\/\/downloads.intercomcdn.com\/i\/o\/c9wnmh12\/2627547228\/921dbbb30322e7a683b95f2daeae\/Screenshot%2B2025-06-24%2Bat%2B17_33_31.png?expires=1787702400&amp;signature=b64c63f56320056cd76ea5d00f8c7d0b36e60505c414d0263f3687c75f4714d2&amp;req=diYlEcx6moNdUfMW3nq%2BgT0nUB10M34eiQfXeL6nFHcApwUA06Rct%2FtkoZ53%0AZ1FPE27vQWsjJxbEJRbZrFpKqOg%3D%0A\"><\/div>\n<p class=\"no-margin font-inter\">\n<p class=\"no-margin font-inter\">Il en va de m\u00eame pour la banni\u00e8re pr\u00e9sente sur l\u2019\u00e9cran bancaire, qui influence \u00e9galement la disponibilit\u00e9 de tr\u00e9sorerie.<\/p>\n<p class=\"no-margin font-inter\">\n<div class=\"intercom-container\"><img decoding=\"async\" src=\"https:\/\/downloads.intercomcdn.com\/i\/o\/c9wnmh12\/2627547234\/d78430f43761b33e2a37275c6e12\/Screenshot%2B2025-06-24%2Bat%2B17_37_37.png?expires=1787702400&amp;signature=5e3688138717be7286eceec764d7730bce58eef82aa7178450a09a19efd56790&amp;req=diYlEcx6moNcXfMW3nq%2BgXSOwpM2c4Ze82vG8EdI9djK19Gn3XQc31EZs9IT%0Akk0OD0qSP%2BqYod4LSF9BA%2Bna34E%3D%0A\"><\/div>\n<p class=\"no-margin font-inter\">\n<p class=\"no-margin font-inter\">\n<h2 class=\"font-degular\" id=\"h_9766db1f9b\">5.11. Aper\u00e7u du compte de r\u00e9sultat \ud83d\udcca<\/h2>\n<p class=\"no-margin font-inter\">\u2022 Cliquez sur l\u2019ic\u00f4ne <i>graphique<\/i> pour consulter un r\u00e9sum\u00e9 du b\u00e9n\u00e9fice et des pertes annuels de votre client.<\/p>\n<p class=\"no-margin font-inter\">\n<p class=\"no-margin font-inter\">\n<div class=\"intercom-container\"><img decoding=\"async\" src=\"https:\/\/downloads.intercomcdn.com\/i\/o\/c9wnmh12\/2627547240\/1671f2b89fd7977d13c2b29ef723\/Screenshot%2B2025-06-24%2Bat%2B17_40_15.png?expires=1787702400&amp;signature=4524e80394c413468d744ce865a4334eb88c9795518966a079a6292022b6b4f0&amp;req=diYlEcx6moNbWfMW3nq%2BgU5DF96n7YEiYF7gOLweQbMczi29XtRROjq64vZR%0AH%2BMs%2FdLyA7cfLFASEuE%2BcTi3fMQ%3D%0A\"><\/div>\n<p class=\"no-margin font-inter\">\n<div class=\"intercom-container\"><img decoding=\"async\" src=\"https:\/\/downloads.intercomcdn.com\/i\/o\/c9wnmh12\/2627547241\/1a272b07f592f32b28ab1b90fc39\/Screenshot%2B2025-06-24%2Bat%2B17_48_39.png?expires=1787702400&amp;signature=a30d44fb95d6f29fbcd6a6ae562f2972a36aaa0294160ed54a76cb1f2eaebb85&amp;req=diYlEcx6moNbWPMW3nq%2Bgfj5vkH1e9wsdvEzVV4zvQN4mPoje0IvJzf39gdL%0AQYYZf11N79pv64LRiXrarSwtSfs%3D%0A\"><\/div>\n<p class=\"no-margin font-inter\">\n<p class=\"no-margin font-inter\">\n<h2 class=\"font-degular\" id=\"h_4c97a3dd9c\">5.12. \u00c9critures manuelles \u270d\ufe0f<\/h2>\n<p class=\"no-margin font-inter\">\n<p class=\"no-margin font-inter\">\u2022 Vous pouvez corriger ou ajouter manuellement des \u00e9critures, qu\u2019il s\u2019agisse de revenus ou de d\u00e9penses.<\/p>\n<p class=\"no-margin font-inter\">\n<div class=\"intercom-container\"><img decoding=\"async\" src=\"https:\/\/downloads.intercomcdn.com\/i\/o\/c9wnmh12\/2627547232\/4ebbeff389c8ad7e7f658c5a7a7e\/Screenshot%2B2025-06-24%2Bat%2B17_53_28.png?expires=1787702400&amp;signature=c3c8917a9158342f7646bfd5d2d2e334e56412f3171e4995bcfca97a0c8cee91&amp;req=diYlEcx6moNcW%2FMW3nq%2BgQ6bS2qgD06HjlWYppHN9HFCSWH6ZnPvlpY6FzbD%0AG9L4re8FuLjY9T5nVCf3hrkvZmQ%3D%0A\"><\/div>\n<p class=\"no-margin font-inter\">\n<div class=\"intercom-container\"><img decoding=\"async\" src=\"https:\/\/downloads.intercomcdn.com\/i\/o\/c9wnmh12\/2627547226\/4694edd5dff23acda2b99a686c57\/Screenshot%2B2025-06-24%2Bat%2B17_55_05.png?expires=1787702400&amp;signature=39d9522b9c21de88a026b6fc99f95fdb0b9d5f2f67d40a85f573489b89ced9d9&amp;req=diYlEcx6moNdX%2FMW3nq%2BgZuoMr6%2BgXL2Q1YoO4c8kUXB2myh3RAJHsUoscs9%0AQ%2FECOfs1%2BElyW0Ihq4YrqRkK1Vo%3D%0A\"><\/div>\n<p class=\"no-margin font-inter\">\n<div class=\"intercom-container\"><img decoding=\"async\" src=\"https:\/\/downloads.intercomcdn.com\/i\/o\/c9wnmh12\/2627547236\/b8bdf23111277c48506dbf3a7a2c\/Screenshot%2B2025-06-24%2Bat%2B17_55_42.png?expires=1787702400&amp;signature=ed83590125445b377985fedb556bfa393da8bd88b6ba3a4abccc3a1eca845ad3&amp;req=diYlEcx6moNcX%2FMW3nq%2BgQqa2eFWNGqRpGcx%2FwnUT1n%2FJc4jbRocxHAtUpHs%0Ak6baKBX0fzxvy0qS7RuFwL92RFY%3D%0A\"><\/div>\n","protected":false},"excerpt":{"rendered":"<p>La page Taxes vous donne une vue d\u2019ensemble compl\u00e8te de toutes les obligations fiscales pour l\u2019ann\u00e9e s\u00e9lectionn\u00e9e.\u200b 5.1. Navigation entre les ann\u00e9es \ud83d\udcc5 \u2022 En haut de la page, vous pouvez s\u00e9lectionner l\u2019ann\u00e9e que vous souhaitez consulter.\u2022 Une fois un trimestre cl\u00f4tur\u00e9 et soumis, il se peut qu\u2019il ne soit plus affich\u00e9 par d\u00e9faut. \u2022 [&hellip;]<\/p>\n","protected":false},"featured_media":0,"template":"","help_label":[554,726],"class_list":["post-32448","help_center","type-help_center","status-publish","hentry"],"acf":[],"yoast_head":"<!-- This site is optimized with the Yoast SEO plugin v27.4 - https:\/\/yoast.com\/product\/yoast-seo-wordpress\/ -->\n<title>5. Aper\u00e7u de la page Taxes - Accountable<\/title>\n<meta name=\"robots\" content=\"index, follow, max-snippet:-1, max-image-preview:large, max-video-preview:-1\" \/>\n<link rel=\"canonical\" href=\"https:\/\/www.accountable.eu\/fr-be\/help-center\/5-apercu-de-la-page-taxes\/\" \/>\n<meta property=\"og:locale\" content=\"fr_FR\" \/>\n<meta property=\"og:type\" content=\"article\" \/>\n<meta property=\"og:title\" content=\"5. Aper\u00e7u de la page Taxes - Accountable\" \/>\n<meta property=\"og:description\" content=\"La page Taxes vous donne une vue d\u2019ensemble compl\u00e8te de toutes les obligations fiscales pour l\u2019ann\u00e9e s\u00e9lectionn\u00e9e.\u200b 5.1. Navigation entre les ann\u00e9es \ud83d\udcc5 \u2022 En haut de la page, vous pouvez s\u00e9lectionner l\u2019ann\u00e9e que vous souhaitez consulter.\u2022 Une fois un trimestre cl\u00f4tur\u00e9 et soumis, il se peut qu\u2019il ne soit plus affich\u00e9 par d\u00e9faut. \u2022 [&hellip;]\" \/>\n<meta property=\"og:url\" content=\"https:\/\/www.accountable.eu\/fr-be\/help-center\/5-apercu-de-la-page-taxes\/\" \/>\n<meta property=\"og:site_name\" content=\"Accountable\" \/>\n<meta property=\"article:modified_time\" content=\"2026-08-31T11:32:26+00:00\" \/>\n<meta property=\"og:image\" content=\"https:\/\/downloads.intercomcdn.com\/i\/o\/c9wnmh12\/2627547229\/8d7186f15c3b527e609208818653\/Screenshot-2B2025-06-24-2Bat-2B14_45_38.png?expires=1787702400&amp;signature=5c5b1c57abc8439144b986f3b5d4071df872a4b2a21c95ebc271ebe4d9f61197&amp;req=diYlEcx6moNdUPMW3nq%2BgZ5k227k0F21oUNyUVpCeU3yA9cPBf90m1DHPje8w5%2BgCeSN%2FzF74QomcHJNGLanL9s%3D\" \/>\n<meta name=\"twitter:card\" content=\"summary_large_image\" \/>\n<meta name=\"twitter:label1\" content=\"Dur\u00e9e de lecture est.\" \/>\n\t<meta name=\"twitter:data1\" content=\"7 minutes\" \/>\n<script type=\"application\/ld+json\" class=\"yoast-schema-graph\">{\"@context\":\"https:\\\/\\\/schema.org\",\"@graph\":[{\"@type\":\"WebPage\",\"@id\":\"https:\\\/\\\/www.accountable.eu\\\/fr-be\\\/help-center\\\/5-apercu-de-la-page-taxes\\\/\",\"url\":\"https:\\\/\\\/www.accountable.eu\\\/fr-be\\\/help-center\\\/5-apercu-de-la-page-taxes\\\/\",\"name\":\"5. Aper\u00e7u de la page Taxes - Accountable\",\"isPartOf\":{\"@id\":\"https:\\\/\\\/www.accountable.eu\\\/fr-be\\\/#website\"},\"primaryImageOfPage\":{\"@id\":\"https:\\\/\\\/www.accountable.eu\\\/fr-be\\\/help-center\\\/5-apercu-de-la-page-taxes\\\/#primaryimage\"},\"image\":{\"@id\":\"https:\\\/\\\/www.accountable.eu\\\/fr-be\\\/help-center\\\/5-apercu-de-la-page-taxes\\\/#primaryimage\"},\"thumbnailUrl\":\"https:\\\/\\\/downloads.intercomcdn.com\\\/i\\\/o\\\/c9wnmh12\\\/2627547229\\\/8d7186f15c3b527e609208818653\\\/Screenshot-2B2025-06-24-2Bat-2B14_45_38.png?expires=1787702400&amp;signature=5c5b1c57abc8439144b986f3b5d4071df872a4b2a21c95ebc271ebe4d9f61197&amp;req=diYlEcx6moNdUPMW3nq%2BgZ5k227k0F21oUNyUVpCeU3yA9cPBf90m1DHPje8%0Aw5%2BgCeSN%2FzF74QomcHJNGLanL9s%3D%0A\",\"datePublished\":\"2026-08-24T15:26:28+00:00\",\"dateModified\":\"2026-08-31T11:32:26+00:00\",\"breadcrumb\":{\"@id\":\"https:\\\/\\\/www.accountable.eu\\\/fr-be\\\/help-center\\\/5-apercu-de-la-page-taxes\\\/#breadcrumb\"},\"inLanguage\":\"fr-BE\",\"potentialAction\":[{\"@type\":\"ReadAction\",\"target\":[\"https:\\\/\\\/www.accountable.eu\\\/fr-be\\\/help-center\\\/5-apercu-de-la-page-taxes\\\/\"]}]},{\"@type\":\"ImageObject\",\"inLanguage\":\"fr-BE\",\"@id\":\"https:\\\/\\\/www.accountable.eu\\\/fr-be\\\/help-center\\\/5-apercu-de-la-page-taxes\\\/#primaryimage\",\"url\":\"https:\\\/\\\/downloads.intercomcdn.com\\\/i\\\/o\\\/c9wnmh12\\\/2627547229\\\/8d7186f15c3b527e609208818653\\\/Screenshot-2B2025-06-24-2Bat-2B14_45_38.png?expires=1787702400&amp;signature=5c5b1c57abc8439144b986f3b5d4071df872a4b2a21c95ebc271ebe4d9f61197&amp;req=diYlEcx6moNdUPMW3nq%2BgZ5k227k0F21oUNyUVpCeU3yA9cPBf90m1DHPje8%0Aw5%2BgCeSN%2FzF74QomcHJNGLanL9s%3D%0A\",\"contentUrl\":\"https:\\\/\\\/downloads.intercomcdn.com\\\/i\\\/o\\\/c9wnmh12\\\/2627547229\\\/8d7186f15c3b527e609208818653\\\/Screenshot-2B2025-06-24-2Bat-2B14_45_38.png?expires=1787702400&amp;signature=5c5b1c57abc8439144b986f3b5d4071df872a4b2a21c95ebc271ebe4d9f61197&amp;req=diYlEcx6moNdUPMW3nq%2BgZ5k227k0F21oUNyUVpCeU3yA9cPBf90m1DHPje8%0Aw5%2BgCeSN%2FzF74QomcHJNGLanL9s%3D%0A\"},{\"@type\":\"BreadcrumbList\",\"@id\":\"https:\\\/\\\/www.accountable.eu\\\/fr-be\\\/help-center\\\/5-apercu-de-la-page-taxes\\\/#breadcrumb\",\"itemListElement\":[{\"@type\":\"ListItem\",\"position\":1,\"name\":\"Home\",\"item\":\"https:\\\/\\\/www.accountable.eu\\\/fr-be\\\/\"},{\"@type\":\"ListItem\",\"position\":2,\"name\":\"Help Center\",\"item\":\"https:\\\/\\\/www.accountable.eu\\\/fr-be\\\/help-center\\\/\"},{\"@type\":\"ListItem\",\"position\":3,\"name\":\"5. Aper\u00e7u de la page Taxes\"}]},{\"@type\":\"WebSite\",\"@id\":\"https:\\\/\\\/www.accountable.eu\\\/fr-be\\\/#website\",\"url\":\"https:\\\/\\\/www.accountable.eu\\\/fr-be\\\/\",\"name\":\"Accountable\",\"description\":\"Your accountant and tax advisor on your smartphone\",\"publisher\":{\"@id\":\"https:\\\/\\\/www.accountable.eu\\\/fr-be\\\/#organization\"},\"potentialAction\":[{\"@type\":\"SearchAction\",\"target\":{\"@type\":\"EntryPoint\",\"urlTemplate\":\"https:\\\/\\\/www.accountable.eu\\\/fr-be\\\/?s={search_term_string}\"},\"query-input\":{\"@type\":\"PropertyValueSpecification\",\"valueRequired\":true,\"valueName\":\"search_term_string\"}}],\"inLanguage\":\"fr-BE\"},{\"@type\":\"Organization\",\"@id\":\"https:\\\/\\\/www.accountable.eu\\\/fr-be\\\/#organization\",\"name\":\"Accountable\",\"url\":\"https:\\\/\\\/www.accountable.eu\\\/fr-be\\\/\",\"logo\":{\"@type\":\"ImageObject\",\"inLanguage\":\"fr-BE\",\"@id\":\"https:\\\/\\\/www.accountable.eu\\\/fr-be\\\/#\\\/schema\\\/logo\\\/image\\\/\",\"url\":\"https:\\\/\\\/www.accountable.eu\\\/wp-content\\\/uploads\\\/2026\\\/04\\\/logo-512.png\",\"contentUrl\":\"https:\\\/\\\/www.accountable.eu\\\/wp-content\\\/uploads\\\/2026\\\/04\\\/logo-512.png\",\"width\":512,\"height\":512,\"caption\":\"Accountable\"},\"image\":{\"@id\":\"https:\\\/\\\/www.accountable.eu\\\/fr-be\\\/#\\\/schema\\\/logo\\\/image\\\/\"}}]}<\/script>\n<!-- \/ Yoast SEO plugin. -->","yoast_head_json":{"title":"5. Aper\u00e7u de la page Taxes - Accountable","robots":{"index":"index","follow":"follow","max-snippet":"max-snippet:-1","max-image-preview":"max-image-preview:large","max-video-preview":"max-video-preview:-1"},"canonical":"https:\/\/www.accountable.eu\/fr-be\/help-center\/5-apercu-de-la-page-taxes\/","og_locale":"fr_FR","og_type":"article","og_title":"5. Aper\u00e7u de la page Taxes - Accountable","og_description":"La page Taxes vous donne une vue d\u2019ensemble compl\u00e8te de toutes les obligations fiscales pour l\u2019ann\u00e9e s\u00e9lectionn\u00e9e.\u200b 5.1. Navigation entre les ann\u00e9es \ud83d\udcc5 \u2022 En haut de la page, vous pouvez s\u00e9lectionner l\u2019ann\u00e9e que vous souhaitez consulter.\u2022 Une fois un trimestre cl\u00f4tur\u00e9 et soumis, il se peut qu\u2019il ne soit plus affich\u00e9 par d\u00e9faut. \u2022 [&hellip;]","og_url":"https:\/\/www.accountable.eu\/fr-be\/help-center\/5-apercu-de-la-page-taxes\/","og_site_name":"Accountable","article_modified_time":"2026-08-31T11:32:26+00:00","og_image":[{"url":"https:\/\/downloads.intercomcdn.com\/i\/o\/c9wnmh12\/2627547229\/8d7186f15c3b527e609208818653\/Screenshot-2B2025-06-24-2Bat-2B14_45_38.png?expires=1787702400&amp;signature=5c5b1c57abc8439144b986f3b5d4071df872a4b2a21c95ebc271ebe4d9f61197&amp;req=diYlEcx6moNdUPMW3nq%2BgZ5k227k0F21oUNyUVpCeU3yA9cPBf90m1DHPje8%0Aw5%2BgCeSN%2FzF74QomcHJNGLanL9s%3D%0A","type":"","width":"","height":""}],"twitter_card":"summary_large_image","twitter_misc":{"Dur\u00e9e de lecture est.":"7 minutes"},"schema":{"@context":"https:\/\/schema.org","@graph":[{"@type":"WebPage","@id":"https:\/\/www.accountable.eu\/fr-be\/help-center\/5-apercu-de-la-page-taxes\/","url":"https:\/\/www.accountable.eu\/fr-be\/help-center\/5-apercu-de-la-page-taxes\/","name":"5. Aper\u00e7u de la page Taxes - Accountable","isPartOf":{"@id":"https:\/\/www.accountable.eu\/fr-be\/#website"},"primaryImageOfPage":{"@id":"https:\/\/www.accountable.eu\/fr-be\/help-center\/5-apercu-de-la-page-taxes\/#primaryimage"},"image":{"@id":"https:\/\/www.accountable.eu\/fr-be\/help-center\/5-apercu-de-la-page-taxes\/#primaryimage"},"thumbnailUrl":"https:\/\/downloads.intercomcdn.com\/i\/o\/c9wnmh12\/2627547229\/8d7186f15c3b527e609208818653\/Screenshot-2B2025-06-24-2Bat-2B14_45_38.png?expires=1787702400&amp;signature=5c5b1c57abc8439144b986f3b5d4071df872a4b2a21c95ebc271ebe4d9f61197&amp;req=diYlEcx6moNdUPMW3nq%2BgZ5k227k0F21oUNyUVpCeU3yA9cPBf90m1DHPje8%0Aw5%2BgCeSN%2FzF74QomcHJNGLanL9s%3D%0A","datePublished":"2026-08-24T15:26:28+00:00","dateModified":"2026-08-31T11:32:26+00:00","breadcrumb":{"@id":"https:\/\/www.accountable.eu\/fr-be\/help-center\/5-apercu-de-la-page-taxes\/#breadcrumb"},"inLanguage":"fr-BE","potentialAction":[{"@type":"ReadAction","target":["https:\/\/www.accountable.eu\/fr-be\/help-center\/5-apercu-de-la-page-taxes\/"]}]},{"@type":"ImageObject","inLanguage":"fr-BE","@id":"https:\/\/www.accountable.eu\/fr-be\/help-center\/5-apercu-de-la-page-taxes\/#primaryimage","url":"https:\/\/downloads.intercomcdn.com\/i\/o\/c9wnmh12\/2627547229\/8d7186f15c3b527e609208818653\/Screenshot-2B2025-06-24-2Bat-2B14_45_38.png?expires=1787702400&amp;signature=5c5b1c57abc8439144b986f3b5d4071df872a4b2a21c95ebc271ebe4d9f61197&amp;req=diYlEcx6moNdUPMW3nq%2BgZ5k227k0F21oUNyUVpCeU3yA9cPBf90m1DHPje8%0Aw5%2BgCeSN%2FzF74QomcHJNGLanL9s%3D%0A","contentUrl":"https:\/\/downloads.intercomcdn.com\/i\/o\/c9wnmh12\/2627547229\/8d7186f15c3b527e609208818653\/Screenshot-2B2025-06-24-2Bat-2B14_45_38.png?expires=1787702400&amp;signature=5c5b1c57abc8439144b986f3b5d4071df872a4b2a21c95ebc271ebe4d9f61197&amp;req=diYlEcx6moNdUPMW3nq%2BgZ5k227k0F21oUNyUVpCeU3yA9cPBf90m1DHPje8%0Aw5%2BgCeSN%2FzF74QomcHJNGLanL9s%3D%0A"},{"@type":"BreadcrumbList","@id":"https:\/\/www.accountable.eu\/fr-be\/help-center\/5-apercu-de-la-page-taxes\/#breadcrumb","itemListElement":[{"@type":"ListItem","position":1,"name":"Home","item":"https:\/\/www.accountable.eu\/fr-be\/"},{"@type":"ListItem","position":2,"name":"Help Center","item":"https:\/\/www.accountable.eu\/fr-be\/help-center\/"},{"@type":"ListItem","position":3,"name":"5. Aper\u00e7u de la page Taxes"}]},{"@type":"WebSite","@id":"https:\/\/www.accountable.eu\/fr-be\/#website","url":"https:\/\/www.accountable.eu\/fr-be\/","name":"Accountable","description":"Your accountant and tax advisor on your smartphone","publisher":{"@id":"https:\/\/www.accountable.eu\/fr-be\/#organization"},"potentialAction":[{"@type":"SearchAction","target":{"@type":"EntryPoint","urlTemplate":"https:\/\/www.accountable.eu\/fr-be\/?s={search_term_string}"},"query-input":{"@type":"PropertyValueSpecification","valueRequired":true,"valueName":"search_term_string"}}],"inLanguage":"fr-BE"},{"@type":"Organization","@id":"https:\/\/www.accountable.eu\/fr-be\/#organization","name":"Accountable","url":"https:\/\/www.accountable.eu\/fr-be\/","logo":{"@type":"ImageObject","inLanguage":"fr-BE","@id":"https:\/\/www.accountable.eu\/fr-be\/#\/schema\/logo\/image\/","url":"https:\/\/www.accountable.eu\/wp-content\/uploads\/2026\/04\/logo-512.png","contentUrl":"https:\/\/www.accountable.eu\/wp-content\/uploads\/2026\/04\/logo-512.png","width":512,"height":512,"caption":"Accountable"},"image":{"@id":"https:\/\/www.accountable.eu\/fr-be\/#\/schema\/logo\/image\/"}}]}},"_links":{"self":[{"href":"https:\/\/www.accountable.eu\/fr-be\/wp-json\/wp\/v2\/help_center\/32448","targetHints":{"allow":["GET"]}}],"collection":[{"href":"https:\/\/www.accountable.eu\/fr-be\/wp-json\/wp\/v2\/help_center"}],"about":[{"href":"https:\/\/www.accountable.eu\/fr-be\/wp-json\/wp\/v2\/types\/help_center"}],"version-history":[{"count":2,"href":"https:\/\/www.accountable.eu\/fr-be\/wp-json\/wp\/v2\/help_center\/32448\/revisions"}],"predecessor-version":[{"id":33306,"href":"https:\/\/www.accountable.eu\/fr-be\/wp-json\/wp\/v2\/help_center\/32448\/revisions\/33306"}],"wp:attachment":[{"href":"https:\/\/www.accountable.eu\/fr-be\/wp-json\/wp\/v2\/media?parent=32448"}],"wp:term":[{"taxonomy":"help_label","embeddable":true,"href":"https:\/\/www.accountable.eu\/fr-be\/wp-json\/wp\/v2\/help_label?post=32448"}],"curies":[{"name":"wp","href":"https:\/\/api.w.org\/{rel}","templated":true}]}}