{"id":33262,"date":"2026-08-27T03:30:45","date_gmt":"2026-08-27T01:30:45","guid":{"rendered":"https:\/\/www.accountable.eu\/help-center\/%f0%9f%87%a7%f0%9f%87%aa-tout-ce-quil-faut-savoir-sur-le-regime-de-la-marge-beneficiaire-en-matiere-de-tva\/"},"modified":"2026-09-02T03:31:46","modified_gmt":"2026-09-02T01:31:46","slug":"%f0%9f%87%a7%f0%9f%87%aa-tout-ce-quil-faut-savoir-sur-le-regime-de-la-marge-beneficiaire-en-matiere-de-tva","status":"publish","type":"help_center","link":"https:\/\/www.accountable.eu\/fr-be\/help-center\/%f0%9f%87%a7%f0%9f%87%aa-tout-ce-quil-faut-savoir-sur-le-regime-de-la-marge-beneficiaire-en-matiere-de-tva\/","title":{"rendered":"\ud83c\udde7\ud83c\uddea Tout ce qu\u2019il faut savoir sur le r\u00e9gime de la marge b\u00e9n\u00e9ficiaire en mati\u00e8re de TVA"},"content":{"rendered":"<p class=\"no-margin font-inter\">\n<div class=\"intercom-interblocks-callout\" style=\"background-color: #fed9db80;border-color: #fd3a5733\">\n<p class=\"intercom-align-center no-margin font-inter\">\ud83d\udea8 <b>Accountable ne prend actuellement pas en charge le r\u00e9gime de la marge TVA.<\/b><\/p>\n<p class=\"intercom-align-center no-margin font-inter\">Si votre activit\u00e9 consiste \u00e0 <b>acheter et revendre des v\u00e9hicules d\u2019occasion<\/b> (ou d\u2019autres biens d\u2019occasion, des \u0153uvres d\u2019art, des objets de collection ou des antiquit\u00e9s) sous ce r\u00e9gime, <b>Accountable n\u2019est pas l\u2019outil adapt\u00e9 \u00e0 votre activit\u00e9<\/b>.<\/p>\n<p class=\"intercom-align-center no-margin font-inter\">Nous vous recommandons de travailler avec un <b>comptable traditionnel<\/b> qui ma\u00eetrise les obligations sp\u00e9cifiques li\u00e9es \u00e0 ce r\u00e9gime. <\/p>\n<\/div>\n<p class=\"no-margin font-inter\">Cet article explique ce qu\u2019est le r\u00e9gime de la marge b\u00e9n\u00e9ficiaire en mati\u00e8re de TVA, qui peut l\u2019appliquer en Belgique et ce que vous devez savoir si vous-m\u00eame (ou l\u2019un de vos clients) exercez une activit\u00e9 soumise \u00e0 ce r\u00e9gime.<\/p>\n<p class=\"no-margin font-inter\">\n<hr>\n<p class=\"no-margin font-inter\">\u200b<\/p>\n<h1 class=\"font-degular\" id=\"h_c72bd9d6c8\">\ud83d\udca1 Qu\u2019est-ce que le r\u00e9gime de la marge b\u00e9n\u00e9ficiaire en mati\u00e8re de TVA ?<\/h1>\n<p class=\"no-margin font-inter\">Le <b>r\u00e9gime de la marge b\u00e9n\u00e9ficiaire<\/b> (<i>r\u00e9gime de la marge b\u00e9n\u00e9ficiaire<\/i> en fran\u00e7ais, <i>btw-margeregeling<\/i> en n\u00e9erlandais) est un r\u00e9gime de TVA particulier d\u00e9fini \u00e0 l\u2019<b>article 58, \u00a7 4 du Code belge de la TVA<\/b>.<br \/>\u200b<\/p>\n<p class=\"no-margin font-inter\">Dans le cadre de ce r\u00e9gime, la TVA est calcul\u00e9e <b>uniquement sur votre marge b\u00e9n\u00e9ficiaire<\/b> (c\u2019est-\u00e0-dire la diff\u00e9rence entre le prix auquel vous avez achet\u00e9 un bien et celui auquel vous l\u2019avez revendu), et non sur le prix de vente total.<br \/>\u200b<\/p>\n<p class=\"no-margin font-inter\"><b>Pourquoi ce r\u00e9gime existe-t-il ?<\/b> Lorsque vous achetez un bien d\u2019occasion aupr\u00e8s d\u2019une personne qui ne peut pas facturer de TVA (par exemple, un particulier qui vend sa voiture d\u2019occasion), puis que vous le revendez, les r\u00e8gles normales de TVA vous obligeraient \u00e0 appliquer la TVA sur l\u2019int\u00e9gralit\u00e9 du prix de vente, alors que de la TVA a d\u00e9j\u00e0 \u00e9t\u00e9 pay\u00e9e une premi\u00e8re fois lorsque le bien \u00e9tait neuf. Le r\u00e9gime de la marge b\u00e9n\u00e9ficiaire vise \u00e0 \u00e9viter cette double imposition.<\/p>\n<p class=\"no-margin font-inter\">\n<hr>\n<h2 class=\"font-degular\" id=\"h_1dfd645e76\">\n<p>\ud83e\uddee Comment la TVA est-elle calcul\u00e9e sur la marge b\u00e9n\u00e9ficiaire ?<\/h2>\n<p class=\"no-margin font-inter\">La TVA est <b>comprise dans la marge b\u00e9n\u00e9ficiaire<\/b>. Au taux standard de 21 %, cela signifie qu\u2019elle correspond \u00e0 <b>21\/121 de la marge b\u00e9n\u00e9ficiaire<\/b>.<\/p>\n<p class=\"no-margin font-inter\">\n<div class=\"intercom-interblocks-table-container\">\n<table role=\"presentation\" style=\"border: 1px solid #c6c9c0;border-radius: 6px;border-collapse: separate;border-spacing: 0\">\n<tbody>\n<tr>\n<td style=\"background-color: #feedaf80;padding: 8px\">\n<p class=\"intercom-align-center no-margin font-inter\"><b>Exemple avec une voiture d\u2019occasion : <\/b><br \/>\u200b<\/p>\n<p class=\"intercom-align-center no-margin font-inter\">Prix d\u2019achat : <b>10 000 \u20ac<\/b><br \/>\u200b<\/p>\n<p class=\"intercom-align-center no-margin font-inter\">Prix de vente : <b>13 000 \u20ac<\/b><br \/>\u200b<\/p>\n<p class=\"intercom-align-center no-margin font-inter\">Marge (TVA comprise) : <b>3 000 \u20ac<\/b><br \/>\u200b<\/p>\n<p class=\"intercom-align-center no-margin font-inter\">Base imposable : 3 000 \u20ac \u00d7 100\/121 = <b>2 479,34 \u20ac<\/b><br \/>\u200b<\/p>\n<p class=\"intercom-align-center no-margin font-inter\">TVA due : 3 000 \u20ac \u00d7 21\/121 = <b>520,66 \u20ac<\/b><br \/>\u200b<\/p>\n<\/td>\n<\/tr>\n<\/tbody>\n<\/table>\n<\/div>\n<p class=\"no-margin font-inter\">\n<hr>\n<p class=\"no-margin font-inter\">\n<h1 class=\"font-degular\" id=\"h_4346ce0c2b\">\ud83d\udcc4 \u00c0 quoi ressemble la facture ?<\/h1>\n<p class=\"no-margin font-inter\">Une facture \u00e9mise sous le <b>r\u00e9gime de la marge<\/b> pr\u00e9sente deux caract\u00e9ristiques essentielles :<\/p>\n<ul>\n<li class=\"font-inter\">\n<p class=\"no-margin font-inter\"><b>La TVA n\u2019est pas indiqu\u00e9e s\u00e9par\u00e9ment.<\/b> L\u2019acheteur voit uniquement un prix total, TVA comprise, et ne peut pas conna\u00eetre le montant de votre marge.<br \/>\u200b<\/p>\n<\/li>\n<li class=\"font-inter\">\n<p class=\"no-margin font-inter\"><b>La facture doit comporter la mention appropri\u00e9e relative au r\u00e9gime de la marge<\/b>, en fonction du type de bien concern\u00e9 :<\/p>\n<p class=\"no-margin font-inter\">\n<\/li>\n<\/ul>\n<div class=\"intercom-interblocks-table-container\">\n<table role=\"presentation\" style=\"border: 1px solid #c6c9c0;border-radius: 6px;border-collapse: separate;border-spacing: 0\">\n<tbody>\n<tr>\n<td style=\"background-color: #e3e7fa80;padding: 8px\">\n<p class=\"intercom-align-center no-margin font-inter\">\u200b<b>Type de bien<\/b><\/p>\n<\/td>\n<td style=\"background-color: #e3e7fa80;border-left: 1px solid #c6c9c0;padding: 8px\">\n<p class=\"intercom-align-center no-margin font-inter\">\u200b<b>Mention obligatoire<\/b><br \/>\u200b<\/p>\n<\/td>\n<\/tr>\n<tr>\n<td style=\"background-color: #e8e8e880;border-top: 1px solid #c6c9c0;padding: 8px\">\n<p class=\"no-margin font-inter\">\u200b<b>Biens d\u2019occasion<\/b> (par exemple, voitures d\u2019occasion)<\/p>\n<\/td>\n<td style=\"background-color: #feedaf80;border-left: 1px solid #c6c9c0;border-top: 1px solid #c6c9c0;padding: 8px\">\n<p class=\"no-margin font-inter\"><b>FR<\/b> : \u00ab R\u00e9gime particulier \u2013 Biens d\u2019occasion \u00bb<br \/>\u200b<\/p>\n<p class=\"no-margin font-inter\"><b>NL<\/b> : \u00ab Bijzondere regeling \u2013 Gebruikte goederen \u00bb<\/p>\n<\/td>\n<\/tr>\n<tr>\n<td style=\"background-color: #e8e8e880;border-top: 1px solid #c6c9c0;padding: 8px\">\n<p class=\"no-margin font-inter\">\u200b<b>\u0152uvres d\u2019art<\/b><\/p>\n<\/td>\n<td style=\"background-color: #feedaf80;border-left: 1px solid #c6c9c0;border-top: 1px solid #c6c9c0;padding: 8px\">\n<p class=\"no-margin font-inter\"><b>FR<\/b> : \u00ab R\u00e9gime particulier \u2013 Objets d\u2019art \u00bb<br \/>\u200b<\/p>\n<p class=\"no-margin font-inter\"><b>NL<\/b> : \u00ab Bijzondere regeling \u2013 Kunstvoorwerpen \u00bb<\/p>\n<\/td>\n<\/tr>\n<tr>\n<td style=\"background-color: #e8e8e880;border-top: 1px solid #c6c9c0;padding: 8px\">\n<p class=\"no-margin font-inter\">\u200b<b>Objets de collection et antiquit\u00e9s<\/b><\/p>\n<\/td>\n<td style=\"background-color: #feedaf80;border-left: 1px solid #c6c9c0;border-top: 1px solid #c6c9c0;padding: 8px\">\n<p class=\"no-margin font-inter\">\u200b<b>FR<\/b>: \u00ab R\u00e9gime particulier &#8211; Objets de collection et d&rsquo;antiquit\u00e9 \u00bb<\/p>\n<p class=\"no-margin font-inter\">\n<p class=\"no-margin font-inter\"><b>NL<\/b>: \u00ab Bijzondere regeling &#8211; Voorwerpen voor verzamelingen en antiquiteiten \u00bb<\/p>\n<\/td>\n<\/tr>\n<\/tbody>\n<\/table>\n<\/div>\n<p class=\"no-margin font-inter\">Le SPF Finances mentionne \u00e9galement couramment la formulation alternative suivante :<\/p>\n<p class=\"no-margin font-inter\">\n<p class=\"no-margin font-inter\">\u00ab <b>Livraison soumise au r\u00e9gime particulier d\u2019imposition de la marge b\u00e9n\u00e9ficiaire. TVA non d\u00e9ductible.<\/b> \u00bb<\/p>\n<p class=\"no-margin font-inter\">\n<hr>\n<p class=\"no-margin font-inter\">\n<h1 class=\"font-degular\" id=\"h_33e50a087e\">\ud83d\uded2 Que se passe-t-il si vous achetez quelque chose sous le r\u00e9gime de la marge ?<\/h1>\n<p class=\"no-margin font-inter\">Si vous achetez un bien (par exemple, une voiture pour votre activit\u00e9 professionnelle) et que la facture comporte une mention relative au <b>r\u00e9gime de la marge<\/b>, sans ligne de TVA distincte, voici ce qu\u2019il faut savoir :<\/p>\n<ul>\n<li class=\"font-inter\">\n<p class=\"no-margin font-inter\"><b>Vous ne pouvez d\u00e9duire aucune TVA<\/b> sur cet achat, m\u00eame si vous \u00eates assujetti \u00e0 la TVA. Il n\u2019y a pas de TVA factur\u00e9e s\u00e9par\u00e9ment \u00e0 r\u00e9cup\u00e9rer.<br \/>\u200b<\/p>\n<\/li>\n<li class=\"font-inter\">\n<p class=\"no-margin font-inter\"><b>Pour les voitures en particulier<\/b> : vous ne pouvez pas appliquer la tol\u00e9rance administrative qui permet de calculer la TVA sur seulement <b>50 % du prix<\/b>. Cette tol\u00e9rance s\u2019applique uniquement aux voitures achet\u00e9es sous le <b>r\u00e9gime normal de TVA<\/b>.<\/p>\n<p class=\"no-margin font-inter\">\n<\/li>\n<\/ul>\n<div class=\"intercom-interblocks-table-container\">\n<table role=\"presentation\" style=\"border: 1px solid #c6c9c0;border-radius: 6px;border-collapse: separate;border-spacing: 0\">\n<tbody>\n<tr>\n<td style=\"background-color: #feedaf80;padding: 8px\">\n<p class=\"intercom-align-center no-margin font-inter\">\ud83d\udca1 <b>Bonne nouvelle concernant les frais annexes :<\/b> la TVA sur <b>l\u2019entretien, les r\u00e9parations et le carburant<\/b> d\u2019une voiture achet\u00e9e sous le r\u00e9gime de la marge reste <b>d\u00e9ductible selon les r\u00e8gles habituelles<\/b> (g\u00e9n\u00e9ralement jusqu\u2019\u00e0 50 % pour les voitures \u00e0 usage mixte). Seule la TVA sur <b>l\u2019achat du v\u00e9hicule lui-m\u00eame<\/b> n\u2019est pas r\u00e9cup\u00e9rable.<\/p>\n<\/td>\n<\/tr>\n<\/tbody>\n<\/table>\n<\/div>\n<hr>\n<p class=\"no-margin font-inter\">\n<h2 class=\"font-degular\" id=\"h_8f92600cc0\">\u2705 Qui peut appliquer le r\u00e9gime de la marge en tant que vendeur ?<\/h2>\n<p class=\"no-margin font-inter\"><b>Trois conditions doivent toutes \u00eatre remplies :<\/b><br \/>\u200b<\/p>\n<h2 class=\"font-degular\" id=\"h_5611089985\">1. Le type de bien doit \u00eatre \u00e9ligible <br \/><\/h2>\n<p class=\"no-margin font-inter\"><b>Biens \u00e9ligibles :<\/b><\/p>\n<ul>\n<li class=\"font-inter\">\n<p class=\"no-margin font-inter\"><b>Biens d\u2019occasion<\/b> (le cas le plus courant \u00e9tant les v\u00e9hicules d\u2019occasion)<\/p>\n<\/li>\n<li class=\"font-inter\">\n<p class=\"no-margin font-inter\">Voitures, motos, caravanes, bateaux et avions d\u2019occasion<\/p>\n<\/li>\n<li class=\"font-inter\">\n<p class=\"no-margin font-inter\">\u0152uvres d\u2019art, objets de collection et antiquit\u00e9s<\/p>\n<\/li>\n<\/ul>\n<p class=\"no-margin font-inter\"><b>Biens non \u00e9ligibles :<\/b><\/p>\n<ul>\n<li class=\"font-inter\">\n<p class=\"no-margin font-inter\">Biens neufs<\/p>\n<\/li>\n<li class=\"font-inter\">\n<p class=\"no-margin font-inter\">M\u00e9taux pr\u00e9cieux, pierres pr\u00e9cieuses et perles<\/p>\n<\/li>\n<li class=\"font-inter\">\n<p class=\"no-margin font-inter\">Biens enti\u00e8rement r\u00e9nov\u00e9s (une simple r\u00e9paration est autoris\u00e9e, mais pas une restauration compl\u00e8te)<\/p>\n<\/li>\n<li class=\"font-inter\">\n<p class=\"no-margin font-inter\">Biens ayant subi une transformation telle qu\u2019ils ne peuvent plus \u00eatre identifi\u00e9s par rapport \u00e0 leur \u00e9tat d\u2019origine<\/p>\n<\/li>\n<li class=\"font-inter\">\n<p class=\"no-margin font-inter\">Biens consomm\u00e9s d\u00e8s leur premi\u00e8re utilisation ou d\u00e9chets non r\u00e9utilisables<br \/>\u200b<br \/>\u200b<\/p>\n<\/li>\n<\/ul>\n<h2 class=\"font-degular\" id=\"h_8718cd386f\">2. Vous avez achet\u00e9 le bien sans TVA d\u00e9ductible <\/h2>\n<p class=\"no-margin font-inter\">Le bien doit provenir de l\u2019un des fournisseurs suivants :<\/p>\n<ul>\n<li class=\"font-inter\">\n<p class=\"no-margin font-inter\"><b>Un particulier<\/b> (le cas le plus fr\u00e9quent pour les voitures d\u2019occasion).<\/p>\n<\/li>\n<li class=\"font-inter\">\n<p class=\"no-margin font-inter\"><b>Une entreprise exon\u00e9r\u00e9e de TVA en vertu de l\u2019art. 44, \u00a7 2, 13\u00b0 du CTVA<\/b> (par exemple, une clinique qui vend du mat\u00e9riel m\u00e9dical utilis\u00e9 exclusivement pour son activit\u00e9 exon\u00e9r\u00e9e)<\/p>\n<\/li>\n<li class=\"font-inter\">\n<p class=\"no-margin font-inter\"><b>Une petite entreprise b\u00e9n\u00e9ficiant du r\u00e9gime de franchise<\/b> (art. 56, \u00a7 2 du CTVA), qui vend un bien d\u2019investissement<\/p>\n<\/li>\n<li class=\"font-inter\">\n<p class=\"no-margin font-inter\"><b>Un autre revendeur professionnel<\/b> qui a d\u00e9j\u00e0 appliqu\u00e9 le r\u00e9gime de la marge lors de cette vente<\/p>\n<p class=\"no-margin font-inter\">\n<\/li>\n<\/ul>\n<div class=\"intercom-interblocks-table-container\">\n<table role=\"presentation\" style=\"border: 1px solid #c6c9c0;border-radius: 6px;border-collapse: separate;border-spacing: 0\">\n<tbody>\n<tr>\n<td style=\"background-color: #feedaf80;padding: 8px\">\n<p class=\"intercom-align-center no-margin font-inter\">\u26a0\ufe0f <b>Si le fournisseur a factur\u00e9 de la TVA sur la facture d\u2019achat et que vous pouviez la d\u00e9duire, le r\u00e9gime de la marge ne peut pas s\u2019appliquer \u00e0 votre revente.<\/b> Vous devez alors appliquer le <b>r\u00e9gime normal de TVA<\/b> (TVA sur le prix de vente total, g\u00e9n\u00e9ralement <b>21 % pour les voitures<\/b>, mais selon le taux applicable au bien concern\u00e9).<\/p>\n<\/td>\n<\/tr>\n<\/tbody>\n<\/table>\n<\/div>\n<p class=\"no-margin font-inter\">\n<h2 class=\"font-degular\" id=\"h_3514455686\">3. Vous \u00eates un revendeur professionnel<\/h2>\n<p class=\"no-margin font-inter\">Vous devez acheter et vendre ces biens <b>dans le cadre de votre activit\u00e9 \u00e9conomique habituelle<\/b>, et non de mani\u00e8re occasionnelle. Un ind\u00e9pendant qui revend son ancien ordinateur portable ou son v\u00e9hicule professionnel en fin de vie <b>n\u2019est pas consid\u00e9r\u00e9 comme un revendeur professionnel<\/b> et n\u2019a donc pas \u00e0 appliquer le r\u00e9gime de la marge : il vend sous le r\u00e9gime normal.<br \/>\u200b<\/p>\n<hr>\n<h1 class=\"font-degular\" id=\"h_a3abcf699a\">\ud83d\udccb Quelles sont vos obligations sous le r\u00e9gime de la marge ?<\/h1>\n<p class=\"no-margin font-inter\">Si vous appliquez le r\u00e9gime de la marge, vous devez :<\/p>\n<ul>\n<li class=\"font-inter\">\n<p class=\"no-margin font-inter\"><b>Enregistrer correctement votre activit\u00e9<\/b> aupr\u00e8s de la Banque-Carrefour des Entreprises (BCE\/KBO), avec le code NACEBEL appropri\u00e9 (par exemple, <b>45.112<\/b> pour les n\u00e9gociants en voitures d\u2019occasion), et aupr\u00e8s du SPF Finances au moyen des formulaires 604A\/604B habituels.<br \/>\u200b<\/p>\n<\/li>\n<li class=\"font-inter\">\n<p class=\"no-margin font-inter\"><b>\u00c9tablir un <i>bordereau d\u2019achat<\/i><\/b> \u00e0 l\u2019attention de votre fournisseur lors de l\u2019achat du bien, sauf si celui-ci vous d\u00e9livre une facture. Le bordereau doit mentionner l\u2019identification du fournisseur, la description du bien (pour les v\u00e9hicules : marque, mod\u00e8le, num\u00e9ro de ch\u00e2ssis, immatriculation), le prix ainsi qu\u2019une <b>d\u00e9claration sign\u00e9e du fournisseur<\/b> confirmant qu\u2019il ne pouvait pas d\u00e9duire la TVA.<br \/>\u200b<\/p>\n<\/li>\n<li class=\"font-inter\">\n<p class=\"no-margin font-inter\"><b>Tenir deux registres<\/b> : un registre des achats (pour chaque bien achet\u00e9 sous le r\u00e9gime) et un registre de comparaison (permettant de relier chaque achat \u00e0 sa vente correspondante).<br \/>\u200b<\/p>\n<\/li>\n<li class=\"font-inter\">\n<p class=\"no-margin font-inter\"><b>Suivre chaque bien individuellement<\/b>, et non de mani\u00e8re globale.<br \/>\u200b<\/p>\n<\/li>\n<li class=\"font-inter\">\n<p class=\"no-margin font-inter\"><b>Tenir une comptabilit\u00e9 distincte<\/b> pour les ventes sous le r\u00e9gime de la marge, soit au moyen d\u2019un livre comptable d\u00e9di\u00e9, soit au moyen de colonnes distinctes dans vos journaux de factures et de recettes.<br \/>\u200b<\/p>\n<\/li>\n<li class=\"font-inter\">\n<p class=\"no-margin font-inter\"><b>\u00catre en mesure de d\u00e9montrer<\/b> \u00e0 un contr\u00f4leur TVA que votre fournisseur rel\u00e8ve de l\u2019une des quatre cat\u00e9gories mentionn\u00e9es ci-dessus.<br \/>\u200b<\/p>\n<\/li>\n<\/ul>\n<hr>\n<h1 class=\"font-degular\" id=\"h_af40b7e02c\">\u26a0\ufe0f Que se passe-t-il si vous appliquez incorrectement le r\u00e9gime de la marge ?<br \/><\/h1>\n<p class=\"no-margin font-inter\">C\u2019est un point \u00e0 prendre tr\u00e8s au s\u00e9rieux. <br \/>\u200b<br \/>Si, lors d\u2019un contr\u00f4le TVA, vos ventes sous le r\u00e9gime de la marge sont <b>requalifi\u00e9es comme des ventes relevant du r\u00e9gime normal<\/b> (parce que les justificatifs sont manquants, que les registres sont incomplets, que le fournisseur ne remplissait pas r\u00e9ellement les conditions, etc.), les cons\u00e9quences peuvent rapidement s\u2019accumuler.<br \/>\u200b<\/p>\n<p class=\"no-margin font-inter\"><b>Exemple chiffr\u00e9<\/b>, en reprenant la m\u00eame voiture (vente \u00e0 <b>13 000 \u20ac<\/b>, achat \u00e0 <b>10 000 \u20ac<\/b>, deux ans avant le contr\u00f4le) :<\/p>\n<p class=\"no-margin font-inter\">\n<div class=\"intercom-interblocks-table-container\">\n<table role=\"presentation\" style=\"border: 1px solid #c6c9c0;border-radius: 6px;border-collapse: separate;border-spacing: 0\">\n<tbody>\n<tr>\n<td style=\"background-color: #e3e7fa80;padding: 8px\">\n<p class=\"intercom-align-center no-margin font-inter\"><b>Poste de co\u00fbt<\/b><\/p>\n<\/td>\n<td style=\"background-color: #e3e7fa80;border-left: 1px solid #c6c9c0;padding: 8px\">\n<p class=\"intercom-align-center no-margin font-inter\"><b>Montant<\/b><\/p>\n<\/td>\n<\/tr>\n<tr>\n<td style=\"background-color: #e8e8e880;border-top: 1px solid #c6c9c0;padding: 8px\">\n<p class=\"no-margin font-inter\">TVA suppl\u00e9mentaire due (21 % sur 13 000 \u20ac, diminu\u00e9e de la TVA d\u00e9j\u00e0 d\u00e9clar\u00e9e)<\/p>\n<\/td>\n<td style=\"background-color: #feedaf80;border-left: 1px solid #c6c9c0;border-top: 1px solid #c6c9c0;padding: 8px\">\n<p class=\"intercom-align-center no-margin font-inter\">~1 736 \u20ac<\/p>\n<\/td>\n<\/tr>\n<tr>\n<td style=\"background-color: #e8e8e880;border-top: 1px solid #c6c9c0;padding: 8px\">\n<p class=\"no-margin font-inter\">Int\u00e9r\u00eats de retard (taux 2026 : 8 % par an, sur 2 ans)<\/p>\n<\/td>\n<td style=\"background-color: #feedaf80;border-left: 1px solid #c6c9c0;border-top: 1px solid #c6c9c0;padding: 8px\">\n<p class=\"intercom-align-center no-margin font-inter\">~278 \u20ac<\/p>\n<\/td>\n<\/tr>\n<tr>\n<td style=\"background-color: #e8e8e880;border-top: 1px solid #c6c9c0;padding: 8px\">\n<p class=\"no-margin font-inter\">Amende administrative (premi\u00e8re infraction : g\u00e9n\u00e9ralement 10 % de la TVA \u00e9lud\u00e9e)<\/p>\n<\/td>\n<td style=\"background-color: #feedaf80;border-left: 1px solid #c6c9c0;border-top: 1px solid #c6c9c0;padding: 8px\">\n<p class=\"intercom-align-center no-margin font-inter\">~174 \u20ac<\/p>\n<\/td>\n<\/tr>\n<tr>\n<td style=\"background-color: #e8e8e880;border-top: 1px solid #c6c9c0;padding: 8px\">\n<p class=\"no-margin font-inter\"><b>Exposition totale par v\u00e9hicule<\/b><\/p>\n<p class=\"no-margin font-inter\">\n<\/td>\n<td style=\"background-color: #feedaf80;border-left: 1px solid #c6c9c0;border-top: 1px solid #c6c9c0;padding: 8px\">\n<p class=\"intercom-align-center no-margin font-inter\"><b>~2 188 \u20ac<\/b><\/p>\n<\/td>\n<\/tr>\n<\/tbody>\n<\/table>\n<\/div>\n<p class=\"no-margin font-inter\">Pour un concessionnaire qui vend des dizaines de voitures par an, cela peut rapidement repr\u00e9senter une <b>exposition financi\u00e8re \u00e0 cinq ou six chiffres<\/b> pour une entreprise par ailleurs parfaitement l\u00e9gitime, qui a simplement utilis\u00e9 une documentation incorrecte.<\/p>\n<p class=\"no-margin font-inter\">\n<div class=\"intercom-interblocks-table-container\">\n<table role=\"presentation\" style=\"border: 1px solid #c6c9c0;border-radius: 6px;border-collapse: separate;border-spacing: 0\">\n<tbody>\n<tr>\n<td style=\"background-color: #feedaf80;padding: 8px\">\n<p class=\"intercom-align-center no-margin font-inter\">\ud83d\udca1 Le taux des int\u00e9r\u00eats de retard <b>varie chaque ann\u00e9e<\/b>. V\u00e9rifiez toujours le taux en vigueur sur la <a href=\"https:\/\/finances.belgium.be\/fr\/entreprises\/tva\/paiement-remboursement\/paiement?utm_source=chatgpt.com\" target=\"_blank\" class=\"intercom-content-link font-inter\">page de paiement du SPF Finances<\/a> avant d\u2019estimer un montant exact.<\/p>\n<\/td>\n<\/tr>\n<\/tbody>\n<\/table>\n<\/div>\n<hr>\n<h1 class=\"font-degular\" id=\"h_1064929f62\">\ud83d\udeab Pourquoi Accountable n\u2019est-il pas adapt\u00e9 au r\u00e9gime de la marge ?<\/h1>\n<p class=\"no-margin font-inter\">Accountable ne prend actuellement pas en charge le <b>r\u00e9gime de la marge TVA<\/b>. Concr\u00e8tement, cela signifie que notre syst\u00e8me de facturation et notre moteur de calcul de TVA ne peuvent pas :<\/p>\n<ul>\n<li class=\"font-inter\">\n<p class=\"no-margin font-inter\">Cr\u00e9er des factures <b>sans ligne de TVA distincte<\/b><\/p>\n<\/li>\n<li class=\"font-inter\">\n<p class=\"no-margin font-inter\">Calculer la TVA <b>sur la marge (21\/121 de la diff\u00e9rence)<\/b> plut\u00f4t que sur le prix de vente total<\/p>\n<\/li>\n<li class=\"font-inter\">\n<p class=\"no-margin font-inter\">Ajouter la <b>mention appropri\u00e9e relative au r\u00e9gime de la marge<\/b> en tant qu\u2019\u00e9l\u00e9ment structur\u00e9 de la facture<\/p>\n<\/li>\n<li class=\"font-inter\">\n<p class=\"no-margin font-inter\">Tenir la <b>comptabilit\u00e9 distincte et les registres de comparaison<\/b> requis<\/p>\n<\/li>\n<li class=\"font-inter\">\n<p class=\"no-margin font-inter\">Assurer le <b>suivi individualis\u00e9 des biens<\/b> (par exemple, au moyen du num\u00e9ro de ch\u00e2ssis) entre l\u2019achat et la vente<\/p>\n<\/li>\n<\/ul>\n<p class=\"no-margin font-inter\">Si vous essayez de traiter des ventes sous le r\u00e9gime de la marge dans Accountable comme s\u2019il s\u2019agissait de ventes soumises au r\u00e9gime normal de TVA, les <b>d\u00e9clarations de TVA g\u00e9n\u00e9r\u00e9es par Accountable seront incorrectes<\/b>, ce qui vous expose \u00e0 un <b>risque important lors de votre prochain contr\u00f4le TVA<\/b>.<\/p>\n<p class=\"no-margin font-inter\">\n<div class=\"intercom-interblocks-table-container\">\n<table role=\"presentation\" style=\"border: 1px solid #c6c9c0;border-radius: 6px;border-collapse: separate;border-spacing: 0\">\n<tbody>\n<tr>\n<td style=\"background-color: #d7efdc80;padding: 8px\">\n<p class=\"intercom-align-center no-margin font-inter\">\u2705 <b>Ce que nous recommandons<\/b><br \/>\u200b<\/p>\n<p class=\"intercom-align-center no-margin font-inter\">Si votre activit\u00e9 implique l\u2019application du <b>r\u00e9gime de la marge en tant que vendeur<\/b> (le cas le plus courant \u00e9tant le commerce de voitures d\u2019occasion), nous vous recommandons de travailler avec un <b>comptable traditionnel<\/b> qui ma\u00eetrise le <i>bordereau d\u2019achat<\/i>, les registres, le registre de comparaison ainsi que les calculs de TVA sp\u00e9cifiques requis par ce r\u00e9gime.<br \/>\u200b<\/p>\n<\/td>\n<\/tr>\n<\/tbody>\n<\/table>\n<\/div>\n<div class=\"intercom-interblocks-table-container\">\n<table role=\"presentation\" style=\"border: 1px solid #c6c9c0;border-radius: 6px;border-collapse: separate;border-spacing: 0\">\n<tbody>\n<tr>\n<td style=\"background-color: #e3e7fa80;padding: 8px\">\n<p class=\"intercom-align-center no-margin font-inter\">\u2139\ufe0f <b>Acheter sous le r\u00e9gime de la marge ne pose pas de probl\u00e8me<\/b><br \/>\u200b<\/p>\n<p class=\"intercom-align-center no-margin font-inter\">Si vous faites uniquement <b>l\u2019achat<\/b> d\u2019une voiture ou d\u2019un autre bien d\u2019occasion sous le r\u00e9gime de la marge (en tant qu\u2019acheteur, et non en tant que vendeur appliquant ce r\u00e9gime), vous pouvez utiliser Accountable normalement.<br \/>\u200b<\/p>\n<p class=\"intercom-align-center no-margin font-inter\">Il vous suffit d\u2019encoder la d\u00e9pense <b>sans montant de TVA d\u00e9ductible<\/b>, ce que notre application prend d\u00e9j\u00e0 en charge pour les d\u00e9penses <b>exon\u00e9r\u00e9es de TVA<\/b>.<br \/>\u200b<\/p>\n<\/td>\n<\/tr>\n<\/tbody>\n<\/table>\n<\/div>\n<p class=\"no-margin font-inter\">Vous avez encore des questions ou vous ne savez pas si cela s\u2019applique \u00e0 votre situation ? Contactez-nous via le chat ou par e-mail \u00e0 <a href=\"mailto:support@accountable.eu\" target=\"_blank\" class=\"intercom-content-link font-inter\">support@accountable.eu<\/a>, et nous vous aiderons \u00e0 d\u00e9terminer la prochaine \u00e9tape \u00e0 suivre. \ud83d\ude0a<\/p>\n","protected":false},"excerpt":{"rendered":"<p>Guide complet du r\u00e9gime belge de la marge b\u00e9n\u00e9ficiaire en mati\u00e8re de TVA (r\u00e9gime de la marge \/ btw-margeregeling) : ce que c\u2019est, qui peut l\u2019utiliser et pourquoi Accountable ne le prend pas en charge.<\/p>\n","protected":false},"featured_media":0,"template":"","help_label":[440,503],"class_list":["post-33262","help_center","type-help_center","status-publish","hentry"],"acf":[],"yoast_head":"<!-- This site is optimized with the Yoast SEO plugin v27.4 - https:\/\/yoast.com\/product\/yoast-seo-wordpress\/ -->\n<title>\ud83c\udde7\ud83c\uddea Tout ce qu\u2019il faut savoir sur le r\u00e9gime de la marge b\u00e9n\u00e9ficiaire en mati\u00e8re de TVA - Accountable<\/title>\n<meta name=\"robots\" content=\"index, follow, max-snippet:-1, max-image-preview:large, max-video-preview:-1\" \/>\n<link rel=\"canonical\" href=\"https:\/\/www.accountable.eu\/fr-be\/help-center\/%f0%9f%87%a7%f0%9f%87%aa-tout-ce-quil-faut-savoir-sur-le-regime-de-la-marge-beneficiaire-en-matiere-de-tva\/\" \/>\n<meta property=\"og:locale\" content=\"fr_FR\" \/>\n<meta property=\"og:type\" content=\"article\" \/>\n<meta property=\"og:title\" content=\"\ud83c\udde7\ud83c\uddea Tout ce qu\u2019il faut savoir sur le r\u00e9gime de la marge b\u00e9n\u00e9ficiaire en mati\u00e8re de TVA - Accountable\" \/>\n<meta property=\"og:description\" content=\"Guide complet du r\u00e9gime belge de la marge b\u00e9n\u00e9ficiaire en mati\u00e8re de TVA (r\u00e9gime de la marge \/ btw-margeregeling) : ce que c\u2019est, qui peut l\u2019utiliser et pourquoi Accountable ne le prend pas en charge.\" \/>\n<meta property=\"og:url\" content=\"https:\/\/www.accountable.eu\/fr-be\/help-center\/%f0%9f%87%a7%f0%9f%87%aa-tout-ce-quil-faut-savoir-sur-le-regime-de-la-marge-beneficiaire-en-matiere-de-tva\/\" \/>\n<meta property=\"og:site_name\" content=\"Accountable\" \/>\n<meta property=\"article:modified_time\" content=\"2026-09-02T01:31:46+00:00\" \/>\n<meta name=\"twitter:card\" content=\"summary_large_image\" \/>\n<meta name=\"twitter:label1\" content=\"Dur\u00e9e de lecture est.\" \/>\n\t<meta name=\"twitter:data1\" content=\"10 minutes\" \/>\n<script type=\"application\/ld+json\" class=\"yoast-schema-graph\">{\"@context\":\"https:\\\/\\\/schema.org\",\"@graph\":[{\"@type\":\"WebPage\",\"@id\":\"https:\\\/\\\/www.accountable.eu\\\/fr-be\\\/help-center\\\/%f0%9f%87%a7%f0%9f%87%aa-tout-ce-quil-faut-savoir-sur-le-regime-de-la-marge-beneficiaire-en-matiere-de-tva\\\/\",\"url\":\"https:\\\/\\\/www.accountable.eu\\\/fr-be\\\/help-center\\\/%f0%9f%87%a7%f0%9f%87%aa-tout-ce-quil-faut-savoir-sur-le-regime-de-la-marge-beneficiaire-en-matiere-de-tva\\\/\",\"name\":\"\ud83c\udde7\ud83c\uddea Tout ce qu\u2019il faut savoir sur le r\u00e9gime de la marge b\u00e9n\u00e9ficiaire en mati\u00e8re de TVA - Accountable\",\"isPartOf\":{\"@id\":\"https:\\\/\\\/www.accountable.eu\\\/fr-be\\\/#website\"},\"datePublished\":\"2026-08-27T01:30:45+00:00\",\"dateModified\":\"2026-09-02T01:31:46+00:00\",\"breadcrumb\":{\"@id\":\"https:\\\/\\\/www.accountable.eu\\\/fr-be\\\/help-center\\\/%f0%9f%87%a7%f0%9f%87%aa-tout-ce-quil-faut-savoir-sur-le-regime-de-la-marge-beneficiaire-en-matiere-de-tva\\\/#breadcrumb\"},\"inLanguage\":\"fr-BE\",\"potentialAction\":[{\"@type\":\"ReadAction\",\"target\":[\"https:\\\/\\\/www.accountable.eu\\\/fr-be\\\/help-center\\\/%f0%9f%87%a7%f0%9f%87%aa-tout-ce-quil-faut-savoir-sur-le-regime-de-la-marge-beneficiaire-en-matiere-de-tva\\\/\"]}]},{\"@type\":\"BreadcrumbList\",\"@id\":\"https:\\\/\\\/www.accountable.eu\\\/fr-be\\\/help-center\\\/%f0%9f%87%a7%f0%9f%87%aa-tout-ce-quil-faut-savoir-sur-le-regime-de-la-marge-beneficiaire-en-matiere-de-tva\\\/#breadcrumb\",\"itemListElement\":[{\"@type\":\"ListItem\",\"position\":1,\"name\":\"Home\",\"item\":\"https:\\\/\\\/www.accountable.eu\\\/fr-be\\\/\"},{\"@type\":\"ListItem\",\"position\":2,\"name\":\"Help Center\",\"item\":\"https:\\\/\\\/www.accountable.eu\\\/fr-be\\\/help-center\\\/\"},{\"@type\":\"ListItem\",\"position\":3,\"name\":\"\ud83c\udde7\ud83c\uddea Tout ce qu\u2019il faut savoir sur le r\u00e9gime de la marge b\u00e9n\u00e9ficiaire en mati\u00e8re de TVA\"}]},{\"@type\":\"WebSite\",\"@id\":\"https:\\\/\\\/www.accountable.eu\\\/fr-be\\\/#website\",\"url\":\"https:\\\/\\\/www.accountable.eu\\\/fr-be\\\/\",\"name\":\"Accountable\",\"description\":\"Your accountant and tax advisor on your smartphone\",\"publisher\":{\"@id\":\"https:\\\/\\\/www.accountable.eu\\\/fr-be\\\/#organization\"},\"potentialAction\":[{\"@type\":\"SearchAction\",\"target\":{\"@type\":\"EntryPoint\",\"urlTemplate\":\"https:\\\/\\\/www.accountable.eu\\\/fr-be\\\/?s={search_term_string}\"},\"query-input\":{\"@type\":\"PropertyValueSpecification\",\"valueRequired\":true,\"valueName\":\"search_term_string\"}}],\"inLanguage\":\"fr-BE\"},{\"@type\":\"Organization\",\"@id\":\"https:\\\/\\\/www.accountable.eu\\\/fr-be\\\/#organization\",\"name\":\"Accountable\",\"url\":\"https:\\\/\\\/www.accountable.eu\\\/fr-be\\\/\",\"logo\":{\"@type\":\"ImageObject\",\"inLanguage\":\"fr-BE\",\"@id\":\"https:\\\/\\\/www.accountable.eu\\\/fr-be\\\/#\\\/schema\\\/logo\\\/image\\\/\",\"url\":\"https:\\\/\\\/www.accountable.eu\\\/wp-content\\\/uploads\\\/2026\\\/04\\\/logo-512.png\",\"contentUrl\":\"https:\\\/\\\/www.accountable.eu\\\/wp-content\\\/uploads\\\/2026\\\/04\\\/logo-512.png\",\"width\":512,\"height\":512,\"caption\":\"Accountable\"},\"image\":{\"@id\":\"https:\\\/\\\/www.accountable.eu\\\/fr-be\\\/#\\\/schema\\\/logo\\\/image\\\/\"}}]}<\/script>\n<!-- \/ Yoast SEO plugin. -->","yoast_head_json":{"title":"\ud83c\udde7\ud83c\uddea Tout ce qu\u2019il faut savoir sur le r\u00e9gime de la marge b\u00e9n\u00e9ficiaire en mati\u00e8re de TVA - Accountable","robots":{"index":"index","follow":"follow","max-snippet":"max-snippet:-1","max-image-preview":"max-image-preview:large","max-video-preview":"max-video-preview:-1"},"canonical":"https:\/\/www.accountable.eu\/fr-be\/help-center\/%f0%9f%87%a7%f0%9f%87%aa-tout-ce-quil-faut-savoir-sur-le-regime-de-la-marge-beneficiaire-en-matiere-de-tva\/","og_locale":"fr_FR","og_type":"article","og_title":"\ud83c\udde7\ud83c\uddea Tout ce qu\u2019il faut savoir sur le r\u00e9gime de la marge b\u00e9n\u00e9ficiaire en mati\u00e8re de TVA - Accountable","og_description":"Guide complet du r\u00e9gime belge de la marge b\u00e9n\u00e9ficiaire en mati\u00e8re de TVA (r\u00e9gime de la marge \/ btw-margeregeling) : ce que c\u2019est, qui peut l\u2019utiliser et pourquoi Accountable ne le prend pas en charge.","og_url":"https:\/\/www.accountable.eu\/fr-be\/help-center\/%f0%9f%87%a7%f0%9f%87%aa-tout-ce-quil-faut-savoir-sur-le-regime-de-la-marge-beneficiaire-en-matiere-de-tva\/","og_site_name":"Accountable","article_modified_time":"2026-09-02T01:31:46+00:00","twitter_card":"summary_large_image","twitter_misc":{"Dur\u00e9e de lecture est.":"10 minutes"},"schema":{"@context":"https:\/\/schema.org","@graph":[{"@type":"WebPage","@id":"https:\/\/www.accountable.eu\/fr-be\/help-center\/%f0%9f%87%a7%f0%9f%87%aa-tout-ce-quil-faut-savoir-sur-le-regime-de-la-marge-beneficiaire-en-matiere-de-tva\/","url":"https:\/\/www.accountable.eu\/fr-be\/help-center\/%f0%9f%87%a7%f0%9f%87%aa-tout-ce-quil-faut-savoir-sur-le-regime-de-la-marge-beneficiaire-en-matiere-de-tva\/","name":"\ud83c\udde7\ud83c\uddea Tout ce qu\u2019il faut savoir sur le r\u00e9gime de la marge b\u00e9n\u00e9ficiaire en mati\u00e8re de TVA - Accountable","isPartOf":{"@id":"https:\/\/www.accountable.eu\/fr-be\/#website"},"datePublished":"2026-08-27T01:30:45+00:00","dateModified":"2026-09-02T01:31:46+00:00","breadcrumb":{"@id":"https:\/\/www.accountable.eu\/fr-be\/help-center\/%f0%9f%87%a7%f0%9f%87%aa-tout-ce-quil-faut-savoir-sur-le-regime-de-la-marge-beneficiaire-en-matiere-de-tva\/#breadcrumb"},"inLanguage":"fr-BE","potentialAction":[{"@type":"ReadAction","target":["https:\/\/www.accountable.eu\/fr-be\/help-center\/%f0%9f%87%a7%f0%9f%87%aa-tout-ce-quil-faut-savoir-sur-le-regime-de-la-marge-beneficiaire-en-matiere-de-tva\/"]}]},{"@type":"BreadcrumbList","@id":"https:\/\/www.accountable.eu\/fr-be\/help-center\/%f0%9f%87%a7%f0%9f%87%aa-tout-ce-quil-faut-savoir-sur-le-regime-de-la-marge-beneficiaire-en-matiere-de-tva\/#breadcrumb","itemListElement":[{"@type":"ListItem","position":1,"name":"Home","item":"https:\/\/www.accountable.eu\/fr-be\/"},{"@type":"ListItem","position":2,"name":"Help Center","item":"https:\/\/www.accountable.eu\/fr-be\/help-center\/"},{"@type":"ListItem","position":3,"name":"\ud83c\udde7\ud83c\uddea Tout ce qu\u2019il faut savoir sur le r\u00e9gime de la marge b\u00e9n\u00e9ficiaire en mati\u00e8re de TVA"}]},{"@type":"WebSite","@id":"https:\/\/www.accountable.eu\/fr-be\/#website","url":"https:\/\/www.accountable.eu\/fr-be\/","name":"Accountable","description":"Your accountant and tax advisor on your smartphone","publisher":{"@id":"https:\/\/www.accountable.eu\/fr-be\/#organization"},"potentialAction":[{"@type":"SearchAction","target":{"@type":"EntryPoint","urlTemplate":"https:\/\/www.accountable.eu\/fr-be\/?s={search_term_string}"},"query-input":{"@type":"PropertyValueSpecification","valueRequired":true,"valueName":"search_term_string"}}],"inLanguage":"fr-BE"},{"@type":"Organization","@id":"https:\/\/www.accountable.eu\/fr-be\/#organization","name":"Accountable","url":"https:\/\/www.accountable.eu\/fr-be\/","logo":{"@type":"ImageObject","inLanguage":"fr-BE","@id":"https:\/\/www.accountable.eu\/fr-be\/#\/schema\/logo\/image\/","url":"https:\/\/www.accountable.eu\/wp-content\/uploads\/2026\/04\/logo-512.png","contentUrl":"https:\/\/www.accountable.eu\/wp-content\/uploads\/2026\/04\/logo-512.png","width":512,"height":512,"caption":"Accountable"},"image":{"@id":"https:\/\/www.accountable.eu\/fr-be\/#\/schema\/logo\/image\/"}}]}},"_links":{"self":[{"href":"https:\/\/www.accountable.eu\/fr-be\/wp-json\/wp\/v2\/help_center\/33262","targetHints":{"allow":["GET"]}}],"collection":[{"href":"https:\/\/www.accountable.eu\/fr-be\/wp-json\/wp\/v2\/help_center"}],"about":[{"href":"https:\/\/www.accountable.eu\/fr-be\/wp-json\/wp\/v2\/types\/help_center"}],"version-history":[{"count":1,"href":"https:\/\/www.accountable.eu\/fr-be\/wp-json\/wp\/v2\/help_center\/33262\/revisions"}],"predecessor-version":[{"id":33332,"href":"https:\/\/www.accountable.eu\/fr-be\/wp-json\/wp\/v2\/help_center\/33262\/revisions\/33332"}],"wp:attachment":[{"href":"https:\/\/www.accountable.eu\/fr-be\/wp-json\/wp\/v2\/media?parent=33262"}],"wp:term":[{"taxonomy":"help_label","embeddable":true,"href":"https:\/\/www.accountable.eu\/fr-be\/wp-json\/wp\/v2\/help_label?post=33262"}],"curies":[{"name":"wp","href":"https:\/\/api.w.org\/{rel}","templated":true}]}}